{"id":1898,"date":"2018-11-14T11:10:04","date_gmt":"2018-11-14T16:10:04","guid":{"rendered":"https:\/\/veganoptioncanada.org\/sobre-nos\/"},"modified":"2023-01-21T12:57:50","modified_gmt":"2023-01-21T17:57:50","slug":"sobre-nos","status":"publish","type":"page","link":"https:\/\/veganoptioncanada.ca\/pt-pt\/sobre-nos\/","title":{"rendered":"Sobre n\u00f3s"},"content":{"rendered":"\t\t<div data-elementor-type=\"wp-post\" data-elementor-id=\"1898\" class=\"elementor elementor-1898 elementor-796\" data-elementor-post-type=\"page\">\n\t\t\t\t\t\t<section class=\"elementor-section elementor-top-section elementor-element elementor-element-a3f2962 elementor-section-full_width elementor-section-height-default elementor-section-height-default\" data-id=\"a3f2962\" data-element_type=\"section\" data-settings=\"{&quot;background_background&quot;:&quot;classic&quot;,&quot;shape_divider_top&quot;:&quot;mountains&quot;}\">\n\t\t\t\t\t<div class=\"elementor-shape elementor-shape-top\" aria-hidden=\"true\" data-negative=\"false\">\n\t\t\t<svg xmlns=\"http:\/\/www.w3.org\/2000\/svg\" viewBox=\"0 0 1000 100\" preserveAspectRatio=\"none\">\n\t<path class=\"elementor-shape-fill\" opacity=\"0.33\" d=\"M473,67.3c-203.9,88.3-263.1-34-320.3,0C66,119.1,0,59.7,0,59.7V0h1000v59.7 c0,0-62.1,26.1-94.9,29.3c-32.8,3.3-62.8-12.3-75.8-22.1C806,49.6,745.3,8.7,694.9,4.7S492.4,59,473,67.3z\"\/>\n\t<path class=\"elementor-shape-fill\" opacity=\"0.66\" d=\"M734,67.3c-45.5,0-77.2-23.2-129.1-39.1c-28.6-8.7-150.3-10.1-254,39.1 s-91.7-34.4-149.2,0C115.7,118.3,0,39.8,0,39.8V0h1000v36.5c0,0-28.2-18.5-92.1-18.5C810.2,18.1,775.7,67.3,734,67.3z\"\/>\n\t<path class=\"elementor-shape-fill\" d=\"M766.1,28.9c-200-57.5-266,65.5-395.1,19.5C242,1.8,242,5.4,184.8,20.6C128,35.8,132.3,44.9,89.9,52.5C28.6,63.7,0,0,0,0 h1000c0,0-9.9,40.9-83.6,48.1S829.6,47,766.1,28.9z\"\/>\n<\/svg>\t\t<\/div>\n\t\t\t\t\t<div class=\"elementor-container elementor-column-gap-default\">\n\t\t\t\t\t<div class=\"elementor-column elementor-col-100 elementor-top-column elementor-element elementor-element-67e82a4\" data-id=\"67e82a4\" data-element_type=\"column\">\n\t\t\t<div class=\"elementor-widget-wrap elementor-element-populated\">\n\t\t\t\t\t\t<div class=\"elementor-element elementor-element-2ecab75 elementor-widget elementor-widget-spacer\" data-id=\"2ecab75\" data-element_type=\"widget\" data-widget_type=\"spacer.default\">\n\t\t\t\t<div class=\"elementor-widget-container\">\n\t\t\t\t\t\t\t<div class=\"elementor-spacer\">\n\t\t\t<div class=\"elementor-spacer-inner\"><\/div>\n\t\t<\/div>\n\t\t\t\t\t\t<\/div>\n\t\t\t\t<\/div>\n\t\t\t\t\t<\/div>\n\t\t<\/div>\n\t\t\t\t\t<\/div>\n\t\t<\/section>\n\t\t\t\t<section class=\"elementor-section elementor-top-section elementor-element elementor-element-a1ee7fc elementor-section-boxed elementor-section-height-default elementor-section-height-default\" data-id=\"a1ee7fc\" data-element_type=\"section\">\n\t\t\t\t\t\t<div class=\"elementor-container elementor-column-gap-wider\">\n\t\t\t\t\t<div class=\"elementor-column elementor-col-50 elementor-top-column elementor-element elementor-element-c214a80\" data-id=\"c214a80\" data-element_type=\"column\">\n\t\t\t<div class=\"elementor-widget-wrap elementor-element-populated\">\n\t\t\t\t\t\t<div class=\"elementor-element elementor-element-378db41 elementor-widget elementor-widget-heading\" data-id=\"378db41\" data-element_type=\"widget\" data-widget_type=\"heading.default\">\n\t\t\t\t<div class=\"elementor-widget-container\">\n\t\t\t\t\t<h2 class=\"elementor-heading-title elementor-size-default\">Vision<\/h2>\t\t\t\t<\/div>\n\t\t\t\t<\/div>\n\t\t\t\t<div class=\"elementor-element elementor-element-7fbd72c elementor-widget elementor-widget-text-editor\" data-id=\"7fbd72c\" data-element_type=\"widget\" data-widget_type=\"text-editor.default\">\n\t\t\t\t<div class=\"elementor-widget-container\">\n\t\t\t\t\t\t\t\t\t<p style=\"text-align: center;\"><strong>Nous d\u00e9sirons nous assurer que tout le monde \u00e0 travers le pays ait un acc\u00e8s garanti \u00e0 la nourriture et \u00e0 un mode de vie qui est bon pour toutes les personnes, animaux et notre plan\u00e8te.<\/strong><\/p>\n\t\t\t\t\t\t\t\t<\/div>\n\t\t\t\t<\/div>\n\t\t\t\t\t<\/div>\n\t\t<\/div>\n\t\t\t\t<div class=\"elementor-column elementor-col-50 elementor-top-column elementor-element elementor-element-3c0939c\" data-id=\"3c0939c\" data-element_type=\"column\">\n\t\t\t<div class=\"elementor-widget-wrap elementor-element-populated\">\n\t\t\t\t\t\t<div class=\"elementor-element elementor-element-da9dbae elementor-widget elementor-widget-heading\" data-id=\"da9dbae\" data-element_type=\"widget\" data-widget_type=\"heading.default\">\n\t\t\t\t<div class=\"elementor-widget-container\">\n\t\t\t\t\t<h2 class=\"elementor-heading-title elementor-size-default\">Mission<\/h2>\t\t\t\t<\/div>\n\t\t\t\t<\/div>\n\t\t\t\t<div class=\"elementor-element elementor-element-fe8721a elementor-widget elementor-widget-text-editor\" data-id=\"fe8721a\" data-element_type=\"widget\" data-widget_type=\"text-editor.default\">\n\t\t\t\t<div class=\"elementor-widget-container\">\n\t\t\t\t\t\t\t\t\t<p style=\"text-align: center;\"><strong>Assurer l&#8217;acc\u00e8s aux options v\u00e9ganes dans tout le Canada en tant que droit de la personne fondamental d&#8217;ici 2024*.<\/strong><\/p>\n<p style=\"text-align: center;\">*Date \u00e0 valider en regardant les projections du rapport du GIEC (on dit que d&#8217;ici 2030, la plan\u00e8te sera irr\u00e9versiblement touch\u00e9e par le changement climatique) et en fonction du plan strat\u00e9gique.<\/p>\n\t\t\t\t\t\t\t\t<\/div>\n\t\t\t\t<\/div>\n\t\t\t\t\t<\/div>\n\t\t<\/div>\n\t\t\t\t\t<\/div>\n\t\t<\/section>\n\t\t\t\t<section class=\"elementor-section elementor-top-section elementor-element elementor-element-98c73ec elementor-section-boxed elementor-section-height-default elementor-section-height-default\" data-id=\"98c73ec\" data-element_type=\"section\">\n\t\t\t\t\t\t<div class=\"elementor-container elementor-column-gap-default\">\n\t\t\t\t\t<div class=\"elementor-column elementor-col-100 elementor-top-column elementor-element elementor-element-bfaa664\" data-id=\"bfaa664\" data-element_type=\"column\">\n\t\t\t<div class=\"elementor-widget-wrap elementor-element-populated\">\n\t\t\t\t\t\t<div class=\"elementor-element elementor-element-150679e elementor-widget elementor-widget-heading\" data-id=\"150679e\" data-element_type=\"widget\" data-widget_type=\"heading.default\">\n\t\t\t\t<div class=\"elementor-widget-container\">\n\t\t\t\t\t<h2 class=\"elementor-heading-title elementor-size-default\">A miss\u00e3o<\/h2>\t\t\t\t<\/div>\n\t\t\t\t<\/div>\n\t\t\t\t<div class=\"elementor-element elementor-element-4fea6e9 elementor-widget elementor-widget-text-editor\" data-id=\"4fea6e9\" data-element_type=\"widget\" data-widget_type=\"text-editor.default\">\n\t\t\t\t<div class=\"elementor-widget-container\">\n\t\t\t\t\t\t\t\t\t<p>A <strong>Op\u00e7\u00e3o V\u00e9gane Canada (OVC)<\/strong> \u00e9 dedicada \u00e0 implementa\u00e7\u00e3o de op\u00e7\u00f5es veganas no Canad\u00e1.<\/p>\n<p>O objectivo \u00e9 disponibilizar, em todo o pa\u00eds, uma oferta vegana para todos aqueles que o desejarem, tanto no campo da alimenta\u00e7\u00e3o como em todos os aspectos da vida (educa\u00e7\u00e3o, vestu\u00e1rio&#8230;).<\/p>\n<p>Mais especificamente, o nosso movimento est\u00e1 <strong>trabalhando para emendar as leis canadenses<\/strong> para obter uma<strong> op\u00e7\u00e3o vegana obrigat\u00f3ria<\/strong> em todos os servi\u00e7os de restaura\u00e7\u00e3o p\u00fablica sob jurisdi\u00e7\u00e3o federal, provincial ou municipal. Isto inclui, mas n\u00e3o se limita, a todos os hospitais, universidades, centros de idosos, escolas, etc.<\/p>\n<p>A OVC pretende reconhecer o direito de acesso a uma alternativa vegana, particularmente \u00e0s refei\u00e7\u00f5es veganas, como um <a href=\"http:\/\/www.vegancanada.org\/news\/article\/justfacts\/2018\/08\/22\/faq-human-rights.html\">direito humano<\/a> ao abrigo da Carta dos Direitos e Liberdades do Canad\u00e1.<\/p>\n<p>H\u00e1 quase dois anos que a <a href=\"http:\/\/www.avp.org.pt\/\">Associa\u00e7\u00e3o Vegetariana Portuguesa<\/a>, com o apoio de alguns partidos pol\u00edticos portugueses, conseguiu que fosse aprovada uma lei pioneira que torna obrigat\u00f3ria a exist\u00eancia de refei\u00e7\u00f5es veganas em todas as instala\u00e7\u00f5es p\u00fablicas do pa\u00eds. Isto foi conseguido em grande parte atrav\u00e9s da demanda popular e da contribui\u00e7\u00e3o de mais de 15.000 pessoas que assinaram uma peti\u00e7\u00e3o. Estamos convencidos da import\u00e2ncia desta lei, uma vez que ir\u00e1 contribuir decisivamente para abordar as principais quest\u00f5es de sa\u00fade, \u00e9ticas e ambientais relacionadas com os h\u00e1bitos alimentares, e ir\u00e1 tornar a comida vegana mais amplamente dispon\u00edvel. Estamos tamb\u00e9m inspirados a saber que este avan\u00e7o positivo inspirou um movimento internacional nesta direc\u00e7\u00e3o e que v\u00e1rios pa\u00edses est\u00e3o agora a pressionar os seus governos locais a aprovar legisla\u00e7\u00e3o semelhante, como \u00e9 o caso do Canad\u00e1. S\u00f3 podemos esperar que os deputados canadianos ou\u00e7am o apelo do seu povo e tomem a decis\u00e3o corajosa de se associarem aos valores modernos e aos desafios alimentares contempor\u00e2neos.<\/p>\n\t\t\t\t\t\t\t\t<\/div>\n\t\t\t\t<\/div>\n\t\t\t\t<div class=\"elementor-element elementor-element-ee95d0a elementor-widget elementor-widget-heading\" data-id=\"ee95d0a\" data-element_type=\"widget\" data-widget_type=\"heading.default\">\n\t\t\t\t<div class=\"elementor-widget-container\">\n\t\t\t\t\t<h2 class=\"elementor-heading-title elementor-size-default\">Valores e prioridades<\/h2>\t\t\t\t<\/div>\n\t\t\t\t<\/div>\n\t\t\t\t<section class=\"elementor-section elementor-inner-section elementor-element elementor-element-3b260a7 elementor-section-boxed elementor-section-height-default elementor-section-height-default\" data-id=\"3b260a7\" data-element_type=\"section\">\n\t\t\t\t\t\t<div class=\"elementor-container elementor-column-gap-default\">\n\t\t\t\t\t<div class=\"elementor-column elementor-col-50 elementor-inner-column elementor-element elementor-element-1dc021d\" data-id=\"1dc021d\" data-element_type=\"column\">\n\t\t\t<div class=\"elementor-widget-wrap elementor-element-populated\">\n\t\t\t\t\t\t<div class=\"elementor-element elementor-element-ae2e0da elementor-widget elementor-widget-spacer\" data-id=\"ae2e0da\" data-element_type=\"widget\" data-widget_type=\"spacer.default\">\n\t\t\t\t<div class=\"elementor-widget-container\">\n\t\t\t\t\t\t\t<div class=\"elementor-spacer\">\n\t\t\t<div class=\"elementor-spacer-inner\"><\/div>\n\t\t<\/div>\n\t\t\t\t\t\t<\/div>\n\t\t\t\t<\/div>\n\t\t\t\t<div class=\"elementor-element elementor-element-5d4e856 elementor-widget elementor-widget-image\" data-id=\"5d4e856\" data-element_type=\"widget\" data-widget_type=\"image.default\">\n\t\t\t\t<div class=\"elementor-widget-container\">\n\t\t\t\t\t\t\t\t\t\t\t\t\t\t\t<img fetchpriority=\"high\" decoding=\"async\" width=\"768\" height=\"576\" src=\"https:\/\/veganoptioncanada.ca\/wp-content\/uploads\/2019\/01\/unit\u00e9-768x576.png\" class=\"attachment-medium_large size-medium_large wp-image-1382\" alt=\"\" srcset=\"https:\/\/veganoptioncanada.ca\/wp-content\/uploads\/2019\/01\/unit\u00e9-768x576.png 768w, https:\/\/veganoptioncanada.ca\/wp-content\/uploads\/2019\/01\/unit\u00e9-300x225.png 300w, https:\/\/veganoptioncanada.ca\/wp-content\/uploads\/2019\/01\/unit\u00e9.png 960w\" sizes=\"(max-width: 768px) 100vw, 768px\" \/>\t\t\t\t\t\t\t\t\t\t\t\t\t\t\t<\/div>\n\t\t\t\t<\/div>\n\t\t\t\t\t<\/div>\n\t\t<\/div>\n\t\t\t\t<div class=\"elementor-column elementor-col-50 elementor-inner-column elementor-element elementor-element-eb839be\" data-id=\"eb839be\" data-element_type=\"column\">\n\t\t\t<div class=\"elementor-widget-wrap elementor-element-populated\">\n\t\t\t\t\t\t<div class=\"elementor-element elementor-element-f54a4d9 elementor-widget elementor-widget-text-editor\" data-id=\"f54a4d9\" data-element_type=\"widget\" data-widget_type=\"text-editor.default\">\n\t\t\t\t<div class=\"elementor-widget-container\">\n\t\t\t\t\t\t\t\t\t<p><em>Ayant pour priorit\u00e9 <strong>l\u2019all\u00e8gement de la souffrance<\/strong> dans le monde, OVC vise notamment une meilleure sant\u00e9 humaine, l\u2019am\u00e9lioration de la condition animale et une moindre d\u00e9gradation de l\u2019environnement.<\/em><\/p>\n<p><em>Option V\u00e9gane Canada est un collectif comptant aujourd&#8217;hui pr\u00e8s de 1000 membres alli\u00e9s qui partagent des objectifs communs.<br \/>\n<\/em><\/p>\n<p><em>Nous sommes une organisation auto-organis\u00e9,\u00a0<strong>d\u00e9centralis\u00e9e<\/strong> et <strong>r\u00e9siliente<\/strong>. Les valeurs de <strong>collaboration et de coop\u00e9ration<\/strong> sont centrales \u00e0 notre collectif. <\/em><\/p>\n<p>Pour en savoir plus sur nos valeurs, consultez notre <a href=\"https:\/\/veganoptioncanada.org\/boite-a-outils\/\">bo\u00eete \u00e0 outils<\/a>.<\/p>\n\t\t\t\t\t\t\t\t<\/div>\n\t\t\t\t<\/div>\n\t\t\t\t\t<\/div>\n\t\t<\/div>\n\t\t\t\t\t<\/div>\n\t\t<\/section>\n\t\t\t\t\t<\/div>\n\t\t<\/div>\n\t\t\t\t\t<\/div>\n\t\t<\/section>\n\t\t\t\t<section class=\"elementor-section elementor-top-section elementor-element elementor-element-bd47444 elementor-section-stretched elementor-section-full_width elementor-section-height-min-height elementor-section-height-default elementor-section-items-middle\" data-id=\"bd47444\" data-element_type=\"section\" data-settings=\"{&quot;stretch_section&quot;:&quot;section-stretched&quot;,&quot;background_background&quot;:&quot;classic&quot;}\">\n\t\t\t\t\t\t<div class=\"elementor-container elementor-column-gap-no\">\n\t\t\t\t\t<div class=\"elementor-column elementor-col-100 elementor-top-column elementor-element elementor-element-860f982\" data-id=\"860f982\" data-element_type=\"column\">\n\t\t\t<div class=\"elementor-widget-wrap elementor-element-populated\">\n\t\t\t\t\t\t<div class=\"elementor-element elementor-element-71bedfd elementor-widget elementor-widget-spacer\" data-id=\"71bedfd\" data-element_type=\"widget\" data-widget_type=\"spacer.default\">\n\t\t\t\t<div class=\"elementor-widget-container\">\n\t\t\t\t\t\t\t<div class=\"elementor-spacer\">\n\t\t\t<div class=\"elementor-spacer-inner\"><\/div>\n\t\t<\/div>\n\t\t\t\t\t\t<\/div>\n\t\t\t\t<\/div>\n\t\t\t\t<div class=\"elementor-element elementor-element-bb4a252 elementor-widget elementor-widget-heading\" data-id=\"bb4a252\" data-element_type=\"widget\" data-widget_type=\"heading.default\">\n\t\t\t\t<div class=\"elementor-widget-container\">\n\t\t\t\t\t<h2 class=\"elementor-heading-title elementor-size-default\">Equipe<\/h2>\t\t\t\t<\/div>\n\t\t\t\t<\/div>\n\t\t\t\t<div class=\"elementor-element elementor-element-32445bf elementor-widget elementor-widget-spacer\" data-id=\"32445bf\" data-element_type=\"widget\" data-widget_type=\"spacer.default\">\n\t\t\t\t<div class=\"elementor-widget-container\">\n\t\t\t\t\t\t\t<div class=\"elementor-spacer\">\n\t\t\t<div class=\"elementor-spacer-inner\"><\/div>\n\t\t<\/div>\n\t\t\t\t\t\t<\/div>\n\t\t\t\t<\/div>\n\t\t\t\t\t<\/div>\n\t\t<\/div>\n\t\t\t\t\t<\/div>\n\t\t<\/section>\n\t\t\t\t<section class=\"elementor-section elementor-top-section elementor-element elementor-element-145e785 elementor-section-boxed elementor-section-height-default elementor-section-height-default\" data-id=\"145e785\" data-element_type=\"section\">\n\t\t\t\t\t\t<div class=\"elementor-container elementor-column-gap-default\">\n\t\t\t\t\t<div class=\"elementor-column elementor-col-100 elementor-top-column elementor-element elementor-element-1820585\" data-id=\"1820585\" data-element_type=\"column\">\n\t\t\t<div class=\"elementor-widget-wrap elementor-element-populated\">\n\t\t\t\t\t\t<div class=\"elementor-element elementor-element-be51cfe elementor-widget elementor-widget-text-editor\" data-id=\"be51cfe\" data-element_type=\"widget\" data-widget_type=\"text-editor.default\">\n\t\t\t\t<div class=\"elementor-widget-container\">\n\t\t\t\t\t\t\t\t\t<p>Nous travaillons \u00e0 la construction d\u2019un mouvement moins hi\u00e9rarchis\u00e9, inclusif et libre de toute dynamique de pouvoir coercitive. Nous voulons donner aux individus les moyens d\u2019exploiter leur cr\u00e9ativit\u00e9 et leur esprit d\u2019initiative, tout en tenant compte de la n\u00e9cessit\u00e9 d\u2019obtenir le consentement du groupe. Lire plus sur notre <a href=\"https:\/\/veganoptioncanada.org\/structure\/\">structure<\/a>.<\/p>\n\t\t\t\t\t\t\t\t<\/div>\n\t\t\t\t<\/div>\n\t\t\t\t<section class=\"elementor-section elementor-inner-section elementor-element elementor-element-0563701 elementor-section-boxed elementor-section-height-default elementor-section-height-default\" data-id=\"0563701\" data-element_type=\"section\">\n\t\t\t\t\t\t<div class=\"elementor-container elementor-column-gap-default\">\n\t\t\t\t\t<div class=\"elementor-column elementor-col-50 elementor-inner-column elementor-element elementor-element-1858380\" data-id=\"1858380\" data-element_type=\"column\">\n\t\t\t<div class=\"elementor-widget-wrap elementor-element-populated\">\n\t\t\t\t\t\t<div class=\"elementor-element elementor-element-189ca2f elementor-widget elementor-widget-text-editor\" data-id=\"189ca2f\" data-element_type=\"widget\" data-widget_type=\"text-editor.default\">\n\t\t\t\t<div class=\"elementor-widget-container\">\n\t\t\t\t\t\t\t\t\t<p>Voc\u00ea est\u00e1 interessado em se envolver em um coletivo horizontal, descentralizado, inovador e din\u00e2mico?<\/p>\n<p>Voc\u00ea tem interesses na comida vegana, no meio ambiente, na condi\u00e7\u00e3o animal, nos direitos humanos ou talentos na escrita, no design gr\u00e1fico, na comunica\u00e7\u00e3o, na lei ou simplesmente na energia?<\/p>\n<p>Voc\u00ea \u00e9 a pessoa certa para co-criar conosco uma nova paisagem pol\u00edtica e social no Canad\u00e1!<\/p>\n<p>Atrevamo-nos a reivindicar o nosso direito de comer, vestir e viver de acordo com as nossas profundas convic\u00e7\u00f5es.<\/p>\n\t\t\t\t\t\t\t\t<\/div>\n\t\t\t\t<\/div>\n\t\t\t\t\t<\/div>\n\t\t<\/div>\n\t\t\t\t<div class=\"elementor-column elementor-col-50 elementor-inner-column elementor-element elementor-element-cbc769a\" data-id=\"cbc769a\" data-element_type=\"column\">\n\t\t\t<div class=\"elementor-widget-wrap elementor-element-populated\">\n\t\t\t\t\t\t<div class=\"elementor-element elementor-element-91c2bdc elementor-widget elementor-widget-html\" data-id=\"91c2bdc\" data-element_type=\"widget\" data-widget_type=\"html.default\">\n\t\t\t\t<div class=\"elementor-widget-container\">\n\t\t\t\t\t<iframe src=\"https:\/\/www.google.com\/maps\/d\/embed?mid=10wDkiHdGVzM5k5STR4elphXCUR4v-pwy\" height=\"250\"><\/iframe>\t\t\t\t<\/div>\n\t\t\t\t<\/div>\n\t\t\t\t<div class=\"elementor-element elementor-element-44fe366 elementor-widget elementor-widget-heading\" data-id=\"44fe366\" data-element_type=\"widget\" data-widget_type=\"heading.default\">\n\t\t\t\t<div class=\"elementor-widget-container\">\n\t\t\t\t\t<h5 class=\"elementor-heading-title elementor-size-default\">Mapa do mundo dos membros<\/h5>\t\t\t\t<\/div>\n\t\t\t\t<\/div>\n\t\t\t\t\t<\/div>\n\t\t<\/div>\n\t\t\t\t\t<\/div>\n\t\t<\/section>\n\t\t\t\t<div class=\"elementor-element elementor-element-3d3d772 elementor-align-center elementor-widget elementor-widget-button\" data-id=\"3d3d772\" data-element_type=\"widget\" data-widget_type=\"button.default\">\n\t\t\t\t<div class=\"elementor-widget-container\">\n\t\t\t\t\t\t\t\t\t<div class=\"elementor-button-wrapper\">\n\t\t\t\t\t<a class=\"elementor-button elementor-button-link elementor-size-lg\" href=\"https:\/\/veganoptioncanada.ca\/pt-pt\/contacta-a-option-vegane-canada\/\">\n\t\t\t\t\t\t<span class=\"elementor-button-content-wrapper\">\n\t\t\t\t\t\t\t\t\t<span class=\"elementor-button-text\">Op\u00e7\u00e3o de Contato Vegane Canada<\/span>\n\t\t\t\t\t<\/span>\n\t\t\t\t\t<\/a>\n\t\t\t\t<\/div>\n\t\t\t\t\t\t\t\t<\/div>\n\t\t\t\t<\/div>\n\t\t\t\t<div class=\"elementor-element elementor-element-7ab7eec elementor-widget-divider--view-line elementor-widget elementor-widget-divider\" data-id=\"7ab7eec\" data-element_type=\"widget\" data-widget_type=\"divider.default\">\n\t\t\t\t<div class=\"elementor-widget-container\">\n\t\t\t\t\t\t\t<div class=\"elementor-divider\">\n\t\t\t<span class=\"elementor-divider-separator\">\n\t\t\t\t\t\t<\/span>\n\t\t<\/div>\n\t\t\t\t\t\t<\/div>\n\t\t\t\t<\/div>\n\t\t\t\t<div class=\"elementor-element elementor-element-11aa68e elementor-widget elementor-widget-heading\" data-id=\"11aa68e\" data-element_type=\"widget\" data-widget_type=\"heading.default\">\n\t\t\t\t<div class=\"elementor-widget-container\">\n\t\t\t\t\t<h2 class=\"elementor-heading-title elementor-size-default\">Postes disponibles<\/h2>\t\t\t\t<\/div>\n\t\t\t\t<\/div>\n\t\t\t\t<div class=\"elementor-element elementor-element-edfd5a6 elementor-widget-divider--view-line elementor-widget elementor-widget-divider\" data-id=\"edfd5a6\" data-element_type=\"widget\" data-widget_type=\"divider.default\">\n\t\t\t\t<div class=\"elementor-widget-container\">\n\t\t\t\t\t\t\t<div class=\"elementor-divider\">\n\t\t\t<span class=\"elementor-divider-separator\">\n\t\t\t\t\t\t<\/span>\n\t\t<\/div>\n\t\t\t\t\t\t<\/div>\n\t\t\t\t<\/div>\n\t\t\t\t\t<\/div>\n\t\t<\/div>\n\t\t\t\t\t<\/div>\n\t\t<\/section>\n\t\t\t\t<section class=\"elementor-section elementor-top-section elementor-element elementor-element-59a51f9 elementor-section-boxed elementor-section-height-default elementor-section-height-default\" data-id=\"59a51f9\" data-element_type=\"section\">\n\t\t\t\t\t\t<div class=\"elementor-container elementor-column-gap-wide\">\n\t\t\t\t\t<div class=\"elementor-column elementor-col-33 elementor-top-column elementor-element elementor-element-4c31fcf\" data-id=\"4c31fcf\" data-element_type=\"column\">\n\t\t\t<div class=\"elementor-widget-wrap elementor-element-populated\">\n\t\t\t\t\t\t<div class=\"elementor-element elementor-element-2f253a1 elementor-position-top elementor-widget elementor-widget-image-box\" data-id=\"2f253a1\" data-element_type=\"widget\" data-widget_type=\"image-box.default\">\n\t\t\t\t<div class=\"elementor-widget-container\">\n\t\t\t\t\t<div class=\"elementor-image-box-wrapper\"><figure class=\"elementor-image-box-img\"><img decoding=\"async\" width=\"150\" height=\"150\" src=\"https:\/\/veganoptioncanada.ca\/wp-content\/uploads\/2019\/01\/alyssa-150x150.jpg\" class=\"attachment-thumbnail size-thumbnail wp-image-961\" alt=\"\" srcset=\"https:\/\/veganoptioncanada.ca\/wp-content\/uploads\/2019\/01\/alyssa-150x150.jpg 150w, https:\/\/veganoptioncanada.ca\/wp-content\/uploads\/2019\/01\/alyssa-300x300.jpg 300w, https:\/\/veganoptioncanada.ca\/wp-content\/uploads\/2019\/01\/alyssa-230x230.jpg 230w, https:\/\/veganoptioncanada.ca\/wp-content\/uploads\/2019\/01\/alyssa-350x350.jpg 350w, https:\/\/veganoptioncanada.ca\/wp-content\/uploads\/2019\/01\/alyssa.jpg 480w\" sizes=\"(max-width: 150px) 100vw, 150px\" \/><\/figure><div class=\"elementor-image-box-content\"><h4 class=\"elementor-image-box-title\">Alyssa Berris<\/h4><\/div><\/div>\t\t\t\t<\/div>\n\t\t\t\t<\/div>\n\t\t\t\t<div class=\"elementor-element elementor-element-700fe22 elementor-widget elementor-widget-text-editor\" data-id=\"700fe22\" data-element_type=\"widget\" data-widget_type=\"text-editor.default\">\n\t\t\t\t<div class=\"elementor-widget-container\">\n\t\t\t\t\t\t\t\t\t<p>Alyssa tem mestrado em sociologia e \u00e9 co-fundadora da Option V\u00e9gane Canada e da <a href=\"https:\/\/www.facebook.com\/vegegatineau\/\">Association v\u00e9g\u00e9tarienne de Gatineau<\/a>. Alyssa \u00e9 uma ativista social pelo reconhecimento dos direitos veganos, pela luta contra a mudan\u00e7a clim\u00e1tica e pela melhoria da condi\u00e7\u00e3o animal. Ela est\u00e1 envolvida no esfor\u00e7o coletivo por uma transi\u00e7\u00e3o ecol\u00f3gica global saud\u00e1vel, sustent\u00e1vel e socialmente respons\u00e1vel. Apoiou a campanha <a href=\"http:\/\/www.preventsuffering.org\/\">OPIS<\/a> ,<a href=\"https:\/\/www.gofundme.com\/stop-the-pain-in-burkina-faso\">#STOPTHEPAIN<\/a> e \u00e9 membro da <a href=\"http:\/\/algosphere.org\/fr\/\">Algosphere Alliance<\/a>. A Alyssa est\u00e1 trabalhando na converg\u00eancia de lutas para salvaguardar a biodiversidade e as rela\u00e7\u00f5es pac\u00edficas com organismos vivos.<\/p>\n\t\t\t\t\t\t\t\t<\/div>\n\t\t\t\t<\/div>\n\t\t\t\t\t<\/div>\n\t\t<\/div>\n\t\t\t\t<div class=\"elementor-column elementor-col-33 elementor-top-column elementor-element elementor-element-ead92a3\" data-id=\"ead92a3\" data-element_type=\"column\">\n\t\t\t<div class=\"elementor-widget-wrap elementor-element-populated\">\n\t\t\t\t\t\t<div class=\"elementor-element elementor-element-6d8d6dd elementor-position-top elementor-widget elementor-widget-image-box\" data-id=\"6d8d6dd\" data-element_type=\"widget\" data-widget_type=\"image-box.default\">\n\t\t\t\t<div class=\"elementor-widget-container\">\n\t\t\t\t\t<div class=\"elementor-image-box-wrapper\"><figure class=\"elementor-image-box-img\"><a href=\"https:\/\/sorinionescu.org\/\" tabindex=\"-1\"><img decoding=\"async\" width=\"150\" height=\"150\" src=\"https:\/\/veganoptioncanada.ca\/wp-content\/uploads\/2019\/01\/Sorin-150x150.jpg\" class=\"attachment-thumbnail size-thumbnail wp-image-952\" alt=\"\" srcset=\"https:\/\/veganoptioncanada.ca\/wp-content\/uploads\/2019\/01\/Sorin-150x150.jpg 150w, https:\/\/veganoptioncanada.ca\/wp-content\/uploads\/2019\/01\/Sorin-300x300.jpg 300w, https:\/\/veganoptioncanada.ca\/wp-content\/uploads\/2019\/01\/Sorin-230x230.jpg 230w, https:\/\/veganoptioncanada.ca\/wp-content\/uploads\/2019\/01\/Sorin-350x350.jpg 350w, https:\/\/veganoptioncanada.ca\/wp-content\/uploads\/2019\/01\/Sorin-480x480.jpg 480w, https:\/\/veganoptioncanada.ca\/wp-content\/uploads\/2019\/01\/Sorin.jpg 540w\" sizes=\"(max-width: 150px) 100vw, 150px\" \/><\/a><\/figure><div class=\"elementor-image-box-content\"><h4 class=\"elementor-image-box-title\"><a href=\"https:\/\/sorinionescu.org\/\">Sorin Ionescu<\/a><\/h4><\/div><\/div>\t\t\t\t<\/div>\n\t\t\t\t<\/div>\n\t\t\t\t<div class=\"elementor-element elementor-element-13a0cc1 elementor-widget elementor-widget-text-editor\" data-id=\"13a0cc1\" data-element_type=\"widget\" data-widget_type=\"text-editor.default\">\n\t\t\t\t<div class=\"elementor-widget-container\">\n\t\t\t\t\t\t\t\t\t<p>Sorin \u00e9 mestre em Engenharia de Software pela Universidade Concordia de Montreal e tem forma\u00e7\u00e3o em Intelig\u00eancia Artificial. Ativista social, ele acredita que o amor \u00e9 o motor mais poderoso na busca da redu\u00e7\u00e3o do sofrimento, e ele se esfor\u00e7a para construir pontes e parcerias entre grupos de mudan\u00e7a social com abordagens diversas. \u00c9 co-fundador e membro activo da <strong>Option V\u00e9gane Canada<\/strong>, <a href=\"http:\/\/www.preventsuffering.org\/\">OPIS<\/a> e <a href=\"http:\/\/algosphere.org\/\">Alliance Algosph\u00e8re<\/a>.<\/p>\n\t\t\t\t\t\t\t\t<\/div>\n\t\t\t\t<\/div>\n\t\t\t\t\t<\/div>\n\t\t<\/div>\n\t\t\t\t<div class=\"elementor-column elementor-col-33 elementor-top-column elementor-element elementor-element-54afdc2\" data-id=\"54afdc2\" data-element_type=\"column\">\n\t\t\t<div class=\"elementor-widget-wrap elementor-element-populated\">\n\t\t\t\t\t\t<div class=\"elementor-element elementor-element-af76db5 elementor-position-top elementor-widget elementor-widget-image-box\" data-id=\"af76db5\" data-element_type=\"widget\" data-widget_type=\"image-box.default\">\n\t\t\t\t<div class=\"elementor-widget-container\">\n\t\t\t\t\t<div class=\"elementor-image-box-wrapper\"><figure class=\"elementor-image-box-img\"><img loading=\"lazy\" decoding=\"async\" width=\"150\" height=\"150\" src=\"https:\/\/veganoptioncanada.ca\/wp-content\/uploads\/2019\/01\/carolyn-150x150.jpg\" class=\"attachment-thumbnail size-thumbnail wp-image-955\" alt=\"\" srcset=\"https:\/\/veganoptioncanada.ca\/wp-content\/uploads\/2019\/01\/carolyn-150x150.jpg 150w, https:\/\/veganoptioncanada.ca\/wp-content\/uploads\/2019\/01\/carolyn-300x300.jpg 300w, https:\/\/veganoptioncanada.ca\/wp-content\/uploads\/2019\/01\/carolyn-768x768.jpg 768w, https:\/\/veganoptioncanada.ca\/wp-content\/uploads\/2019\/01\/carolyn-830x830.jpg 830w, https:\/\/veganoptioncanada.ca\/wp-content\/uploads\/2019\/01\/carolyn-230x230.jpg 230w, https:\/\/veganoptioncanada.ca\/wp-content\/uploads\/2019\/01\/carolyn-350x350.jpg 350w, https:\/\/veganoptioncanada.ca\/wp-content\/uploads\/2019\/01\/carolyn-480x480.jpg 480w, https:\/\/veganoptioncanada.ca\/wp-content\/uploads\/2019\/01\/carolyn.jpg 960w\" sizes=\"(max-width: 150px) 100vw, 150px\" \/><\/figure><div class=\"elementor-image-box-content\"><h4 class=\"elementor-image-box-title\">Carolyn Harris<\/h4><\/div><\/div>\t\t\t\t<\/div>\n\t\t\t\t<\/div>\n\t\t\t\t<div class=\"elementor-element elementor-element-5060e73 elementor-widget elementor-widget-text-editor\" data-id=\"5060e73\" data-element_type=\"widget\" data-widget_type=\"text-editor.default\">\n\t\t\t\t<div class=\"elementor-widget-container\">\n\t\t\t\t\t\t\t\t\t<p>Carolyn Harris \u00e9 atualmente estudante universit\u00e1ria e foi vice-presidente da <a href=\"https:\/\/ncva.ca\/\">Associa\u00e7\u00e3o Vegetariana da Regi\u00e3o da Capital Nacional<\/a>. Ela tem um estilo de vida vegano por raz\u00f5es \u00e9ticas h\u00e1 mais de 8,5 anos. Ela est\u00e1 encantada por trabalhar com a Veal Option Canada para ajudar a espalhar a mensagem vegetariana de bondade e respeito por todos os animais. Ela gosta de escrever, brincar com o c\u00e3o e aprender muitas disciplinas.<\/p>\n\t\t\t\t\t\t\t\t<\/div>\n\t\t\t\t<\/div>\n\t\t\t\t\t<\/div>\n\t\t<\/div>\n\t\t\t\t\t<\/div>\n\t\t<\/section>\n\t\t\t\t<section class=\"elementor-section elementor-top-section elementor-element elementor-element-74d31ab elementor-section-boxed elementor-section-height-default elementor-section-height-default\" data-id=\"74d31ab\" data-element_type=\"section\">\n\t\t\t\t\t\t<div class=\"elementor-container elementor-column-gap-wide\">\n\t\t\t\t\t<div class=\"elementor-column elementor-col-33 elementor-top-column elementor-element elementor-element-4020b92\" data-id=\"4020b92\" data-element_type=\"column\">\n\t\t\t<div class=\"elementor-widget-wrap elementor-element-populated\">\n\t\t\t\t\t\t<div class=\"elementor-element elementor-element-ee366c4 elementor-position-top elementor-widget elementor-widget-image-box\" data-id=\"ee366c4\" data-element_type=\"widget\" data-widget_type=\"image-box.default\">\n\t\t\t\t<div class=\"elementor-widget-container\">\n\t\t\t\t\t<div class=\"elementor-image-box-wrapper\"><figure class=\"elementor-image-box-img\"><a href=\"http:\/\/www.jcl.algosphere.org\/\" tabindex=\"-1\"><img loading=\"lazy\" decoding=\"async\" width=\"150\" height=\"150\" src=\"https:\/\/veganoptioncanada.ca\/wp-content\/uploads\/2019\/01\/JCL-150x150.jpg\" class=\"attachment-thumbnail size-thumbnail wp-image-966\" alt=\"\" srcset=\"https:\/\/veganoptioncanada.ca\/wp-content\/uploads\/2019\/01\/JCL-150x150.jpg 150w, https:\/\/veganoptioncanada.ca\/wp-content\/uploads\/2019\/01\/JCL-230x230.jpg 230w, https:\/\/veganoptioncanada.ca\/wp-content\/uploads\/2019\/01\/JCL.jpg 300w\" sizes=\"(max-width: 150px) 100vw, 150px\" \/><\/a><\/figure><div class=\"elementor-image-box-content\"><h4 class=\"elementor-image-box-title\"><a href=\"http:\/\/www.jcl.algosphere.org\/\">Jean-Christophe Lurenbaum<\/a><\/h4><\/div><\/div>\t\t\t\t<\/div>\n\t\t\t\t<\/div>\n\t\t\t\t<div class=\"elementor-element elementor-element-2b86ae4 elementor-widget elementor-widget-text-editor\" data-id=\"2b86ae4\" data-element_type=\"widget\" data-widget_type=\"text-editor.default\">\n\t\t\t\t<div class=\"elementor-widget-container\">\n\t\t\t\t\t\t\t\t\t<p>Jean-Christophe decidiu muito cedo dedicar sua vida a organizar a cria\u00e7\u00e3o de uma maior felicidade no mundo. Para isso, primeiro formou-se como economista e tornou-se um estratega chave, respons\u00e1vel por grandes projectos para a maior empresa p\u00fablica francesa, La Poste. Ele escreveu: &#8220;<a href=\"http:\/\/www.jcl.algosphere.org\/naitre-gratuit.pdf\">\u00c9 do melhor interesse da crian\u00e7a nascer? Reproductive Ideology versus Non-Suffering<\/a>&#8221; (2011), o resultado de uma explora\u00e7\u00e3o hist\u00f3rica de d\u00e9cadas de conflito entre a \u00e9tica do n\u00e3o-consumo e a ideologia da reprodu\u00e7\u00e3o. Em 2013, foi co-fundador da Algosphere Alliance, uma rede e democracia direta para aliviar o sofrimento.<\/p>\n\t\t\t\t\t\t\t\t<\/div>\n\t\t\t\t<\/div>\n\t\t\t\t\t<\/div>\n\t\t<\/div>\n\t\t\t\t<div class=\"elementor-column elementor-col-33 elementor-top-column elementor-element elementor-element-3dcc925\" data-id=\"3dcc925\" data-element_type=\"column\">\n\t\t\t<div class=\"elementor-widget-wrap elementor-element-populated\">\n\t\t\t\t\t\t<div class=\"elementor-element elementor-element-0a2d3a8 elementor-position-top elementor-widget elementor-widget-image-box\" data-id=\"0a2d3a8\" data-element_type=\"widget\" data-widget_type=\"image-box.default\">\n\t\t\t\t<div class=\"elementor-widget-container\">\n\t\t\t\t\t<div class=\"elementor-image-box-wrapper\"><figure class=\"elementor-image-box-img\"><img loading=\"lazy\" decoding=\"async\" width=\"150\" height=\"150\" src=\"https:\/\/veganoptioncanada.ca\/wp-content\/uploads\/2019\/01\/Margaret-150x150.jpg\" class=\"attachment-thumbnail size-thumbnail wp-image-958\" alt=\"\" srcset=\"https:\/\/veganoptioncanada.ca\/wp-content\/uploads\/2019\/01\/Margaret-150x150.jpg 150w, https:\/\/veganoptioncanada.ca\/wp-content\/uploads\/2019\/01\/Margaret-298x300.jpg 298w, https:\/\/veganoptioncanada.ca\/wp-content\/uploads\/2019\/01\/Margaret-768x773.jpg 768w, https:\/\/veganoptioncanada.ca\/wp-content\/uploads\/2019\/01\/Margaret-830x835.jpg 830w, https:\/\/veganoptioncanada.ca\/wp-content\/uploads\/2019\/01\/Margaret-230x231.jpg 230w, https:\/\/veganoptioncanada.ca\/wp-content\/uploads\/2019\/01\/Margaret-350x352.jpg 350w, https:\/\/veganoptioncanada.ca\/wp-content\/uploads\/2019\/01\/Margaret-480x483.jpg 480w, https:\/\/veganoptioncanada.ca\/wp-content\/uploads\/2019\/01\/Margaret.jpg 954w\" sizes=\"(max-width: 150px) 100vw, 150px\" \/><\/figure><div class=\"elementor-image-box-content\"><h4 class=\"elementor-image-box-title\">Margaret Janiszewski<\/h4><\/div><\/div>\t\t\t\t<\/div>\n\t\t\t\t<\/div>\n\t\t\t\t<div class=\"elementor-element elementor-element-9f34f9a elementor-widget elementor-widget-text-editor\" data-id=\"9f34f9a\" data-element_type=\"widget\" data-widget_type=\"text-editor.default\">\n\t\t\t\t<div class=\"elementor-widget-container\">\n\t\t\t\t\t\t\t\t\t<p>Vegetariana nos \u00faltimos sete anos, Margaret tem um mestrado em Psicologia Educacional e Educa\u00e7\u00e3o para a Vida Familiar pela Universidade McGill. Ela \u00e9 uma professora de ensino m\u00e9dio apaixonada por educar os outros sobre como o veganismo melhora a sa\u00fade humana, alivia o sofrimento animal, reduz o impacto ambiental e pode reduzir a fome no mundo. Para tentar conectar veganos com Montreal, ela fundou o grupo <a href=\"https:\/\/www.facebook.com\/groups\/veganmontreal\/\">Vegan Montreal<\/a> no Facebook. Apaixonada pela cozinha vegana, Margaret dirige um clube de cozinha vegana na escola onde atualmente ensina e organiza aulas de culin\u00e1ria vegana na Zona Adolescente NDG YMCA.<\/p>\n\t\t\t\t\t\t\t\t<\/div>\n\t\t\t\t<\/div>\n\t\t\t\t\t<\/div>\n\t\t<\/div>\n\t\t\t\t<div class=\"elementor-column elementor-col-33 elementor-top-column elementor-element elementor-element-207345d\" data-id=\"207345d\" data-element_type=\"column\">\n\t\t\t<div class=\"elementor-widget-wrap elementor-element-populated\">\n\t\t\t\t\t\t<div class=\"elementor-element elementor-element-1996fe9 elementor-position-top elementor-widget elementor-widget-image-box\" data-id=\"1996fe9\" data-element_type=\"widget\" data-widget_type=\"image-box.default\">\n\t\t\t\t<div class=\"elementor-widget-container\">\n\t\t\t\t\t<div class=\"elementor-image-box-wrapper\"><figure class=\"elementor-image-box-img\"><img loading=\"lazy\" decoding=\"async\" width=\"150\" height=\"150\" src=\"https:\/\/veganoptioncanada.ca\/wp-content\/uploads\/2019\/01\/Rob-150x150.jpg\" class=\"attachment-thumbnail size-thumbnail wp-image-1041\" alt=\"\" srcset=\"https:\/\/veganoptioncanada.ca\/wp-content\/uploads\/2019\/01\/Rob-150x150.jpg 150w, https:\/\/veganoptioncanada.ca\/wp-content\/uploads\/2019\/01\/Rob-230x230.jpg 230w, https:\/\/veganoptioncanada.ca\/wp-content\/uploads\/2019\/01\/Rob.jpg 300w\" sizes=\"(max-width: 150px) 100vw, 150px\" \/><\/figure><div class=\"elementor-image-box-content\"><h4 class=\"elementor-image-box-title\">Rob McLeod<\/h4><\/div><\/div>\t\t\t\t<\/div>\n\t\t\t\t<\/div>\n\t\t\t\t<div class=\"elementor-element elementor-element-04e37ac elementor-widget elementor-widget-text-editor\" data-id=\"04e37ac\" data-element_type=\"widget\" data-widget_type=\"text-editor.default\">\n\t\t\t\t<div class=\"elementor-widget-container\">\n\t\t\t\t\t\t\t\t\t<p>Rob \u00e9 vice-presidente da VegOttawa, anteriormente conhecida como National Capital Vegetarian Association (<a href=\"https:\/\/ncva.ca\/\">NCVA<\/a>) e ex-presidente da NCVA. Ele \u00e9 um chef vegetariano e activista. Ele monitora de perto as \u00faltimas tend\u00eancias em alimentos veganos e herbais, estilos de vida e ativismo. Rob tamb\u00e9m ocasionalmente hospeda o podcast ao vivo do VegOttawa FB &#8220;VegTalk Ottawa&#8221;. Ele est\u00e1 empenhado em continuar a construir o sucesso da VegOttawa aumentando os seus membros, oferecendo novas oportunidades para que eles se conectem com empresas amigas do ambiente, enquanto espalha a mensagem do veganismo e estilos de vida baseados em plantas. Rob \u00e9 assessor da equipe da Option V\u00e9gane Canada e coordenador da iniciativa Option V\u00e9gane Ontario.<\/p>\n\t\t\t\t\t\t\t\t<\/div>\n\t\t\t\t<\/div>\n\t\t\t\t\t<\/div>\n\t\t<\/div>\n\t\t\t\t\t<\/div>\n\t\t<\/section>\n\t\t\t\t<section class=\"elementor-section elementor-top-section elementor-element elementor-element-3ce7bca elementor-section-boxed elementor-section-height-default elementor-section-height-default\" data-id=\"3ce7bca\" data-element_type=\"section\">\n\t\t\t\t\t\t<div class=\"elementor-container elementor-column-gap-wide\">\n\t\t\t\t\t<div class=\"elementor-column elementor-col-33 elementor-top-column elementor-element elementor-element-c06c8ae\" data-id=\"c06c8ae\" data-element_type=\"column\">\n\t\t\t<div class=\"elementor-widget-wrap elementor-element-populated\">\n\t\t\t\t\t\t<div class=\"elementor-element elementor-element-3605593 elementor-position-top elementor-widget elementor-widget-image-box\" data-id=\"3605593\" data-element_type=\"widget\" data-widget_type=\"image-box.default\">\n\t\t\t\t<div class=\"elementor-widget-container\">\n\t\t\t\t\t<div class=\"elementor-image-box-wrapper\"><figure class=\"elementor-image-box-img\"><img loading=\"lazy\" decoding=\"async\" width=\"150\" height=\"150\" src=\"https:\/\/veganoptioncanada.ca\/wp-content\/uploads\/2019\/01\/laura-150x150.jpg\" class=\"attachment-thumbnail size-thumbnail wp-image-1215\" alt=\"\" \/><\/figure><div class=\"elementor-image-box-content\"><h4 class=\"elementor-image-box-title\">Laura Fort<\/h4><\/div><\/div>\t\t\t\t<\/div>\n\t\t\t\t<\/div>\n\t\t\t\t<div class=\"elementor-element elementor-element-10257c1 elementor-widget elementor-widget-text-editor\" data-id=\"10257c1\" data-element_type=\"widget\" data-widget_type=\"text-editor.default\">\n\t\t\t\t<div class=\"elementor-widget-container\">\n\t\t\t\t\t\t\t\t\t<p>Comprometida com a causa animal e vegana desde 2014, Laura colabora com v\u00e1rias associa\u00e7\u00f5es no mundo franc\u00f3fono (Fran\u00e7a, B\u00e9lgica, Quebec) para informar e sensibilizar o p\u00fablico sobre os benef\u00edcios dos alimentos vegetais e do veganismo. Ela tamb\u00e9m mant\u00e9m um blog e compartilha conselhos pr\u00e1ticos e reflex\u00f5es \u00e9ticas: <a href=\"http:\/\/www.vegetatout.com\/\">www.vegetatout.com<\/a>. Sua carreira profissional de mais de dez anos em gerenciamento \u00e1gil de projetos lhe traz uma abordagem pragm\u00e1tica focada na empatia.<\/p>\n\t\t\t\t\t\t\t\t<\/div>\n\t\t\t\t<\/div>\n\t\t\t\t\t<\/div>\n\t\t<\/div>\n\t\t\t\t<div class=\"elementor-column elementor-col-33 elementor-top-column elementor-element elementor-element-7c6d3f8\" data-id=\"7c6d3f8\" data-element_type=\"column\">\n\t\t\t<div class=\"elementor-widget-wrap elementor-element-populated\">\n\t\t\t\t\t\t<div class=\"elementor-element elementor-element-f27e6e6 elementor-position-top elementor-widget elementor-widget-image-box\" data-id=\"f27e6e6\" data-element_type=\"widget\" data-widget_type=\"image-box.default\">\n\t\t\t\t<div class=\"elementor-widget-container\">\n\t\t\t\t\t<div class=\"elementor-image-box-wrapper\"><figure class=\"elementor-image-box-img\"><img loading=\"lazy\" decoding=\"async\" width=\"150\" height=\"150\" src=\"https:\/\/veganoptioncanada.ca\/wp-content\/uploads\/2019\/01\/IMG_3305-Stephane-Groleau-Christiane-NB_600x600-150x150.jpg\" class=\"attachment-thumbnail size-thumbnail wp-image-1169\" alt=\"\" srcset=\"https:\/\/veganoptioncanada.ca\/wp-content\/uploads\/2019\/01\/IMG_3305-Stephane-Groleau-Christiane-NB_600x600-150x150.jpg 150w, https:\/\/veganoptioncanada.ca\/wp-content\/uploads\/2019\/01\/IMG_3305-Stephane-Groleau-Christiane-NB_600x600-300x300.jpg 300w, https:\/\/veganoptioncanada.ca\/wp-content\/uploads\/2019\/01\/IMG_3305-Stephane-Groleau-Christiane-NB_600x600.jpg 600w\" sizes=\"(max-width: 150px) 100vw, 150px\" \/><\/figure><div class=\"elementor-image-box-content\"><h4 class=\"elementor-image-box-title\">St\u00e9phane Groleau<\/h4><\/div><\/div>\t\t\t\t<\/div>\n\t\t\t\t<\/div>\n\t\t\t\t<div class=\"elementor-element elementor-element-bdd7630 elementor-widget elementor-widget-text-editor\" data-id=\"bdd7630\" data-element_type=\"widget\" data-widget_type=\"text-editor.default\">\n\t\t\t\t<div class=\"elementor-widget-container\">\n\t\t\t\t\t\t\t\t\t<p>Ecologista vegano de longa data (desde 2001), St\u00e9phane sempre teve o desejo de tornar o veganismo acess\u00edvel no Quebec. Formado em agricultura org\u00e2nica, \u00e9 um dos especialistas em agricultura vegan do Quebec. Fundador do V\u00e9gane Qu\u00e9bec, co-dirigiu o primeiro document\u00e1rio vegetariano do Quebec (Un repas V\u00e9g\u00e9), fez o primeiro acorde\u00e3o vegetariano e traduziu o livro La permaculture, une br\u00e8ve introduction. Ele tamb\u00e9m \u00e9 conhecido como jardineiro, m\u00fasico, conferencista e designer de websites, incluindo a Option V\u00e9gane Canada.<\/p>\n\t\t\t\t\t\t\t\t<\/div>\n\t\t\t\t<\/div>\n\t\t\t\t\t<\/div>\n\t\t<\/div>\n\t\t\t\t<div class=\"elementor-column elementor-col-33 elementor-top-column elementor-element elementor-element-c485e5b\" data-id=\"c485e5b\" data-element_type=\"column\">\n\t\t\t<div class=\"elementor-widget-wrap elementor-element-populated\">\n\t\t\t\t\t\t<div class=\"elementor-element elementor-element-0f633ce elementor-position-top elementor-widget elementor-widget-image-box\" data-id=\"0f633ce\" data-element_type=\"widget\" data-widget_type=\"image-box.default\">\n\t\t\t\t<div class=\"elementor-widget-container\">\n\t\t\t\t\t<div class=\"elementor-image-box-wrapper\"><figure class=\"elementor-image-box-img\"><a href=\"http:\/\/www.robert.algosphere.org\/\" tabindex=\"-1\"><img loading=\"lazy\" decoding=\"async\" width=\"150\" height=\"150\" src=\"https:\/\/veganoptioncanada.ca\/wp-content\/uploads\/2019\/01\/Robert-cropped-300x291-150x150.jpg\" class=\"attachment-thumbnail size-thumbnail wp-image-1034\" alt=\"\" \/><\/a><\/figure><div class=\"elementor-image-box-content\"><h4 class=\"elementor-image-box-title\"><a href=\"http:\/\/www.robert.algosphere.org\/\">Robert Daoust<\/a><\/h4><\/div><\/div>\t\t\t\t<\/div>\n\t\t\t\t<\/div>\n\t\t\t\t<div class=\"elementor-element elementor-element-98ee86d elementor-widget elementor-widget-text-editor\" data-id=\"98ee86d\" data-element_type=\"widget\" data-widget_type=\"text-editor.default\">\n\t\t\t\t<div class=\"elementor-widget-container\">\n\t\t\t\t\t\t\t\t\t<p>Robert \u00e9 um dos maiores especialistas mundiais em sofrimento e h\u00e1 muito tempo defende uma disciplina dedicada ao seu estudo, para a qual cunhou o termo &#8220;algonomia&#8221;. Ao longo dos anos, ele tem sistematicamente compilado uma riqueza de refer\u00eancias e acumulado amplo conhecimento sobre o tema do sofrimento, do qual ele foi um dos contribuintes para a entrada da Wikip\u00e9dia. Em 2013, ele co-fundou a <a href=\"http:\/\/algosphere.org\/fr\/\">Algosphere Alliance<\/a>, uma rede e uma democracia global para aliviar o sofrimento.<\/p>\n\t\t\t\t\t\t\t\t<\/div>\n\t\t\t\t<\/div>\n\t\t\t\t\t<\/div>\n\t\t<\/div>\n\t\t\t\t\t<\/div>\n\t\t<\/section>\n\t\t\t\t<section class=\"elementor-section elementor-top-section elementor-element elementor-element-d9267be elementor-section-boxed elementor-section-height-default elementor-section-height-default\" data-id=\"d9267be\" data-element_type=\"section\">\n\t\t\t\t\t\t<div class=\"elementor-container elementor-column-gap-wide\">\n\t\t\t\t\t<div class=\"elementor-column elementor-col-33 elementor-top-column elementor-element elementor-element-89f9ea5\" data-id=\"89f9ea5\" data-element_type=\"column\">\n\t\t\t<div class=\"elementor-widget-wrap elementor-element-populated\">\n\t\t\t\t\t\t<div class=\"elementor-element elementor-element-0bdb562 elementor-position-top elementor-widget elementor-widget-image-box\" data-id=\"0bdb562\" data-element_type=\"widget\" data-widget_type=\"image-box.default\">\n\t\t\t\t<div class=\"elementor-widget-container\">\n\t\t\t\t\t<div class=\"elementor-image-box-wrapper\"><figure class=\"elementor-image-box-img\"><img loading=\"lazy\" decoding=\"async\" width=\"150\" height=\"150\" src=\"https:\/\/veganoptioncanada.ca\/wp-content\/uploads\/2019\/01\/Carolina-150x150.jpg\" class=\"attachment-thumbnail size-thumbnail wp-image-1518\" alt=\"\" srcset=\"https:\/\/veganoptioncanada.ca\/wp-content\/uploads\/2019\/01\/Carolina-150x150.jpg 150w, https:\/\/veganoptioncanada.ca\/wp-content\/uploads\/2019\/01\/Carolina-300x300.jpg 300w, https:\/\/veganoptioncanada.ca\/wp-content\/uploads\/2019\/01\/Carolina-768x768.jpg 768w, https:\/\/veganoptioncanada.ca\/wp-content\/uploads\/2019\/01\/Carolina.jpg 960w\" sizes=\"(max-width: 150px) 100vw, 150px\" \/><\/figure><div class=\"elementor-image-box-content\"><h4 class=\"elementor-image-box-title\">Carolina Andrea Valenzuela<\/h4><\/div><\/div>\t\t\t\t<\/div>\n\t\t\t\t<\/div>\n\t\t\t\t<div class=\"elementor-element elementor-element-b23a1a9 elementor-widget elementor-widget-text-editor\" data-id=\"b23a1a9\" data-element_type=\"widget\" data-widget_type=\"text-editor.default\">\n\t\t\t\t<div class=\"elementor-widget-container\">\n\t\t\t\t\t\t\t\t\t<p>A Carolina co-fundou a <a href=\"https:\/\/fr-fr.facebook.com\/pages\/category\/Nonprofit-Organization\/Defend-Animals-Manitoba-474062653097090\/\">Defend Animals Manitoba<\/a>. Ela \u00e9 uma ativista comprometida e organizadora do Anonymous for the Voiceless Winnipeg. \u00c9 coordenadora da Op\u00e7\u00e3o V\u00e9gane Manitoba.<\/p>\n\t\t\t\t\t\t\t\t<\/div>\n\t\t\t\t<\/div>\n\t\t\t\t\t<\/div>\n\t\t<\/div>\n\t\t\t\t<div class=\"elementor-column elementor-col-33 elementor-top-column elementor-element elementor-element-ad9d202\" data-id=\"ad9d202\" data-element_type=\"column\">\n\t\t\t<div class=\"elementor-widget-wrap elementor-element-populated\">\n\t\t\t\t\t\t<div class=\"elementor-element elementor-element-6a7d00e elementor-position-top elementor-widget elementor-widget-image-box\" data-id=\"6a7d00e\" data-element_type=\"widget\" data-widget_type=\"image-box.default\">\n\t\t\t\t<div class=\"elementor-widget-container\">\n\t\t\t\t\t<div class=\"elementor-image-box-wrapper\"><figure class=\"elementor-image-box-img\"><img loading=\"lazy\" decoding=\"async\" width=\"150\" height=\"150\" src=\"https:\/\/veganoptioncanada.ca\/wp-content\/uploads\/2019\/01\/claude-150x150.jpg\" class=\"attachment-thumbnail size-thumbnail wp-image-1521\" alt=\"\" \/><\/figure><div class=\"elementor-image-box-content\"><h4 class=\"elementor-image-box-title\">Claude Samson<\/h4><\/div><\/div>\t\t\t\t<\/div>\n\t\t\t\t<\/div>\n\t\t\t\t<div class=\"elementor-element elementor-element-94b72ca elementor-widget elementor-widget-text-editor\" data-id=\"94b72ca\" data-element_type=\"widget\" data-widget_type=\"text-editor.default\">\n\t\t\t\t<div class=\"elementor-widget-container\">\n\t\t\t\t\t\t\t\t\t<p>O Claude \u00e9 vegano h\u00e1 quatro anos. Desde ent\u00e3o tem participado em v\u00e1rias vig\u00edlias e eventos para acabar com a explora\u00e7\u00e3o animal. Ele tenta sempre que poss\u00edvel usar suas habilidades de escrita em franc\u00eas para ajudar essa causa.<\/p>\n\t\t\t\t\t\t\t\t<\/div>\n\t\t\t\t<\/div>\n\t\t\t\t\t<\/div>\n\t\t<\/div>\n\t\t\t\t<div class=\"elementor-column elementor-col-33 elementor-top-column elementor-element elementor-element-03ca2ff\" data-id=\"03ca2ff\" data-element_type=\"column\">\n\t\t\t<div class=\"elementor-widget-wrap elementor-element-populated\">\n\t\t\t\t\t\t<div class=\"elementor-element elementor-element-276287c elementor-position-top elementor-widget elementor-widget-image-box\" data-id=\"276287c\" data-element_type=\"widget\" data-widget_type=\"image-box.default\">\n\t\t\t\t<div class=\"elementor-widget-container\">\n\t\t\t\t\t<div class=\"elementor-image-box-wrapper\"><figure class=\"elementor-image-box-img\"><img loading=\"lazy\" decoding=\"async\" width=\"150\" height=\"150\" src=\"https:\/\/veganoptioncanada.ca\/wp-content\/uploads\/2019\/02\/patricia_daveny-150x150.jpg\" class=\"attachment-thumbnail size-thumbnail wp-image-1710\" alt=\"\" \/><\/figure><div class=\"elementor-image-box-content\"><h4 class=\"elementor-image-box-title\">Patricia Devaney<\/h4><\/div><\/div>\t\t\t\t<\/div>\n\t\t\t\t<\/div>\n\t\t\t\t<div class=\"elementor-element elementor-element-1798aee elementor-widget elementor-widget-text-editor\" data-id=\"1798aee\" data-element_type=\"widget\" data-widget_type=\"text-editor.default\">\n\t\t\t\t<div class=\"elementor-widget-container\">\n\t\t\t\t\t\t\t\t\t<p>Formada em administra\u00e7\u00e3o de empresas com experi\u00eancia internacional, m\u00e3e de tr\u00eas filhos, Patricia est\u00e1 atualmente trabalhando para criar uma organiza\u00e7\u00e3o sem fins lucrativos que servir\u00e1 como uma plataforma para todas as fam\u00edlias que querem implementar com sucesso op\u00e7\u00f5es veganas em escolas canadenses e outros ambientes de aprendizagem.<\/p>\n\t\t\t\t\t\t\t\t<\/div>\n\t\t\t\t<\/div>\n\t\t\t\t\t<\/div>\n\t\t<\/div>\n\t\t\t\t\t<\/div>\n\t\t<\/section>\n\t\t\t\t<section class=\"elementor-section elementor-top-section elementor-element elementor-element-e1e69da elementor-section-boxed elementor-section-height-default elementor-section-height-default\" data-id=\"e1e69da\" data-element_type=\"section\">\n\t\t\t\t\t\t<div class=\"elementor-container elementor-column-gap-wide\">\n\t\t\t\t\t<div class=\"elementor-column elementor-col-33 elementor-top-column elementor-element elementor-element-beae584\" data-id=\"beae584\" data-element_type=\"column\">\n\t\t\t<div class=\"elementor-widget-wrap elementor-element-populated\">\n\t\t\t\t\t\t<div class=\"elementor-element elementor-element-fbffcb4 elementor-position-top elementor-widget elementor-widget-image-box\" data-id=\"fbffcb4\" data-element_type=\"widget\" data-widget_type=\"image-box.default\">\n\t\t\t\t<div class=\"elementor-widget-container\">\n\t\t\t\t\t<div class=\"elementor-image-box-wrapper\"><figure class=\"elementor-image-box-img\"><img loading=\"lazy\" decoding=\"async\" width=\"150\" height=\"150\" src=\"https:\/\/veganoptioncanada.ca\/wp-content\/uploads\/2019\/05\/cym-150x150.jpg\" class=\"attachment-thumbnail size-thumbnail wp-image-1985\" alt=\"\" \/><\/figure><div class=\"elementor-image-box-content\"><h4 class=\"elementor-image-box-title\">Cymry Gomery<\/h4><\/div><\/div>\t\t\t\t<\/div>\n\t\t\t\t<\/div>\n\t\t\t\t<div class=\"elementor-element elementor-element-1f4ca2b elementor-widget elementor-widget-text-editor\" data-id=\"1f4ca2b\" data-element_type=\"widget\" data-widget_type=\"text-editor.default\">\n\t\t\t\t<div class=\"elementor-widget-container\">\n\t\t\t\t\t\t\t\t\t<p>Cymry Gomery est une militante montr\u00e9alaise de la justice sociale et des droits des animaux qui est v\u00e9gane depuis 2013. Elle fait du b\u00e9n\u00e9volat pour plusieurs organismes communautaires \u00e0 Montr\u00e9al. Elle d\u00e9fend le v\u00e9ganisme parce que c&#8217;est un choix simple que n&#8217;importe qui peut faire, qui peut avoir un effet profond sur l&#8217;environnement, sur les autres esp\u00e8ces et sur son progr\u00e8s spirituel.<\/p>\n\t\t\t\t\t\t\t\t<\/div>\n\t\t\t\t<\/div>\n\t\t\t\t\t<\/div>\n\t\t<\/div>\n\t\t\t\t<div class=\"elementor-column elementor-col-33 elementor-top-column elementor-element elementor-element-79f2953\" data-id=\"79f2953\" data-element_type=\"column\">\n\t\t\t<div class=\"elementor-widget-wrap elementor-element-populated\">\n\t\t\t\t\t\t<div class=\"elementor-element elementor-element-5db95c1 elementor-position-top elementor-widget elementor-widget-image-box\" data-id=\"5db95c1\" data-element_type=\"widget\" data-widget_type=\"image-box.default\">\n\t\t\t\t<div class=\"elementor-widget-container\">\n\t\t\t\t\t<div class=\"elementor-image-box-wrapper\"><figure class=\"elementor-image-box-img\"><img loading=\"lazy\" decoding=\"async\" width=\"150\" height=\"150\" src=\"https:\/\/veganoptioncanada.ca\/wp-content\/uploads\/2019\/01\/Rick-150x150.jpg\" class=\"attachment-thumbnail size-thumbnail wp-image-1007\" alt=\"\" srcset=\"https:\/\/veganoptioncanada.ca\/wp-content\/uploads\/2019\/01\/Rick-150x150.jpg 150w, https:\/\/veganoptioncanada.ca\/wp-content\/uploads\/2019\/01\/Rick-300x300.jpg 300w, https:\/\/veganoptioncanada.ca\/wp-content\/uploads\/2019\/01\/Rick-230x230.jpg 230w, https:\/\/veganoptioncanada.ca\/wp-content\/uploads\/2019\/01\/Rick-350x350.jpg 350w, https:\/\/veganoptioncanada.ca\/wp-content\/uploads\/2019\/01\/Rick.jpg 418w\" sizes=\"(max-width: 150px) 100vw, 150px\" \/><\/figure><div class=\"elementor-image-box-content\"><h4 class=\"elementor-image-box-title\">Juan Enrique Hinojosa<\/h4><\/div><\/div>\t\t\t\t<\/div>\n\t\t\t\t<\/div>\n\t\t\t\t<div class=\"elementor-element elementor-element-ae2aef9 elementor-widget elementor-widget-text-editor\" data-id=\"ae2aef9\" data-element_type=\"widget\" data-widget_type=\"text-editor.default\">\n\t\t\t\t<div class=\"elementor-widget-container\">\n\t\t\t\t\t\t\t\t\t<p>Presidente fundador da <a href=\"https:\/\/www.facebook.com\/YUL-Vegan-Co-Op-340596363065041\/\">YUL Vegan Co-Op<\/a> e a <a href=\"https:\/\/www.facebook.com\/Ma-Voix-pour-Eux-292711171081765\/\">Minha voz por eles<\/a>.<\/p>\n\t\t\t\t\t\t\t\t<\/div>\n\t\t\t\t<\/div>\n\t\t\t\t\t<\/div>\n\t\t<\/div>\n\t\t\t\t<div class=\"elementor-column elementor-col-33 elementor-top-column elementor-element elementor-element-0b94103\" data-id=\"0b94103\" data-element_type=\"column\">\n\t\t\t<div class=\"elementor-widget-wrap\">\n\t\t\t\t\t\t\t<\/div>\n\t\t<\/div>\n\t\t\t\t\t<\/div>\n\t\t<\/section>\n\t\t\t\t<section class=\"elementor-section elementor-top-section elementor-element elementor-element-1d97aa7 elementor-section-boxed elementor-section-height-default elementor-section-height-default\" data-id=\"1d97aa7\" data-element_type=\"section\">\n\t\t\t\t\t\t<div class=\"elementor-container elementor-column-gap-default\">\n\t\t\t\t\t<div class=\"elementor-column elementor-col-100 elementor-top-column elementor-element elementor-element-da7d267\" data-id=\"da7d267\" data-element_type=\"column\">\n\t\t\t<div class=\"elementor-widget-wrap elementor-element-populated\">\n\t\t\t\t\t\t<div class=\"elementor-element elementor-element-b328bae elementor-widget elementor-widget-heading\" data-id=\"b328bae\" data-element_type=\"widget\" data-widget_type=\"heading.default\">\n\t\t\t\t<div class=\"elementor-widget-container\">\n\t\t\t\t\t<h1 class=\"elementor-heading-title elementor-size-default\">Comit\u00e9 Consultivo<\/h1>\t\t\t\t<\/div>\n\t\t\t\t<\/div>\n\t\t\t\t\t<\/div>\n\t\t<\/div>\n\t\t\t\t\t<\/div>\n\t\t<\/section>\n\t\t\t\t<section class=\"elementor-section elementor-top-section elementor-element elementor-element-0ad5bcd elementor-section-boxed elementor-section-height-default elementor-section-height-default\" data-id=\"0ad5bcd\" data-element_type=\"section\">\n\t\t\t\t\t\t<div class=\"elementor-container elementor-column-gap-default\">\n\t\t\t\t\t<div class=\"elementor-column elementor-col-100 elementor-top-column elementor-element elementor-element-5ce54da\" data-id=\"5ce54da\" data-element_type=\"column\">\n\t\t\t<div class=\"elementor-widget-wrap elementor-element-populated\">\n\t\t\t\t\t\t<div class=\"elementor-element elementor-element-14aa008 elementor-widget elementor-widget-heading\" data-id=\"14aa008\" data-element_type=\"widget\" data-widget_type=\"heading.default\">\n\t\t\t\t<div class=\"elementor-widget-container\">\n\t\t\t\t\t<h2 class=\"elementor-heading-title elementor-size-default\">Direitos Humanos<\/h2>\t\t\t\t<\/div>\n\t\t\t\t<\/div>\n\t\t\t\t\t<\/div>\n\t\t<\/div>\n\t\t\t\t\t<\/div>\n\t\t<\/section>\n\t\t\t\t<section class=\"elementor-section elementor-top-section elementor-element elementor-element-821b5fe elementor-section-boxed elementor-section-height-default elementor-section-height-default\" data-id=\"821b5fe\" data-element_type=\"section\">\n\t\t\t\t\t\t<div class=\"elementor-container elementor-column-gap-wide\">\n\t\t\t\t\t<div class=\"elementor-column elementor-col-33 elementor-top-column elementor-element elementor-element-b7b2a1a\" data-id=\"b7b2a1a\" data-element_type=\"column\">\n\t\t\t<div class=\"elementor-widget-wrap elementor-element-populated\">\n\t\t\t\t\t\t<div class=\"elementor-element elementor-element-c9b1c22 elementor-position-top elementor-widget elementor-widget-image-box\" data-id=\"c9b1c22\" data-element_type=\"widget\" data-widget_type=\"image-box.default\">\n\t\t\t\t<div class=\"elementor-widget-container\">\n\t\t\t\t\t<div class=\"elementor-image-box-wrapper\"><figure class=\"elementor-image-box-img\"><img loading=\"lazy\" decoding=\"async\" width=\"150\" height=\"150\" src=\"https:\/\/veganoptioncanada.ca\/wp-content\/uploads\/2019\/03\/jeanette-150x150.jpg\" class=\"attachment-thumbnail size-thumbnail wp-image-1915\" alt=\"\" \/><\/figure><div class=\"elementor-image-box-content\"><h4 class=\"elementor-image-box-title\">Dr Jeanette Rowley<\/h4><\/div><\/div>\t\t\t\t<\/div>\n\t\t\t\t<\/div>\n\t\t\t\t<div class=\"elementor-element elementor-element-a9165d2 elementor-widget elementor-widget-text-editor\" data-id=\"a9165d2\" data-element_type=\"widget\" data-widget_type=\"text-editor.default\">\n\t\t\t\t<div class=\"elementor-widget-container\">\n\t\t\t\t\t\t\t\t\t<p><a href=\"https:\/\/independent.academia.edu\/RowleyJeanette\/Conference-Presentations\">Jeanette<\/a> fundou a <a href=\"http:\/\/www.theivra.com\/\">IVRA<\/a> em 2012 como forma de contribuir para o discurso anti-esp\u00e9cies. O seu doutoramento centra-se na ideia de que o direito dos veganos \u00e0 liberdade de consci\u00eancia leva os direitos humanos a um limiar onde eles se cruzam com os direitos dos animais.<\/p>\n<p>Inspirada na filosofia da alteridade desenvolvida por Emmanuel Levinas, Jeanette sugere que o reconhecimento legal dos veganos, cujas reivindica\u00e7\u00f5es apresentam a posi\u00e7\u00e3o moral de animais n\u00e3o humanos, d\u00e1 express\u00e3o ao dever original de responder ao sofrimento, que est\u00e1 enraizado na ideia de direitos humanos. Ela argumenta que, uma vez que a narrativa do sofrimento dos direitos humanos \u00e9 fundamentada pela filosofia da alteridade, ela deve explorar o valor do veganismo na busca de um princ\u00edpio p\u00f3s-moderno de justi\u00e7a inclusiva.<\/p>\n\t\t\t\t\t\t\t\t<\/div>\n\t\t\t\t<\/div>\n\t\t\t\t\t<\/div>\n\t\t<\/div>\n\t\t\t\t<div class=\"elementor-column elementor-col-33 elementor-top-column elementor-element elementor-element-3c8f363\" data-id=\"3c8f363\" data-element_type=\"column\">\n\t\t\t<div class=\"elementor-widget-wrap elementor-element-populated\">\n\t\t\t\t\t\t<div class=\"elementor-element elementor-element-89bbbd7 elementor-position-top elementor-widget elementor-widget-image-box\" data-id=\"89bbbd7\" data-element_type=\"widget\" data-widget_type=\"image-box.default\">\n\t\t\t\t<div class=\"elementor-widget-container\">\n\t\t\t\t\t<div class=\"elementor-image-box-wrapper\"><figure class=\"elementor-image-box-img\"><img loading=\"lazy\" decoding=\"async\" width=\"150\" height=\"150\" src=\"https:\/\/veganoptioncanada.ca\/wp-content\/uploads\/2019\/01\/NunoAlvim-150x150.jpg\" class=\"attachment-thumbnail size-thumbnail wp-image-1064\" alt=\"\" \/><\/figure><div class=\"elementor-image-box-content\"><h4 class=\"elementor-image-box-title\">Nuno M. Alvim<\/h4><\/div><\/div>\t\t\t\t<\/div>\n\t\t\t\t<\/div>\n\t\t\t\t<div class=\"elementor-element elementor-element-3f31ab7 elementor-widget elementor-widget-text-editor\" data-id=\"3f31ab7\" data-element_type=\"widget\" data-widget_type=\"text-editor.default\">\n\t\t\t\t<div class=\"elementor-widget-container\">\n\t\t\t\t\t\t\t\t\t<p>Nuno Alvim \u00e9 o presidente da <a href=\"https:\/\/www.avp.org.pt\/\">Associa\u00e7\u00e3o Vegetariana Portuguesa<\/a>. Tem um mestrado em Criminologia. He&#8217;s tem estado envolvido em lobbying activo e em campanhas para promover o veganismo e os direitos dos animais. Foi o principal organizador de uma <a href=\"https:\/\/peticaopublica.com\/pview.aspx?pi=PT76070\">peti\u00e7\u00e3o<\/a> em Portugal que resultou em legisla\u00e7\u00e3o para a provis\u00e3o de alimentos vegetarianos rigorosos em cantinas p\u00fablicas.<\/p>\n\t\t\t\t\t\t\t\t<\/div>\n\t\t\t\t<\/div>\n\t\t\t\t\t<\/div>\n\t\t<\/div>\n\t\t\t\t<div class=\"elementor-column elementor-col-33 elementor-top-column elementor-element elementor-element-7d24dba\" data-id=\"7d24dba\" data-element_type=\"column\">\n\t\t\t<div class=\"elementor-widget-wrap\">\n\t\t\t\t\t\t\t<\/div>\n\t\t<\/div>\n\t\t\t\t\t<\/div>\n\t\t<\/section>\n\t\t\t\t<section class=\"elementor-section elementor-top-section elementor-element elementor-element-90de5c7 elementor-section-boxed elementor-section-height-default elementor-section-height-default\" data-id=\"90de5c7\" data-element_type=\"section\">\n\t\t\t\t\t\t<div class=\"elementor-container elementor-column-gap-default\">\n\t\t\t\t\t<div class=\"elementor-column elementor-col-100 elementor-top-column elementor-element elementor-element-113bf46\" data-id=\"113bf46\" data-element_type=\"column\">\n\t\t\t<div class=\"elementor-widget-wrap elementor-element-populated\">\n\t\t\t\t\t\t<div class=\"elementor-element elementor-element-92ce522 elementor-widget elementor-widget-heading\" data-id=\"92ce522\" data-element_type=\"widget\" data-widget_type=\"heading.default\">\n\t\t\t\t<div class=\"elementor-widget-container\">\n\t\t\t\t\t<h2 class=\"elementor-heading-title elementor-size-default\">Painel Internacional<\/h2>\t\t\t\t<\/div>\n\t\t\t\t<\/div>\n\t\t\t\t\t<\/div>\n\t\t<\/div>\n\t\t\t\t\t<\/div>\n\t\t<\/section>\n\t\t\t\t<section class=\"elementor-section elementor-top-section elementor-element elementor-element-4e4f876 elementor-section-boxed elementor-section-height-default elementor-section-height-default\" data-id=\"4e4f876\" data-element_type=\"section\">\n\t\t\t\t\t\t<div class=\"elementor-container elementor-column-gap-wide\">\n\t\t\t\t\t<div class=\"elementor-column elementor-col-33 elementor-top-column elementor-element elementor-element-21bcdba\" data-id=\"21bcdba\" data-element_type=\"column\">\n\t\t\t<div class=\"elementor-widget-wrap elementor-element-populated\">\n\t\t\t\t\t\t<div class=\"elementor-element elementor-element-bcea8dd elementor-position-top elementor-widget elementor-widget-image-box\" data-id=\"bcea8dd\" data-element_type=\"widget\" data-widget_type=\"image-box.default\">\n\t\t\t\t<div class=\"elementor-widget-container\">\n\t\t\t\t\t<div class=\"elementor-image-box-wrapper\"><figure class=\"elementor-image-box-img\"><a href=\"http:\/\/veganstrategist.org\/\" tabindex=\"-1\"><img loading=\"lazy\" decoding=\"async\" width=\"150\" height=\"150\" src=\"https:\/\/veganoptioncanada.ca\/wp-content\/uploads\/2019\/01\/Tobias-150x150.jpg\" class=\"attachment-thumbnail size-thumbnail wp-image-973\" alt=\"\" \/><\/a><\/figure><div class=\"elementor-image-box-content\"><h4 class=\"elementor-image-box-title\"><a href=\"http:\/\/veganstrategist.org\/\">Tobias Leenaert<\/a><\/h4><\/div><\/div>\t\t\t\t<\/div>\n\t\t\t\t<\/div>\n\t\t\t\t<div class=\"elementor-element elementor-element-aa2da51 elementor-widget elementor-widget-text-editor\" data-id=\"aa2da51\" data-element_type=\"widget\" data-widget_type=\"text-editor.default\">\n\t\t\t\t<div class=\"elementor-widget-container\">\n\t\t\t\t\t\t\t\t\t<p>Tobias \u00e9 um orador p\u00fablico internacional e escreve um blog popular chamado <a href=\"http:\/\/veganstrategist.org\/\">The vegan Strategist<\/a>. Com Melanie Joy, ele co-fundou e co-dirigiu o <a href=\"http:\/\/www.veganadvocacy.org\/\">Center for Effective vegan Advocacy<\/a>. Ele \u00e9 conhecido por sua abordagem pragm\u00e1tica e n\u00e3o-confrontacional para incentivar as pessoas a adotar um estilo de vida vegano humano. Tobias tamb\u00e9m fundou a organiza\u00e7\u00e3o vegetariana belga sem fins lucrativos EVA e foi eleito membro da Ashoka, uma organiza\u00e7\u00e3o internacional que apoia empreendedores sociais de alto impacto @TobiasLeenaert<\/p>\n\t\t\t\t\t\t\t\t<\/div>\n\t\t\t\t<\/div>\n\t\t\t\t\t<\/div>\n\t\t<\/div>\n\t\t\t\t<div class=\"elementor-column elementor-col-33 elementor-top-column elementor-element elementor-element-453bb4a\" data-id=\"453bb4a\" data-element_type=\"column\">\n\t\t\t<div class=\"elementor-widget-wrap elementor-element-populated\">\n\t\t\t\t\t\t<div class=\"elementor-element elementor-element-d80a9b1 elementor-position-top elementor-widget elementor-widget-image-box\" data-id=\"d80a9b1\" data-element_type=\"widget\" data-widget_type=\"image-box.default\">\n\t\t\t\t<div class=\"elementor-widget-container\">\n\t\t\t\t\t<div class=\"elementor-image-box-wrapper\"><figure class=\"elementor-image-box-img\"><img loading=\"lazy\" decoding=\"async\" width=\"150\" height=\"150\" src=\"https:\/\/veganoptioncanada.ca\/wp-content\/uploads\/2019\/01\/Axelle-150x150.jpg\" class=\"attachment-thumbnail size-thumbnail wp-image-1038\" alt=\"\" srcset=\"https:\/\/veganoptioncanada.ca\/wp-content\/uploads\/2019\/01\/Axelle-150x150.jpg 150w, https:\/\/veganoptioncanada.ca\/wp-content\/uploads\/2019\/01\/Axelle-300x300.jpg 300w, https:\/\/veganoptioncanada.ca\/wp-content\/uploads\/2019\/01\/Axelle-230x230.jpg 230w, https:\/\/veganoptioncanada.ca\/wp-content\/uploads\/2019\/01\/Axelle-350x350.jpg 350w, https:\/\/veganoptioncanada.ca\/wp-content\/uploads\/2019\/01\/Axelle.jpg 480w\" sizes=\"(max-width: 150px) 100vw, 150px\" \/><\/figure><div class=\"elementor-image-box-content\"><h4 class=\"elementor-image-box-title\">Axelle Playoust-Braure<\/h4><\/div><\/div>\t\t\t\t<\/div>\n\t\t\t\t<\/div>\n\t\t\t\t<div class=\"elementor-element elementor-element-ffbfc5d elementor-widget elementor-widget-text-editor\" data-id=\"ffbfc5d\" data-element_type=\"widget\" data-widget_type=\"text-editor.default\">\n\t\t\t\t<div class=\"elementor-widget-container\">\n\t\t\t\t\t\t\t\t\t<p>Axelle Playoust-Braure \u00e9 mestre em sociologia pela Universit\u00e9 du Qu\u00e9bec \u00e0 Montr\u00e9al. Foi co-fundadora de duas associa\u00e7\u00f5es animalistas durante os seus estudos universit\u00e1rios e \u00e9 agora co-editora chefe da revista online <a href=\"https:\/\/lamorce.co\/\">L&#8217;Amorce<\/a>, contra o especismo. Inspirada pelo movimento de altru\u00edsmo efetivo, ela est\u00e1 ativamente envolvida em v\u00e1rias causas que visam abolir as rela\u00e7\u00f5es de apropria\u00e7\u00e3o e reduzir o sofrimento.<\/p>\n\t\t\t\t\t\t\t\t<\/div>\n\t\t\t\t<\/div>\n\t\t\t\t\t<\/div>\n\t\t<\/div>\n\t\t\t\t<div class=\"elementor-column elementor-col-33 elementor-top-column elementor-element elementor-element-da319a6\" data-id=\"da319a6\" data-element_type=\"column\">\n\t\t\t<div class=\"elementor-widget-wrap elementor-element-populated\">\n\t\t\t\t\t\t<div class=\"elementor-element elementor-element-72d0131 elementor-position-top elementor-widget elementor-widget-image-box\" data-id=\"72d0131\" data-element_type=\"widget\" data-widget_type=\"image-box.default\">\n\t\t\t\t<div class=\"elementor-widget-container\">\n\t\t\t\t\t<div class=\"elementor-image-box-wrapper\"><figure class=\"elementor-image-box-img\"><a href=\"http:\/\/jonathanleighton.org\/\" tabindex=\"-1\"><img loading=\"lazy\" decoding=\"async\" width=\"150\" height=\"150\" src=\"https:\/\/veganoptioncanada.ca\/wp-content\/uploads\/2019\/01\/Jonathan-150x150.jpg\" class=\"attachment-thumbnail size-thumbnail wp-image-981\" alt=\"\" \/><\/a><\/figure><div class=\"elementor-image-box-content\"><h4 class=\"elementor-image-box-title\"><a href=\"http:\/\/jonathanleighton.org\/\">Jonathan Leighton<\/a><\/h4><\/div><\/div>\t\t\t\t<\/div>\n\t\t\t\t<\/div>\n\t\t\t\t<div class=\"elementor-element elementor-element-870dd8e elementor-widget elementor-widget-text-editor\" data-id=\"870dd8e\" data-element_type=\"widget\" data-widget_type=\"text-editor.default\">\n\t\t\t\t<div class=\"elementor-widget-container\">\n\t\t\t\t\t\t\t\t\t<p><a href=\"http:\/\/jonathanleighton.org\/\">Jonathan<\/a> fundou o <a href=\"http:\/\/www.preventsuffering.org\/\">OPIS<\/a> think-and-do-tank em 2016 e traz uma mistura de racionalidade e criatividade \u00e0 sua paix\u00e3o por reduzir o sofrimento no mundo. Jonathan obteve um PhD em biologia molecular depois de estudar em Harvard e na Universidade de Basileia. Ele passou v\u00e1rios anos na ind\u00fastria antes de se voltar para a escrita e falar em p\u00fablico sobre \u00e9tica e compaix\u00e3o. Ele \u00e9 o autor de <a href=\"http:\/\/www.jonathanleighton.org\/thebattleforcompassion\">The Battle for Compassion: Ethics in an apathetic Universe<\/a>, que fornece uma vis\u00e3o geral da nossa situa\u00e7\u00e3o como esp\u00e9cie e metodicamente responde \u00e0 pergunta &#8220;What matters? &#8220;Ele tamb\u00e9m produziu um curta-metragem para comunicar algumas das ideias-chave. JonLeighton!<\/p>\n\t\t\t\t\t\t\t\t<\/div>\n\t\t\t\t<\/div>\n\t\t\t\t\t<\/div>\n\t\t<\/div>\n\t\t\t\t\t<\/div>\n\t\t<\/section>\n\t\t\t\t<section class=\"elementor-section elementor-top-section elementor-element elementor-element-0a263ef elementor-section-boxed elementor-section-height-default elementor-section-height-default\" data-id=\"0a263ef\" data-element_type=\"section\">\n\t\t\t\t\t\t<div class=\"elementor-container elementor-column-gap-wide\">\n\t\t\t\t\t<div class=\"elementor-column elementor-col-33 elementor-top-column elementor-element elementor-element-1180d5b\" data-id=\"1180d5b\" data-element_type=\"column\">\n\t\t\t<div class=\"elementor-widget-wrap elementor-element-populated\">\n\t\t\t\t\t\t<div class=\"elementor-element elementor-element-6bd3238 elementor-position-top elementor-widget elementor-widget-image-box\" data-id=\"6bd3238\" data-element_type=\"widget\" data-widget_type=\"image-box.default\">\n\t\t\t\t<div class=\"elementor-widget-container\">\n\t\t\t\t\t<div class=\"elementor-image-box-wrapper\"><figure class=\"elementor-image-box-img\"><img loading=\"lazy\" decoding=\"async\" width=\"150\" height=\"150\" src=\"https:\/\/veganoptioncanada.ca\/wp-content\/uploads\/2019\/01\/yves-bonnardel-150x150.png\" class=\"attachment-thumbnail size-thumbnail wp-image-1207\" alt=\"\" \/><\/figure><div class=\"elementor-image-box-content\"><h4 class=\"elementor-image-box-title\">Yves Bonnardel<\/h4><\/div><\/div>\t\t\t\t<\/div>\n\t\t\t\t<\/div>\n\t\t\t\t<div class=\"elementor-element elementor-element-55d4ca7 elementor-widget elementor-widget-text-editor\" data-id=\"55d4ca7\" data-element_type=\"widget\" data-widget_type=\"text-editor.default\">\n\t\t\t\t<div class=\"elementor-widget-container\">\n\t\t\t\t\t\t\t\t\t<p>Um companheiro de viagem desde o in\u00edcio dos Documentos Antiesp\u00e9cies e do Orgulho Veggie, membro da organiza\u00e7\u00e3o su\u00ed\u00e7a PEA &#8211; Pour l&#8217;Egalit\u00e9 Animale, ativista de campo e te\u00f3rico, editor e ensa\u00edsta, Yves Bonnardel acredita que os movimentos progressistas n\u00e3o podem continuar a evitar um questionamento profundo das domina\u00e7\u00f5es que estruturam nossas sociedades. Como igualit\u00e1rio, ele acredita que a luta contra o especismo \u00e9 fundamental e deve levar a uma grande mudan\u00e7a na civiliza\u00e7\u00e3o que beneficie a todos.<\/p>\n\t\t\t\t\t\t\t\t<\/div>\n\t\t\t\t<\/div>\n\t\t\t\t\t<\/div>\n\t\t<\/div>\n\t\t\t\t<div class=\"elementor-column elementor-col-33 elementor-top-column elementor-element elementor-element-fea775b\" data-id=\"fea775b\" data-element_type=\"column\">\n\t\t\t<div class=\"elementor-widget-wrap elementor-element-populated\">\n\t\t\t\t\t\t<div class=\"elementor-element elementor-element-9da7cc6 elementor-position-top elementor-widget elementor-widget-image-box\" data-id=\"9da7cc6\" data-element_type=\"widget\" data-widget_type=\"image-box.default\">\n\t\t\t\t<div class=\"elementor-widget-container\">\n\t\t\t\t\t<div class=\"elementor-image-box-wrapper\"><figure class=\"elementor-image-box-img\"><img loading=\"lazy\" decoding=\"async\" width=\"150\" height=\"150\" src=\"https:\/\/veganoptioncanada.ca\/wp-content\/uploads\/2019\/05\/Jens-66-2041x2041-150x150.jpg\" class=\"attachment-thumbnail size-thumbnail wp-image-2065\" alt=\"\" srcset=\"https:\/\/veganoptioncanada.ca\/wp-content\/uploads\/2019\/05\/Jens-66-2041x2041-150x150.jpg 150w, https:\/\/veganoptioncanada.ca\/wp-content\/uploads\/2019\/05\/Jens-66-2041x2041-300x300.jpg 300w, https:\/\/veganoptioncanada.ca\/wp-content\/uploads\/2019\/05\/Jens-66-2041x2041-768x768.jpg 768w, https:\/\/veganoptioncanada.ca\/wp-content\/uploads\/2019\/05\/Jens-66-2041x2041-1024x1024.jpg 1024w, https:\/\/veganoptioncanada.ca\/wp-content\/uploads\/2019\/05\/Jens-66-2041x2041.jpg 2041w\" sizes=\"(max-width: 150px) 100vw, 150px\" \/><\/figure><div class=\"elementor-image-box-content\"><h4 class=\"elementor-image-box-title\">Jens Tuider<\/h4><\/div><\/div>\t\t\t\t<\/div>\n\t\t\t\t<\/div>\n\t\t\t\t<div class=\"elementor-element elementor-element-45c4661 elementor-widget elementor-widget-text-editor\" data-id=\"45c4661\" data-element_type=\"widget\" data-widget_type=\"text-editor.default\">\n\t\t\t\t<div class=\"elementor-widget-container\">\n\t\t\t\t\t\t\t\t\t<p>Jens Tuider, M.A., a \u00e9tudi\u00e9 la philosophie et s&#8217;est sp\u00e9cialis\u00e9 en \u00e9thique animale. Il est actuellement chef de cabinet, conseiller sp\u00e9cial du PDG et responsable de la strat\u00e9gie chez ProVeg International et a \u00e9galement travaill\u00e9 pour Beyond Carnism and Animal Equality. Il est conf\u00e9rencier en \u00e9thique animale dans plusieurs coll\u00e8ges en Allemagne (Fachhochschule des Mittelstands), dirige un groupe de travail interdisciplinaire sur l&#8217;\u00e9thique animale \u00e0 l&#8217;Universit\u00e9 de Heidelberg, Allemagne (Interdisziplin\u00e4re Arbeitsgemeinschaft Tierethik, IAT), et g\u00e8re une <a href=\"http:\/\/www.animalrights.info\">base de donn\u00e9es en ligne sur la d\u00e9fense des droits animaux<\/a>. Il fait \u00e9galement partie d&#8217;un groupe d&#8217;experts qui conseille le plus grand concours allemand pour jeunes scientifiques (Jugend forscht) sur des normes plus strictes pour l&#8217;exp\u00e9rimentation animale. M. Jens a publi\u00e9 des livres et des articles universitaires et non universitaires sur l&#8217;\u00e9thique et les droits des animaux et a donn\u00e9 des pr\u00e9sentations et des ateliers dans le cadre d&#8217;un certain nombre d&#8217;\u00e9v\u00e9nements internationaux. D&#8217;abord th\u00e9oricien, il s&#8217;int\u00e9resse de plus en plus aux questions d&#8217;activisme et de strat\u00e9gie visant \u00e0 apporter un changement social efficace pour les animaux. Ses domaines d&#8217;int\u00e9r\u00eat actuels comprennent les produits d&#8217;origine animale propres, l&#8217;intervention pr\u00e9coce et l&#8217;impact collectif.<\/p>\n\t\t\t\t\t\t\t\t<\/div>\n\t\t\t\t<\/div>\n\t\t\t\t\t<\/div>\n\t\t<\/div>\n\t\t\t\t<div class=\"elementor-column elementor-col-33 elementor-top-column elementor-element elementor-element-beee7f5\" data-id=\"beee7f5\" data-element_type=\"column\">\n\t\t\t<div class=\"elementor-widget-wrap elementor-element-populated\">\n\t\t\t\t\t\t<div class=\"elementor-element elementor-element-2203689 elementor-position-top elementor-widget elementor-widget-image-box\" data-id=\"2203689\" data-element_type=\"widget\" data-widget_type=\"image-box.default\">\n\t\t\t\t<div class=\"elementor-widget-container\">\n\t\t\t\t\t<div class=\"elementor-image-box-wrapper\"><figure class=\"elementor-image-box-img\"><a href=\"https:\/\/www.climatehealers.org\/sailesh-rao\" tabindex=\"-1\"><img loading=\"lazy\" decoding=\"async\" width=\"150\" height=\"150\" src=\"https:\/\/veganoptioncanada.ca\/wp-content\/uploads\/2020\/08\/SaileshRao-150x150.jpg\" class=\"attachment-thumbnail size-thumbnail wp-image-2811\" alt=\"\" \/><\/a><\/figure><div class=\"elementor-image-box-content\"><h4 class=\"elementor-image-box-title\"><a href=\"https:\/\/www.climatehealers.org\/sailesh-rao\">Sailesh Rao<\/a><\/h4><\/div><\/div>\t\t\t\t<\/div>\n\t\t\t\t<\/div>\n\t\t\t\t<div class=\"elementor-element elementor-element-36040d6 elementor-widget elementor-widget-text-editor\" data-id=\"36040d6\" data-element_type=\"widget\" data-widget_type=\"text-editor.default\">\n\t\t\t\t<div class=\"elementor-widget-container\">\n\t\t\t\t\t\t\t\t\t<p><a href=\"https:\/\/www.climatehealers.org\/sailesh-rao\">Sailesh Rao<\/a> est un militant de la lib\u00e9ration de personnes, d\u2019animaux et de la Terre , mari, p\u00e8re et depuis 2010, grand-p\u00e8re \u00e9toil\u00e9. Il a promis \u00e0 sa petite-fille, Kimaya, que le monde sera en grande partie v\u00e9g\u00e9talien avant qu\u2019elle n\u2019ait 16 ans en 2026, afin que les gens cessent de manger ses proches, les animaux. Il est convaincu que l\u2019humanit\u00e9 se transformera pour tenir sa petite promesse \u00e0 Kimaya, non seulement pour des raisons \u00e9thiques, mais aussi par pure n\u00e9cessit\u00e9 \u00e9cologique.<\/p>\n\t\t\t\t\t\t\t\t<\/div>\n\t\t\t\t<\/div>\n\t\t\t\t\t<\/div>\n\t\t<\/div>\n\t\t\t\t\t<\/div>\n\t\t<\/section>\n\t\t\t\t<section class=\"elementor-section elementor-top-section elementor-element elementor-element-41d963b elementor-section-boxed elementor-section-height-default elementor-section-height-default\" data-id=\"41d963b\" data-element_type=\"section\">\n\t\t\t\t\t\t<div class=\"elementor-container elementor-column-gap-default\">\n\t\t\t\t\t<div class=\"elementor-column elementor-col-100 elementor-top-column elementor-element elementor-element-e10ccf9\" data-id=\"e10ccf9\" data-element_type=\"column\">\n\t\t\t<div class=\"elementor-widget-wrap elementor-element-populated\">\n\t\t\t\t\t\t<div class=\"elementor-element elementor-element-e0db248 elementor-widget elementor-widget-heading\" data-id=\"e0db248\" data-element_type=\"widget\" data-widget_type=\"heading.default\">\n\t\t\t\t<div class=\"elementor-widget-container\">\n\t\t\t\t\t<h2 class=\"elementor-heading-title elementor-size-default\">Painel Pan-Canadense<\/h2>\t\t\t\t<\/div>\n\t\t\t\t<\/div>\n\t\t\t\t\t<\/div>\n\t\t<\/div>\n\t\t\t\t\t<\/div>\n\t\t<\/section>\n\t\t\t\t<section class=\"elementor-section elementor-top-section elementor-element elementor-element-5963e85 elementor-section-boxed elementor-section-height-default elementor-section-height-default\" data-id=\"5963e85\" data-element_type=\"section\">\n\t\t\t\t\t\t<div class=\"elementor-container elementor-column-gap-wide\">\n\t\t\t\t\t<div class=\"elementor-column elementor-col-33 elementor-top-column elementor-element elementor-element-b9a30d4\" data-id=\"b9a30d4\" data-element_type=\"column\">\n\t\t\t<div class=\"elementor-widget-wrap elementor-element-populated\">\n\t\t\t\t\t\t<div class=\"elementor-element elementor-element-5dd44eb elementor-position-top elementor-widget elementor-widget-image-box\" data-id=\"5dd44eb\" data-element_type=\"widget\" data-widget_type=\"image-box.default\">\n\t\t\t\t<div class=\"elementor-widget-container\">\n\t\t\t\t\t<div class=\"elementor-image-box-wrapper\"><figure class=\"elementor-image-box-img\"><img loading=\"lazy\" decoding=\"async\" width=\"150\" height=\"150\" src=\"https:\/\/veganoptioncanada.ca\/wp-content\/uploads\/2019\/01\/Christiane-150x150.jpg\" class=\"attachment-thumbnail size-thumbnail wp-image-977\" alt=\"\" srcset=\"https:\/\/veganoptioncanada.ca\/wp-content\/uploads\/2019\/01\/Christiane-150x150.jpg 150w, https:\/\/veganoptioncanada.ca\/wp-content\/uploads\/2019\/01\/Christiane.jpg 200w\" sizes=\"(max-width: 150px) 100vw, 150px\" \/><\/figure><div class=\"elementor-image-box-content\"><h4 class=\"elementor-image-box-title\">Christiane Bailey<\/h4><\/div><\/div>\t\t\t\t<\/div>\n\t\t\t\t<\/div>\n\t\t\t\t<div class=\"elementor-element elementor-element-22dbd3e elementor-widget elementor-widget-text-editor\" data-id=\"22dbd3e\" data-element_type=\"widget\" data-widget_type=\"text-editor.default\">\n\t\t\t\t<div class=\"elementor-widget-container\">\n\t\t\t\t\t\t\t\t\t<p><a href=\"http:\/\/christianebailey.com\/\">Christiane<\/a> \u00e9 doutoranda em filosofia na Universidade de Montreal, onde prepara uma tese sobre o reconhecimento dos animais como indiv\u00edduos com uma vida de consci\u00eancia subjectiva (uma vida psicol\u00f3gica que inclui dimens\u00f5es emocionais, cognitivas e sociais) e sobre as implica\u00e7\u00f5es \u00e9ticas e s\u00f3cio-pol\u00edticas deste reconhecimento. Ela est\u00e1 particularmente interessada em abordagens cr\u00edticas, eco-feministas e p\u00f3s-humanistas da \u00e9tica animal contempor\u00e2nea.<\/p>\n\t\t\t\t\t\t\t\t<\/div>\n\t\t\t\t<\/div>\n\t\t\t\t\t<\/div>\n\t\t<\/div>\n\t\t\t\t<div class=\"elementor-column elementor-col-33 elementor-top-column elementor-element elementor-element-49b855d\" data-id=\"49b855d\" data-element_type=\"column\">\n\t\t\t<div class=\"elementor-widget-wrap elementor-element-populated\">\n\t\t\t\t\t\t<div class=\"elementor-element elementor-element-2c34a4e elementor-position-top elementor-widget elementor-widget-image-box\" data-id=\"2c34a4e\" data-element_type=\"widget\" data-widget_type=\"image-box.default\">\n\t\t\t\t<div class=\"elementor-widget-container\">\n\t\t\t\t\t<div class=\"elementor-image-box-wrapper\"><figure class=\"elementor-image-box-img\"><img loading=\"lazy\" decoding=\"async\" width=\"150\" height=\"150\" src=\"https:\/\/veganoptioncanada.ca\/wp-content\/uploads\/2019\/05\/Annie-150x150.jpg\" class=\"attachment-thumbnail size-thumbnail wp-image-1980\" alt=\"\" srcset=\"https:\/\/veganoptioncanada.ca\/wp-content\/uploads\/2019\/05\/Annie-150x150.jpg 150w, https:\/\/veganoptioncanada.ca\/wp-content\/uploads\/2019\/05\/Annie-300x300.jpg 300w, https:\/\/veganoptioncanada.ca\/wp-content\/uploads\/2019\/05\/Annie-768x768.jpg 768w, https:\/\/veganoptioncanada.ca\/wp-content\/uploads\/2019\/05\/Annie-1024x1024.jpg 1024w\" sizes=\"(max-width: 150px) 100vw, 150px\" \/><\/figure><div class=\"elementor-image-box-content\"><h4 class=\"elementor-image-box-title\">Annie C. Bernatchez<\/h4><\/div><\/div>\t\t\t\t<\/div>\n\t\t\t\t<\/div>\n\t\t\t\t<div class=\"elementor-element elementor-element-679a8be elementor-widget elementor-widget-text-editor\" data-id=\"679a8be\" data-element_type=\"widget\" data-widget_type=\"text-editor.default\">\n\t\t\t\t<div class=\"elementor-widget-container\">\n\t\t\t\t\t\t\t\t\t<p><span style=\"font-weight: 400;\">Annie C. Bernatchez est candidate au doctorat en sociologie \u00e0 l\u2019universit\u00e9 d\u2019Ottawa, Canada. Son champ d\u2019int\u00e9r\u00eat recouvre les mouvements sociaux et les \u00e9tudes critiques, alors qu\u2019elle se concentre sur les organisations de lib\u00e9ration animale. Sa th\u00e8se porte sur le quotidien des militants de lib\u00e9ration animale dont les actions s\u2019inscrivent dans un contexte social de r\u00e9pression \u00e9tatique qui cat\u00e9gorise cette forme de militantisme comme du terrorisme. Annie tiendra une perspective v\u00e9gane dans sa th\u00e8se pour critiquer cette cat\u00e9gorisation politique. Sa position \u00e0 l\u2019universit\u00e9 lui permet de militer au travers de la discussion et l\u2019\u00e9criture.<\/span><\/p>\n\t\t\t\t\t\t\t\t<\/div>\n\t\t\t\t<\/div>\n\t\t\t\t\t<\/div>\n\t\t<\/div>\n\t\t\t\t<div class=\"elementor-column elementor-col-33 elementor-top-column elementor-element elementor-element-9115f00\" data-id=\"9115f00\" data-element_type=\"column\">\n\t\t\t<div class=\"elementor-widget-wrap elementor-element-populated\">\n\t\t\t\t\t\t<div class=\"elementor-element elementor-element-3d7240f elementor-position-top elementor-widget elementor-widget-image-box\" data-id=\"3d7240f\" data-element_type=\"widget\" data-widget_type=\"image-box.default\">\n\t\t\t\t<div class=\"elementor-widget-container\">\n\t\t\t\t\t<div class=\"elementor-image-box-wrapper\"><figure class=\"elementor-image-box-img\"><a href=\"http:\/\/veg.ca\/\" tabindex=\"-1\"><img loading=\"lazy\" decoding=\"async\" width=\"150\" height=\"150\" src=\"https:\/\/veganoptioncanada.ca\/wp-content\/uploads\/2019\/02\/peter-150x150.jpg\" class=\"attachment-thumbnail size-thumbnail wp-image-1795\" alt=\"\" \/><\/a><\/figure><div class=\"elementor-image-box-content\"><h4 class=\"elementor-image-box-title\"><a href=\"http:\/\/veg.ca\/\">Peter McQueen<\/a><\/h4><\/div><\/div>\t\t\t\t<\/div>\n\t\t\t\t<\/div>\n\t\t\t\t<div class=\"elementor-element elementor-element-a9410b3 elementor-widget elementor-widget-text-editor\" data-id=\"a9410b3\" data-element_type=\"widget\" data-widget_type=\"text-editor.default\">\n\t\t\t\t<div class=\"elementor-widget-container\">\n\t\t\t\t\t\t\t\t\t<p>Director do Conselho de Administra\u00e7\u00e3o da <a href=\"http:\/\/veg.ca\/\">Associa\u00e7\u00e3o Vegetariana de Toronto<\/a>. Al\u00e9m de sua experi\u00eancia local, ele tem contatos no movimento vegetariano\/vegetariano norte-americano e internacional. Al\u00e9m disso, tem liga\u00e7\u00f5es estreitas com a cena muito activa dos direitos dos animais em Toronto e com o movimento ambientalista. Seus estudos de neg\u00f3cios refor\u00e7aram essas habilidades de marketing e gest\u00e3o financeira.<\/p>\n\t\t\t\t\t\t\t\t<\/div>\n\t\t\t\t<\/div>\n\t\t\t\t\t<\/div>\n\t\t<\/div>\n\t\t\t\t\t<\/div>\n\t\t<\/section>\n\t\t\t\t<section class=\"elementor-section elementor-top-section elementor-element elementor-element-b5d24aa elementor-section-boxed elementor-section-height-default elementor-section-height-default\" data-id=\"b5d24aa\" data-element_type=\"section\">\n\t\t\t\t\t\t<div class=\"elementor-container elementor-column-gap-wide\">\n\t\t\t\t\t<div class=\"elementor-column elementor-col-33 elementor-top-column elementor-element elementor-element-5e460cb\" data-id=\"5e460cb\" data-element_type=\"column\">\n\t\t\t<div class=\"elementor-widget-wrap elementor-element-populated\">\n\t\t\t\t\t\t<div class=\"elementor-element elementor-element-e96f464 elementor-position-top elementor-widget elementor-widget-image-box\" data-id=\"e96f464\" data-element_type=\"widget\" data-widget_type=\"image-box.default\">\n\t\t\t\t<div class=\"elementor-widget-container\">\n\t\t\t\t\t<div class=\"elementor-image-box-wrapper\"><figure class=\"elementor-image-box-img\"><img loading=\"lazy\" decoding=\"async\" width=\"150\" height=\"150\" src=\"https:\/\/veganoptioncanada.ca\/wp-content\/uploads\/2019\/01\/Alex-150x150.jpg\" class=\"attachment-thumbnail size-thumbnail wp-image-1003\" alt=\"\" srcset=\"https:\/\/veganoptioncanada.ca\/wp-content\/uploads\/2019\/01\/Alex-150x150.jpg 150w, https:\/\/veganoptioncanada.ca\/wp-content\/uploads\/2019\/01\/Alex-300x300.jpg 300w, https:\/\/veganoptioncanada.ca\/wp-content\/uploads\/2019\/01\/Alex-230x230.jpg 230w, https:\/\/veganoptioncanada.ca\/wp-content\/uploads\/2019\/01\/Alex-350x350.jpg 350w, https:\/\/veganoptioncanada.ca\/wp-content\/uploads\/2019\/01\/Alex-480x480.jpg 480w, https:\/\/veganoptioncanada.ca\/wp-content\/uploads\/2019\/01\/Alex.jpg 500w\" sizes=\"(max-width: 150px) 100vw, 150px\" \/><\/figure><div class=\"elementor-image-box-content\"><h4 class=\"elementor-image-box-title\">Louis-Alexandre Gagnon<\/h4><\/div><\/div>\t\t\t\t<\/div>\n\t\t\t\t<\/div>\n\t\t\t\t<div class=\"elementor-element elementor-element-6d89f13 elementor-widget elementor-widget-text-editor\" data-id=\"6d89f13\" data-element_type=\"widget\" data-widget_type=\"text-editor.default\">\n\t\t\t\t<div class=\"elementor-widget-container\">\n\t\t\t\t\t\t\t\t\t<p>Fundador da <a href=\"http:\/\/vegemontreal.org\/index.php\/fr\/\">Associa\u00e7\u00e3o V\u00e9g\u00e9tarienne de Montr\u00e9al<\/a> em 2005 e mais tarde, fundador do <a href=\"http:\/\/festivalveganedemontreal.com\/\">Festival V\u00e9gane de Montr\u00e9al (FVM)<\/a>, Louis-Alexandre Gagnon gosta de mobilizar as pessoas em torno da quest\u00e3o dos direitos dos animais e do veganismo h\u00e1 v\u00e1rios anos em Montreal.<\/p>\n\t\t\t\t\t\t\t\t<\/div>\n\t\t\t\t<\/div>\n\t\t\t\t\t<\/div>\n\t\t<\/div>\n\t\t\t\t<div class=\"elementor-column elementor-col-33 elementor-top-column elementor-element elementor-element-2410f07\" data-id=\"2410f07\" data-element_type=\"column\">\n\t\t\t<div class=\"elementor-widget-wrap elementor-element-populated\">\n\t\t\t\t\t\t<div class=\"elementor-element elementor-element-371b6e5 elementor-position-top elementor-widget elementor-widget-image-box\" data-id=\"371b6e5\" data-element_type=\"widget\" data-widget_type=\"image-box.default\">\n\t\t\t\t<div class=\"elementor-widget-container\">\n\t\t\t\t\t<div class=\"elementor-image-box-wrapper\"><figure class=\"elementor-image-box-img\"><img loading=\"lazy\" decoding=\"async\" width=\"150\" height=\"150\" src=\"https:\/\/veganoptioncanada.ca\/wp-content\/uploads\/2019\/01\/Nara-150x150.jpg\" class=\"attachment-thumbnail size-thumbnail wp-image-988\" alt=\"\" \/><\/figure><div class=\"elementor-image-box-content\"><h4 class=\"elementor-image-box-title\">Nara Schuler<\/h4><\/div><\/div>\t\t\t\t<\/div>\n\t\t\t\t<\/div>\n\t\t\t\t<div class=\"elementor-element elementor-element-36c9a6f elementor-widget elementor-widget-text-editor\" data-id=\"36c9a6f\" data-element_type=\"widget\" data-widget_type=\"text-editor.default\">\n\t\t\t\t<div class=\"elementor-widget-container\">\n\t\t\t\t\t\t\t\t\t<p>Nara \u00e9 autora de <a href=\"http:\/\/www.secretsofmyvegankitchen.com\/\">Secrets of My vegan Kitchen<\/a>, coordenadora da <a href=\"https:\/\/www.durhamveg.ca\/\">Associa\u00e7\u00e3o Vegetariana Durham<\/a>, organizadora da <a href=\"http:\/\/www.durhamvegfest.ca\/\">Festa Vegetariana Durham<\/a> e propriet\u00e1ria da FGF vegan, \u00e9 licenciada em administra\u00e7\u00e3o de empresas e certificada em nutri\u00e7\u00e3o vegetal pelo T. Colin Campbell Center for Nutrition Studies.<\/p>\n\t\t\t\t\t\t\t\t<\/div>\n\t\t\t\t<\/div>\n\t\t\t\t\t<\/div>\n\t\t<\/div>\n\t\t\t\t<div class=\"elementor-column elementor-col-33 elementor-top-column elementor-element elementor-element-661174b\" data-id=\"661174b\" data-element_type=\"column\">\n\t\t\t<div class=\"elementor-widget-wrap elementor-element-populated\">\n\t\t\t\t\t\t<div class=\"elementor-element elementor-element-a0310a6 elementor-position-top elementor-widget elementor-widget-image-box\" data-id=\"a0310a6\" data-element_type=\"widget\" data-widget_type=\"image-box.default\">\n\t\t\t\t<div class=\"elementor-widget-container\">\n\t\t\t\t\t<div class=\"elementor-image-box-wrapper\"><figure class=\"elementor-image-box-img\"><a href=\"http:\/\/veg.ca\/\" tabindex=\"-1\"><img loading=\"lazy\" decoding=\"async\" width=\"150\" height=\"150\" src=\"https:\/\/veganoptioncanada.ca\/wp-content\/uploads\/2019\/02\/Catalina-150x150.jpg\" class=\"attachment-thumbnail size-thumbnail wp-image-1829\" alt=\"\" \/><\/a><\/figure><div class=\"elementor-image-box-content\"><h4 class=\"elementor-image-box-title\"><a href=\"http:\/\/veg.ca\/\">Catalina Guti\u00e9rrez<\/a><\/h4><\/div><\/div>\t\t\t\t<\/div>\n\t\t\t\t<\/div>\n\t\t\t\t<div class=\"elementor-element elementor-element-a7cea56 elementor-widget elementor-widget-text-editor\" data-id=\"a7cea56\" data-element_type=\"widget\" data-widget_type=\"text-editor.default\">\n\t\t\t\t<div class=\"elementor-widget-container\">\n\t\t\t\t\t\t\t\t\t<p>Catalina Guti\u00e9rrez \u00e9 activista dos direitos dos animais e co-fundadora da <a href=\"https:\/\/www.regardanimal.com\/\">Regard Animal<\/a>, uma organiza\u00e7\u00e3o dedicada \u00e0 cria\u00e7\u00e3o e divulga\u00e7\u00e3o de iniciativas e projectos relacionados com a arte e a causa animal. Catalina tem um mestrado em geografia e est\u00e1 muito interessada nas quest\u00f5es ambientais e no movimento de decad\u00eancia.<\/p>\n\t\t\t\t\t\t\t\t<\/div>\n\t\t\t\t<\/div>\n\t\t\t\t\t<\/div>\n\t\t<\/div>\n\t\t\t\t\t<\/div>\n\t\t<\/section>\n\t\t\t\t<section class=\"elementor-section elementor-top-section elementor-element elementor-element-771e409 elementor-section-boxed elementor-section-height-default elementor-section-height-default\" data-id=\"771e409\" data-element_type=\"section\">\n\t\t\t\t\t\t<div class=\"elementor-container elementor-column-gap-wide\">\n\t\t\t\t\t<div class=\"elementor-column elementor-col-33 elementor-top-column elementor-element elementor-element-0b9fc4f\" data-id=\"0b9fc4f\" data-element_type=\"column\">\n\t\t\t<div class=\"elementor-widget-wrap elementor-element-populated\">\n\t\t\t\t\t\t<div class=\"elementor-element elementor-element-102cbc3 elementor-position-top elementor-widget elementor-widget-image-box\" data-id=\"102cbc3\" data-element_type=\"widget\" data-widget_type=\"image-box.default\">\n\t\t\t\t<div class=\"elementor-widget-container\">\n\t\t\t\t\t<div class=\"elementor-image-box-wrapper\"><figure class=\"elementor-image-box-img\"><img loading=\"lazy\" decoding=\"async\" width=\"150\" height=\"150\" src=\"https:\/\/veganoptioncanada.ca\/wp-content\/uploads\/2019\/01\/Daniele-AVM-150x150.jpg\" class=\"attachment-thumbnail size-thumbnail wp-image-1268\" alt=\"\" srcset=\"https:\/\/veganoptioncanada.ca\/wp-content\/uploads\/2019\/01\/Daniele-AVM-150x150.jpg 150w, https:\/\/veganoptioncanada.ca\/wp-content\/uploads\/2019\/01\/Daniele-AVM.jpg 200w\" sizes=\"(max-width: 150px) 100vw, 150px\" \/><\/figure><div class=\"elementor-image-box-content\"><h4 class=\"elementor-image-box-title\">Dani\u00e8le Paquette<\/h4><\/div><\/div>\t\t\t\t<\/div>\n\t\t\t\t<\/div>\n\t\t\t\t<div class=\"elementor-element elementor-element-0ab969c elementor-widget elementor-widget-text-editor\" data-id=\"0ab969c\" data-element_type=\"widget\" data-widget_type=\"text-editor.default\">\n\t\t\t\t<div class=\"elementor-widget-container\">\n\t\t\t\t\t\t\t\t\t<p>Presidente da <a href=\"http:\/\/vegemontreal.org\/index.php\/fr\/\">Associa\u00e7\u00e3o Vegetariana de Montreal<\/a>, Dani\u00e8le Paquette est\u00e1 muito envolvida desde 2014. A sua empresa <a href=\"http:\/\/danielepaquette.com\/fr\/\">Coaching de sant\u00e9 &amp; mieux-\u00eatre Dani\u00e8le Paquette<\/a> permite-lhe promover estilos de vida saud\u00e1veis e veganismo. Com um diploma de bacharel em trabalho social e um treinador de sa\u00fade certificado, ela possui v\u00e1rias certifica\u00e7\u00f5es em nutri\u00e7\u00e3o vegana, incluindo as de Forks Over Knives e PCRM. O seu trabalho visa melhorar os direitos dos animais, o estado do planeta e a sa\u00fade humana.<\/p>\n\t\t\t\t\t\t\t\t<\/div>\n\t\t\t\t<\/div>\n\t\t\t\t\t<\/div>\n\t\t<\/div>\n\t\t\t\t<div class=\"elementor-column elementor-col-33 elementor-top-column elementor-element elementor-element-a6b42e6\" data-id=\"a6b42e6\" data-element_type=\"column\">\n\t\t\t<div class=\"elementor-widget-wrap elementor-element-populated\">\n\t\t\t\t\t\t\t<\/div>\n\t\t<\/div>\n\t\t\t\t<div class=\"elementor-column elementor-col-33 elementor-top-column elementor-element elementor-element-898330c\" data-id=\"898330c\" data-element_type=\"column\">\n\t\t\t<div class=\"elementor-widget-wrap elementor-element-populated\">\n\t\t\t\t\t\t\t<\/div>\n\t\t<\/div>\n\t\t\t\t\t<\/div>\n\t\t<\/section>\n\t\t\t\t<section class=\"elementor-section elementor-top-section elementor-element elementor-element-9504bbf elementor-section-boxed elementor-section-height-default elementor-section-height-default\" data-id=\"9504bbf\" data-element_type=\"section\">\n\t\t\t\t\t\t<div class=\"elementor-container elementor-column-gap-default\">\n\t\t\t\t\t<div class=\"elementor-column elementor-col-100 elementor-top-column elementor-element elementor-element-c9ca51d\" data-id=\"c9ca51d\" data-element_type=\"column\">\n\t\t\t<div class=\"elementor-widget-wrap elementor-element-populated\">\n\t\t\t\t\t\t<div class=\"elementor-element elementor-element-5ad2560 elementor-widget elementor-widget-heading\" data-id=\"5ad2560\" data-element_type=\"widget\" data-widget_type=\"heading.default\">\n\t\t\t\t<div class=\"elementor-widget-container\">\n\t\t\t\t\t<h2 class=\"elementor-heading-title elementor-size-default\">Sensibiliza\u00e7\u00e3o e Comunica\u00e7\u00e3o<\/h2>\t\t\t\t<\/div>\n\t\t\t\t<\/div>\n\t\t\t\t\t<\/div>\n\t\t<\/div>\n\t\t\t\t\t<\/div>\n\t\t<\/section>\n\t\t\t\t<section class=\"elementor-section elementor-top-section elementor-element elementor-element-eddd8ad elementor-section-boxed elementor-section-height-default elementor-section-height-default\" data-id=\"eddd8ad\" data-element_type=\"section\">\n\t\t\t\t\t\t<div class=\"elementor-container elementor-column-gap-wide\">\n\t\t\t\t\t<div class=\"elementor-column elementor-col-33 elementor-top-column elementor-element elementor-element-d1d3c08\" data-id=\"d1d3c08\" data-element_type=\"column\">\n\t\t\t<div class=\"elementor-widget-wrap elementor-element-populated\">\n\t\t\t\t\t\t<div class=\"elementor-element elementor-element-4bfcd85 elementor-position-top elementor-widget elementor-widget-image-box\" data-id=\"4bfcd85\" data-element_type=\"widget\" data-widget_type=\"image-box.default\">\n\t\t\t\t<div class=\"elementor-widget-container\">\n\t\t\t\t\t<div class=\"elementor-image-box-wrapper\"><figure class=\"elementor-image-box-img\"><img loading=\"lazy\" decoding=\"async\" width=\"150\" height=\"150\" src=\"https:\/\/veganoptioncanada.ca\/wp-content\/uploads\/2019\/02\/Jevranne_Martel-AR2016-Jul16-30-150x150.jpg\" class=\"attachment-thumbnail size-thumbnail wp-image-1698\" alt=\"\" \/><\/figure><div class=\"elementor-image-box-content\"><h4 class=\"elementor-image-box-title\">Jevranne Martel<\/h4><\/div><\/div>\t\t\t\t<\/div>\n\t\t\t\t<\/div>\n\t\t\t\t<div class=\"elementor-element elementor-element-c4d3994 elementor-widget elementor-widget-text-editor\" data-id=\"c4d3994\" data-element_type=\"widget\" data-widget_type=\"text-editor.default\">\n\t\t\t\t<div class=\"elementor-widget-container\">\n\t\t\t\t\t\t\t\t\t<p>Coordenadora <a href=\"https:\/\/veganoutreach.org\/\">Vegan Outreach<\/a> Canada Com sede em Ottawa, Jevranne distribui panfletos para faculdades na maior parte do Canad\u00e1 e faz outras formas de divulga\u00e7\u00e3o em sua regi\u00e3o. Jevranne tem sido uma defensora apaixonada dos animais desde que descobriu como eles s\u00e3o tratados em agosto de 2013. Anteriormente, ela se concentrou na arte de falar e no coaching de vida e agora usa essas habilidades para motivar e treinar outros para serem ativistas eficazes. Jevranne tem orgulho de mostrar bondade, compaix\u00e3o e compreens\u00e3o em suas intera\u00e7\u00f5es.<\/p>\n\t\t\t\t\t\t\t\t<\/div>\n\t\t\t\t<\/div>\n\t\t\t\t\t<\/div>\n\t\t<\/div>\n\t\t\t\t<div class=\"elementor-column elementor-col-33 elementor-top-column elementor-element elementor-element-cdf1674\" data-id=\"cdf1674\" data-element_type=\"column\">\n\t\t\t<div class=\"elementor-widget-wrap elementor-element-populated\">\n\t\t\t\t\t\t\t<\/div>\n\t\t<\/div>\n\t\t\t\t<div class=\"elementor-column elementor-col-33 elementor-top-column elementor-element elementor-element-731ac74\" data-id=\"731ac74\" data-element_type=\"column\">\n\t\t\t<div class=\"elementor-widget-wrap elementor-element-populated\">\n\t\t\t\t\t\t\t<\/div>\n\t\t<\/div>\n\t\t\t\t\t<\/div>\n\t\t<\/section>\n\t\t\t\t<section class=\"elementor-section elementor-top-section elementor-element elementor-element-cb1663d elementor-section-boxed elementor-section-height-default elementor-section-height-default\" data-id=\"cb1663d\" data-element_type=\"section\">\n\t\t\t\t\t\t<div class=\"elementor-container elementor-column-gap-default\">\n\t\t\t\t\t<div class=\"elementor-column elementor-col-100 elementor-top-column elementor-element elementor-element-6de3320\" data-id=\"6de3320\" data-element_type=\"column\">\n\t\t\t<div class=\"elementor-widget-wrap elementor-element-populated\">\n\t\t\t\t\t\t<div class=\"elementor-element elementor-element-7bfdc3b elementor-widget elementor-widget-heading\" data-id=\"7bfdc3b\" data-element_type=\"widget\" data-widget_type=\"heading.default\">\n\t\t\t\t<div class=\"elementor-widget-container\">\n\t\t\t\t\t<h2 class=\"elementor-heading-title elementor-size-default\">Sa\u00fade e Nutri\u00e7\u00e3o<\/h2>\t\t\t\t<\/div>\n\t\t\t\t<\/div>\n\t\t\t\t\t<\/div>\n\t\t<\/div>\n\t\t\t\t\t<\/div>\n\t\t<\/section>\n\t\t\t\t<section class=\"elementor-section elementor-top-section elementor-element elementor-element-121da41 elementor-section-boxed elementor-section-height-default elementor-section-height-default\" data-id=\"121da41\" data-element_type=\"section\">\n\t\t\t\t\t\t<div class=\"elementor-container elementor-column-gap-wide\">\n\t\t\t\t\t<div class=\"elementor-column elementor-col-33 elementor-top-column elementor-element elementor-element-fb28f51\" data-id=\"fb28f51\" data-element_type=\"column\">\n\t\t\t<div class=\"elementor-widget-wrap elementor-element-populated\">\n\t\t\t\t\t\t<div class=\"elementor-element elementor-element-f452103 elementor-position-top elementor-widget elementor-widget-image-box\" data-id=\"f452103\" data-element_type=\"widget\" data-widget_type=\"image-box.default\">\n\t\t\t\t<div class=\"elementor-widget-container\">\n\t\t\t\t\t<div class=\"elementor-image-box-wrapper\"><figure class=\"elementor-image-box-img\"><a href=\"http:\/\/veg.ca\/\" tabindex=\"-1\"><img loading=\"lazy\" decoding=\"async\" width=\"150\" height=\"150\" src=\"https:\/\/veganoptioncanada.ca\/wp-content\/uploads\/2019\/02\/susan-150x150.jpeg\" class=\"attachment-thumbnail size-thumbnail wp-image-1854\" alt=\"\" \/><\/a><\/figure><div class=\"elementor-image-box-content\"><h4 class=\"elementor-image-box-title\"><a href=\"http:\/\/veg.ca\/\">Susan Macfarlane<\/a><\/h4><\/div><\/div>\t\t\t\t<\/div>\n\t\t\t\t<\/div>\n\t\t\t\t<div class=\"elementor-element elementor-element-fceaf7e elementor-widget elementor-widget-text-editor\" data-id=\"fceaf7e\" data-element_type=\"widget\" data-widget_type=\"text-editor.default\">\n\t\t\t\t<div class=\"elementor-widget-container\">\n\t\t\t\t\t\t\t\t\t<p><a href=\"http:\/\/www.susanmacfarlanenutrition.com\/\">Susan Macfarlane<\/a>, MScA, RD, ajuda as pessoas a alcan\u00e7ar uma melhor sa\u00fade atrav\u00e9s de uma dieta completa e sustent\u00e1vel. Ela dirige uma cl\u00ednica privada de consultoria em nutri\u00e7\u00e3o em Ottawa e \u00e9 especializada em nutri\u00e7\u00e3o herbal, controle de peso e recupera\u00e7\u00e3o de dist\u00farbios alimentares.<\/p>\n\t\t\t\t\t\t\t\t<\/div>\n\t\t\t\t<\/div>\n\t\t\t\t\t<\/div>\n\t\t<\/div>\n\t\t\t\t<div class=\"elementor-column elementor-col-33 elementor-top-column elementor-element elementor-element-17ddb23\" data-id=\"17ddb23\" data-element_type=\"column\">\n\t\t\t<div class=\"elementor-widget-wrap elementor-element-populated\">\n\t\t\t\t\t\t\t<\/div>\n\t\t<\/div>\n\t\t\t\t<div class=\"elementor-column elementor-col-33 elementor-top-column elementor-element elementor-element-fd2ef12\" data-id=\"fd2ef12\" data-element_type=\"column\">\n\t\t\t<div class=\"elementor-widget-wrap elementor-element-populated\">\n\t\t\t\t\t\t\t<\/div>\n\t\t<\/div>\n\t\t\t\t\t<\/div>\n\t\t<\/section>\n\t\t\t\t<\/div>\n\t\t","protected":false},"excerpt":{"rendered":"<p>Vision Nous d\u00e9sirons nous assurer que tout le monde \u00e0 travers le pays ait un acc\u00e8s garanti \u00e0 la nourriture et \u00e0 un mode de vie qui est bon pour toutes les personnes, animaux et notre plan\u00e8te. Mission Assurer l&#8217;acc\u00e8s aux options v\u00e9ganes dans tout le Canada en tant que droit de la personne fondamental [&hellip;]<\/p>\n","protected":false},"author":1,"featured_media":0,"parent":0,"menu_order":0,"comment_status":"closed","ping_status":"closed","template":"","meta":{"footnotes":""},"class_list":["post-1898","page","type-page","status-publish","hentry"],"yoast_head":"<!-- This site is optimized with the Yoast SEO plugin v26.9 - https:\/\/yoast.com\/product\/yoast-seo-wordpress\/ -->\n<title>Sobre n\u00f3s - Op\u00e7\u00e3o Vegana Canad\u00e1<\/title>\n<meta name=\"robots\" content=\"index, follow, max-snippet:-1, max-image-preview:large, max-video-preview:-1\" \/>\n<link rel=\"canonical\" href=\"https:\/\/veganoptioncanada.ca\/pt-pt\/sobre-nos\/\" \/>\n<meta property=\"og:locale\" content=\"pt_PT\" \/>\n<meta property=\"og:type\" content=\"article\" \/>\n<meta property=\"og:title\" content=\"Sobre n\u00f3s - Op\u00e7\u00e3o Vegana Canad\u00e1\" \/>\n<meta property=\"og:description\" content=\"Vision Nous d\u00e9sirons nous assurer que tout le monde \u00e0 travers le pays ait un acc\u00e8s garanti \u00e0 la nourriture et \u00e0 un mode de vie qui est bon pour toutes les personnes, animaux et notre plan\u00e8te. Mission Assurer l&#8217;acc\u00e8s aux options v\u00e9ganes dans tout le Canada en tant que droit de la personne fondamental [&hellip;]\" \/>\n<meta property=\"og:url\" content=\"https:\/\/veganoptioncanada.ca\/pt-pt\/sobre-nos\/\" \/>\n<meta property=\"og:site_name\" content=\"Op\u00e7\u00e3o Vegana Canad\u00e1\" \/>\n<meta property=\"article:publisher\" content=\"https:\/\/www.facebook.com\/VOOVCanada\/\" \/>\n<meta property=\"article:modified_time\" content=\"2023-01-21T17:57:50+00:00\" \/>\n<meta property=\"og:image\" content=\"https:\/\/veganoptioncanada.org\/wp-content\/uploads\/2019\/01\/alyssa-150x150.jpg\" \/>\n<meta name=\"twitter:card\" content=\"summary_large_image\" \/>\n<meta name=\"twitter:site\" content=\"@CanadaVegan\" \/>\n<meta name=\"twitter:label1\" content=\"Tempo estimado de leitura\" \/>\n\t<meta name=\"twitter:data1\" content=\"16 minutos\" \/>\n<script type=\"application\/ld+json\" class=\"yoast-schema-graph\">{\"@context\":\"https:\/\/schema.org\",\"@graph\":[{\"@type\":\"WebPage\",\"@id\":\"https:\/\/veganoptioncanada.ca\/pt-pt\/sobre-nos\/\",\"url\":\"https:\/\/veganoptioncanada.ca\/pt-pt\/sobre-nos\/\",\"name\":\"Sobre n\u00f3s - Op\u00e7\u00e3o Vegana Canad\u00e1\",\"isPartOf\":{\"@id\":\"http:\/\/veganoptioncanada.ca\/pt-pt\/#website\"},\"primaryImageOfPage\":{\"@id\":\"https:\/\/veganoptioncanada.ca\/pt-pt\/sobre-nos\/#primaryimage\"},\"image\":{\"@id\":\"https:\/\/veganoptioncanada.ca\/pt-pt\/sobre-nos\/#primaryimage\"},\"thumbnailUrl\":\"https:\/\/veganoptioncanada.org\/wp-content\/uploads\/2019\/01\/alyssa-150x150.jpg\",\"datePublished\":\"2018-11-14T16:10:04+00:00\",\"dateModified\":\"2023-01-21T17:57:50+00:00\",\"breadcrumb\":{\"@id\":\"https:\/\/veganoptioncanada.ca\/pt-pt\/sobre-nos\/#breadcrumb\"},\"inLanguage\":\"pt-PT\",\"potentialAction\":[{\"@type\":\"ReadAction\",\"target\":[\"https:\/\/veganoptioncanada.ca\/pt-pt\/sobre-nos\/\"]}]},{\"@type\":\"ImageObject\",\"inLanguage\":\"pt-PT\",\"@id\":\"https:\/\/veganoptioncanada.ca\/pt-pt\/sobre-nos\/#primaryimage\",\"url\":\"https:\/\/veganoptioncanada.org\/wp-content\/uploads\/2019\/01\/alyssa-150x150.jpg\",\"contentUrl\":\"https:\/\/veganoptioncanada.org\/wp-content\/uploads\/2019\/01\/alyssa-150x150.jpg\"},{\"@type\":\"BreadcrumbList\",\"@id\":\"https:\/\/veganoptioncanada.ca\/pt-pt\/sobre-nos\/#breadcrumb\",\"itemListElement\":[{\"@type\":\"ListItem\",\"position\":1,\"name\":\"Home\",\"item\":\"https:\/\/veganoptioncanada.ca\/pt-pt\/\"},{\"@type\":\"ListItem\",\"position\":2,\"name\":\"Sobre n\u00f3s\"}]},{\"@type\":\"WebSite\",\"@id\":\"http:\/\/veganoptioncanada.ca\/pt-pt\/#website\",\"url\":\"http:\/\/veganoptioncanada.ca\/pt-pt\/\",\"name\":\"Vegan Option Canada - Option V\u00e9gane Canada\",\"description\":\"\",\"publisher\":{\"@id\":\"http:\/\/veganoptioncanada.ca\/pt-pt\/#organization\"},\"potentialAction\":[{\"@type\":\"SearchAction\",\"target\":{\"@type\":\"EntryPoint\",\"urlTemplate\":\"http:\/\/veganoptioncanada.ca\/pt-pt\/?s={search_term_string}\"},\"query-input\":{\"@type\":\"PropertyValueSpecification\",\"valueRequired\":true,\"valueName\":\"search_term_string\"}}],\"inLanguage\":\"pt-PT\"},{\"@type\":\"Organization\",\"@id\":\"http:\/\/veganoptioncanada.ca\/pt-pt\/#organization\",\"name\":\"Vegan Option Canada\",\"url\":\"http:\/\/veganoptioncanada.ca\/pt-pt\/\",\"logo\":{\"@type\":\"ImageObject\",\"inLanguage\":\"pt-PT\",\"@id\":\"http:\/\/veganoptioncanada.ca\/pt-pt\/#\/schema\/logo\/image\/\",\"url\":\"http:\/\/veganoptioncanada.ca\/wp-content\/uploads\/2021\/04\/Logo_OVC_transparent_web.png\",\"contentUrl\":\"http:\/\/veganoptioncanada.ca\/wp-content\/uploads\/2021\/04\/Logo_OVC_transparent_web.png\",\"width\":200,\"height\":200,\"caption\":\"Vegan Option Canada\"},\"image\":{\"@id\":\"http:\/\/veganoptioncanada.ca\/pt-pt\/#\/schema\/logo\/image\/\"},\"sameAs\":[\"https:\/\/www.facebook.com\/VOOVCanada\/\",\"https:\/\/x.com\/CanadaVegan\",\"https:\/\/instagram.com\/veganoptioncanada\/\",\"https:\/\/www.youtube.com\/channel\/UCDVCrc0eUMbWkdRwsUQi4Hw\"]}]}<\/script>\n<!-- \/ Yoast SEO plugin. -->","yoast_head_json":{"title":"Sobre n\u00f3s - Op\u00e7\u00e3o Vegana Canad\u00e1","robots":{"index":"index","follow":"follow","max-snippet":"max-snippet:-1","max-image-preview":"max-image-preview:large","max-video-preview":"max-video-preview:-1"},"canonical":"https:\/\/veganoptioncanada.ca\/pt-pt\/sobre-nos\/","og_locale":"pt_PT","og_type":"article","og_title":"Sobre n\u00f3s - Op\u00e7\u00e3o Vegana Canad\u00e1","og_description":"Vision Nous d\u00e9sirons nous assurer que tout le monde \u00e0 travers le pays ait un acc\u00e8s garanti \u00e0 la nourriture et \u00e0 un mode de vie qui est bon pour toutes les personnes, animaux et notre plan\u00e8te. Mission Assurer l&#8217;acc\u00e8s aux options v\u00e9ganes dans tout le Canada en tant que droit de la personne fondamental [&hellip;]","og_url":"https:\/\/veganoptioncanada.ca\/pt-pt\/sobre-nos\/","og_site_name":"Op\u00e7\u00e3o Vegana Canad\u00e1","article_publisher":"https:\/\/www.facebook.com\/VOOVCanada\/","article_modified_time":"2023-01-21T17:57:50+00:00","og_image":[{"url":"https:\/\/veganoptioncanada.org\/wp-content\/uploads\/2019\/01\/alyssa-150x150.jpg","type":"","width":"","height":""}],"twitter_card":"summary_large_image","twitter_site":"@CanadaVegan","twitter_misc":{"Tempo estimado de leitura":"16 minutos"},"schema":{"@context":"https:\/\/schema.org","@graph":[{"@type":"WebPage","@id":"https:\/\/veganoptioncanada.ca\/pt-pt\/sobre-nos\/","url":"https:\/\/veganoptioncanada.ca\/pt-pt\/sobre-nos\/","name":"Sobre n\u00f3s - Op\u00e7\u00e3o Vegana Canad\u00e1","isPartOf":{"@id":"http:\/\/veganoptioncanada.ca\/pt-pt\/#website"},"primaryImageOfPage":{"@id":"https:\/\/veganoptioncanada.ca\/pt-pt\/sobre-nos\/#primaryimage"},"image":{"@id":"https:\/\/veganoptioncanada.ca\/pt-pt\/sobre-nos\/#primaryimage"},"thumbnailUrl":"https:\/\/veganoptioncanada.org\/wp-content\/uploads\/2019\/01\/alyssa-150x150.jpg","datePublished":"2018-11-14T16:10:04+00:00","dateModified":"2023-01-21T17:57:50+00:00","breadcrumb":{"@id":"https:\/\/veganoptioncanada.ca\/pt-pt\/sobre-nos\/#breadcrumb"},"inLanguage":"pt-PT","potentialAction":[{"@type":"ReadAction","target":["https:\/\/veganoptioncanada.ca\/pt-pt\/sobre-nos\/"]}]},{"@type":"ImageObject","inLanguage":"pt-PT","@id":"https:\/\/veganoptioncanada.ca\/pt-pt\/sobre-nos\/#primaryimage","url":"https:\/\/veganoptioncanada.org\/wp-content\/uploads\/2019\/01\/alyssa-150x150.jpg","contentUrl":"https:\/\/veganoptioncanada.org\/wp-content\/uploads\/2019\/01\/alyssa-150x150.jpg"},{"@type":"BreadcrumbList","@id":"https:\/\/veganoptioncanada.ca\/pt-pt\/sobre-nos\/#breadcrumb","itemListElement":[{"@type":"ListItem","position":1,"name":"Home","item":"https:\/\/veganoptioncanada.ca\/pt-pt\/"},{"@type":"ListItem","position":2,"name":"Sobre n\u00f3s"}]},{"@type":"WebSite","@id":"http:\/\/veganoptioncanada.ca\/pt-pt\/#website","url":"http:\/\/veganoptioncanada.ca\/pt-pt\/","name":"Vegan Option Canada - Option V\u00e9gane Canada","description":"","publisher":{"@id":"http:\/\/veganoptioncanada.ca\/pt-pt\/#organization"},"potentialAction":[{"@type":"SearchAction","target":{"@type":"EntryPoint","urlTemplate":"http:\/\/veganoptioncanada.ca\/pt-pt\/?s={search_term_string}"},"query-input":{"@type":"PropertyValueSpecification","valueRequired":true,"valueName":"search_term_string"}}],"inLanguage":"pt-PT"},{"@type":"Organization","@id":"http:\/\/veganoptioncanada.ca\/pt-pt\/#organization","name":"Vegan Option Canada","url":"http:\/\/veganoptioncanada.ca\/pt-pt\/","logo":{"@type":"ImageObject","inLanguage":"pt-PT","@id":"http:\/\/veganoptioncanada.ca\/pt-pt\/#\/schema\/logo\/image\/","url":"http:\/\/veganoptioncanada.ca\/wp-content\/uploads\/2021\/04\/Logo_OVC_transparent_web.png","contentUrl":"http:\/\/veganoptioncanada.ca\/wp-content\/uploads\/2021\/04\/Logo_OVC_transparent_web.png","width":200,"height":200,"caption":"Vegan Option Canada"},"image":{"@id":"http:\/\/veganoptioncanada.ca\/pt-pt\/#\/schema\/logo\/image\/"},"sameAs":["https:\/\/www.facebook.com\/VOOVCanada\/","https:\/\/x.com\/CanadaVegan","https:\/\/instagram.com\/veganoptioncanada\/","https:\/\/www.youtube.com\/channel\/UCDVCrc0eUMbWkdRwsUQi4Hw"]}]}},"_links":{"self":[{"href":"https:\/\/veganoptioncanada.ca\/pt-pt\/wp-json\/wp\/v2\/pages\/1898","targetHints":{"allow":["GET"]}}],"collection":[{"href":"https:\/\/veganoptioncanada.ca\/pt-pt\/wp-json\/wp\/v2\/pages"}],"about":[{"href":"https:\/\/veganoptioncanada.ca\/pt-pt\/wp-json\/wp\/v2\/types\/page"}],"author":[{"embeddable":true,"href":"https:\/\/veganoptioncanada.ca\/pt-pt\/wp-json\/wp\/v2\/users\/1"}],"replies":[{"embeddable":true,"href":"https:\/\/veganoptioncanada.ca\/pt-pt\/wp-json\/wp\/v2\/comments?post=1898"}],"version-history":[{"count":5,"href":"https:\/\/veganoptioncanada.ca\/pt-pt\/wp-json\/wp\/v2\/pages\/1898\/revisions"}],"predecessor-version":[{"id":4322,"href":"https:\/\/veganoptioncanada.ca\/pt-pt\/wp-json\/wp\/v2\/pages\/1898\/revisions\/4322"}],"wp:attachment":[{"href":"https:\/\/veganoptioncanada.ca\/pt-pt\/wp-json\/wp\/v2\/media?parent=1898"}],"curies":[{"name":"wp","href":"https:\/\/api.w.org\/{rel}","templated":true}]}}