{"id":4355,"date":"2019-01-26T00:30:00","date_gmt":"2019-01-26T05:30:00","guid":{"rendered":"https:\/\/veganoptioncanada.ca\/peticao-de-manitoba\/"},"modified":"2025-03-29T22:16:14","modified_gmt":"2025-03-30T03:16:14","slug":"peticao-de-manitoba","status":"publish","type":"page","link":"https:\/\/veganoptioncanada.ca\/pt-pt\/peticao-de-manitoba\/","title":{"rendered":"Peti\u00e7\u00e3o de Manitoba"},"content":{"rendered":"\t\t<div data-elementor-type=\"wp-post\" data-elementor-id=\"4355\" class=\"elementor elementor-4355 elementor-1190 elementor-bc-flex-widget\" data-elementor-post-type=\"page\">\n\t\t\t\t\t\t<section class=\"elementor-section elementor-top-section elementor-element elementor-element-0752a57 elementor-section-full_width elementor-section-height-default elementor-section-height-default\" data-id=\"0752a57\" data-element_type=\"section\" data-settings=\"{&quot;background_background&quot;:&quot;classic&quot;,&quot;shape_divider_top&quot;:&quot;mountains&quot;}\">\n\t\t\t\t\t<div class=\"elementor-shape elementor-shape-top\" aria-hidden=\"true\" data-negative=\"false\">\n\t\t\t<svg xmlns=\"http:\/\/www.w3.org\/2000\/svg\" viewBox=\"0 0 1000 100\" preserveAspectRatio=\"none\">\n\t<path class=\"elementor-shape-fill\" opacity=\"0.33\" d=\"M473,67.3c-203.9,88.3-263.1-34-320.3,0C66,119.1,0,59.7,0,59.7V0h1000v59.7 c0,0-62.1,26.1-94.9,29.3c-32.8,3.3-62.8-12.3-75.8-22.1C806,49.6,745.3,8.7,694.9,4.7S492.4,59,473,67.3z\"\/>\n\t<path class=\"elementor-shape-fill\" opacity=\"0.66\" d=\"M734,67.3c-45.5,0-77.2-23.2-129.1-39.1c-28.6-8.7-150.3-10.1-254,39.1 s-91.7-34.4-149.2,0C115.7,118.3,0,39.8,0,39.8V0h1000v36.5c0,0-28.2-18.5-92.1-18.5C810.2,18.1,775.7,67.3,734,67.3z\"\/>\n\t<path class=\"elementor-shape-fill\" d=\"M766.1,28.9c-200-57.5-266,65.5-395.1,19.5C242,1.8,242,5.4,184.8,20.6C128,35.8,132.3,44.9,89.9,52.5C28.6,63.7,0,0,0,0 h1000c0,0-9.9,40.9-83.6,48.1S829.6,47,766.1,28.9z\"\/>\n<\/svg>\t\t<\/div>\n\t\t\t\t\t<div class=\"elementor-container elementor-column-gap-default\">\n\t\t\t\t\t<div class=\"elementor-column elementor-col-100 elementor-top-column elementor-element elementor-element-3a62ecd\" data-id=\"3a62ecd\" data-element_type=\"column\">\n\t\t\t<div class=\"elementor-widget-wrap elementor-element-populated\">\n\t\t\t\t\t\t<div class=\"elementor-element elementor-element-692d2be elementor-widget elementor-widget-spacer\" data-id=\"692d2be\" data-element_type=\"widget\" data-widget_type=\"spacer.default\">\n\t\t\t\t<div class=\"elementor-widget-container\">\n\t\t\t\t\t\t\t<div class=\"elementor-spacer\">\n\t\t\t<div class=\"elementor-spacer-inner\"><\/div>\n\t\t<\/div>\n\t\t\t\t\t\t<\/div>\n\t\t\t\t<\/div>\n\t\t\t\t\t<\/div>\n\t\t<\/div>\n\t\t\t\t\t<\/div>\n\t\t<\/section>\n\t\t\t\t<section class=\"elementor-section elementor-top-section elementor-element elementor-element-a5ff9d3 elementor-section-boxed elementor-section-height-default elementor-section-height-default\" data-id=\"a5ff9d3\" data-element_type=\"section\">\n\t\t\t\t\t\t<div class=\"elementor-container elementor-column-gap-default\">\n\t\t\t\t\t<div class=\"elementor-column elementor-col-50 elementor-top-column elementor-element elementor-element-271bf5e\" data-id=\"271bf5e\" data-element_type=\"column\">\n\t\t\t<div class=\"elementor-widget-wrap elementor-element-populated\">\n\t\t\t\t\t\t<div class=\"elementor-element elementor-element-b24bb77 elementor-widget elementor-widget-image\" data-id=\"b24bb77\" data-element_type=\"widget\" data-widget_type=\"image.default\">\n\t\t\t\t<div class=\"elementor-widget-container\">\n\t\t\t\t\t\t\t\t\t\t\t\t\t\t\t<img decoding=\"async\" width=\"150\" height=\"150\" src=\"https:\/\/veganoptioncanada.ca\/wp-content\/uploads\/2019\/01\/Avocados-150x150.png\" class=\"attachment-thumbnail size-thumbnail wp-image-1109\" alt=\"\" \/>\t\t\t\t\t\t\t\t\t\t\t\t\t\t\t<\/div>\n\t\t\t\t<\/div>\n\t\t\t\t\t<\/div>\n\t\t<\/div>\n\t\t\t\t<div class=\"elementor-column elementor-col-50 elementor-top-column elementor-element elementor-element-a097e0c\" data-id=\"a097e0c\" data-element_type=\"column\">\n\t\t\t<div class=\"elementor-widget-wrap elementor-element-populated\">\n\t\t\t\t\t\t<div class=\"elementor-element elementor-element-2745cc3 elementor-widget elementor-widget-text-editor\" data-id=\"2745cc3\" data-element_type=\"widget\" data-widget_type=\"text-editor.default\">\n\t\t\t\t<div class=\"elementor-widget-container\">\n\t\t\t\t\t\t\t\t\t<h4>Criar uma op\u00e7\u00e3o de refei\u00e7\u00e3o vegana nos refeit\u00f3rios p\u00fablicos em Manitoba<\/h4>\t\t\t\t\t\t\t\t<\/div>\n\t\t\t\t<\/div>\n\t\t\t\t\t<\/div>\n\t\t<\/div>\n\t\t\t\t\t<\/div>\n\t\t<\/section>\n\t\t\t\t<section class=\"elementor-section elementor-top-section elementor-element elementor-element-496a75a elementor-section-boxed elementor-section-height-default elementor-section-height-default\" data-id=\"496a75a\" data-element_type=\"section\">\n\t\t\t\t\t\t<div class=\"elementor-container elementor-column-gap-extended\">\n\t\t\t\t\t<div class=\"elementor-column elementor-col-50 elementor-top-column elementor-element elementor-element-76bd0d5\" data-id=\"76bd0d5\" data-element_type=\"column\">\n\t\t\t<div class=\"elementor-widget-wrap elementor-element-populated\">\n\t\t\t\t\t\t<div class=\"elementor-element elementor-element-39f892b elementor-widget elementor-widget-shortcode\" data-id=\"39f892b\" data-element_type=\"widget\" data-widget_type=\"shortcode.default\">\n\t\t\t\t<div class=\"elementor-widget-container\">\n\t\t\t\t\t\t\t<div class=\"elementor-shortcode\"> \n\t<!-- SpeakOut! Email Petitions 4.6.5.1 : Pt-pt -->\n\t\t<div id=\"dk-speakout-windowshade\"><\/div>\n\t<div class=\"dk-speakout-petition-wrap dk-speakout-petition-id-2\" id=\"dk-speakout-petition-2\" >\n\t\t<h3>Signer la p\u00e9tition<\/h3>\n\n\t\t\t\t\t<a id=\"dk-speakout-readme-2\" class=\"dk-speakout-readme\" rel=\"2\" style=\"display: none;\"><span>Read the petition<\/span><\/a>\n\t\t\n\t\t<div id=\"dk-speakout-form-wrap\">\n\t\t\t<form class=\"dk-speakout-petition\">\n\t\t\t\t<input type=\"hidden\" id=\"security\" name=\"security\" value=\"54d33482c6\" \/><input type=\"hidden\" name=\"_wp_http_referer\" value=\"\/pt-pt\/wp-json\/wp\/v2\/pages\/4355\" \/>\t\t\t\t<input type=\"hidden\" id=\"dk-speakout-posttitle-2\" value=\"Signer la p\u00e9tition\" \/>\n\t\t\t\t<input type=\"hidden\" id=\"dk-speakout-tweet-2\" value=\"Nous, soussign\u00e9s, citoyens du Qu\u00e9bec, demandons au gouvernement du Qu\u00e9bec d\u2019exiger que les cantines publiques de comp\u00e9tence provinciale offrent une option v\u00e9g\u00e9talienne\" \/>\n\t\t\t\t<input type=\"hidden\" id=\"dk-speakout-lang-2\" value=\"pt-pt\" \/>\n\t\t\t\t<input type=\"hidden\" id=\"dk-speakout-textval-2\" value=\"val\" \/>\n\t\t\t\t<input type=\"hidden\" id=\"dk-speakout-petition-fade-2\" value=\"disabled\" \/>\n\t\t\t\t<input type=\"hidden\" id=\"dk-speakout-requires_confirmation-2\" value=\"0\" \/>\n\t\t\t\t<input type=\"hidden\" id=\"dk-speakout-hide-email-field-2\" value=\"0\" \/>\n\n\t\t\t\t\n\t\t\t\t\t\t\t\t\n\t\t\t\t\n\t\t\t\t<div class=\"dk-speakout-full\">\n\t\t\t\t\t<input autocomplete=\"given-name\" name=\"dk-speakout-first-name\" id=\"dk-speakout-first-name-2\" type=\"text\" placeholder=\"First Name\" required=\"required\"  \/>\n\t\t\t\t<\/div>\n\t\t\t\t\n\t\t\t\t<div class=\"dk-speakout-full\">\n\t\t\t\t\t<input autocomplete=\"family-name\" name=\"dk-speakout-last-name\" id=\"dk-speakout-last-name-2\" type=\"text\" placeholder=\"Last Name\" required=\"required\"  \/>\n\t\t\t\t<\/div>\n\n\t\t\t\t\n\t\t\t\t\t\t\t\t\t<div class=\"dk-speakout-full\">\n\t\t\t\t\t\t<input autocomplete=\"email\" name=\"dk-speakout-email\" id=\"dk-speakout-email-2\" type=\"email\"  placeholder=\"Email\" required=\"required\"  \/>\n\t\t\t\t\t<\/div>\n\t\t\t\t\n\t\t\t\t\t\t\t\t<div>\n\n\t\t\t\t\n\t\t\t\t\t\t\t\t\t<div class=\"dk-speakout-half\">\n\t\t\t\t\t\t<input  autocomplete=\"address-level2\" name=\"dk-speakout-city\" id=\"dk-speakout-city-2\" maxlength=\"200\" type=\"text\" placeholder=\"City\"  \/>\n\t\t\t\t\t<\/div>\n\t\t\t\t\n\t\t\t\t\t\t\t\t\t<div class=\"dk-speakout-half\">\n\t\t\t\t\t\t<input  autocomplete=\"address-level1\" name=\"dk-speakout-state\" id=\"dk-speakout-state-2\" maxlength=\"200\" type=\"text\" list=\"dk-speakout-states\"  placeholder=\"State \/ Province\"  \/>\n\t\t\t\t\t<\/div>\n\t\t\t\t\n\t\t\t\t\t\t\t\t\t<div class=\"dk-speakout-half\">\n\t\t\t\t\t\t<input  autocomplete=\"postal-code\" name=\"dk-speakout-postcode\" id=\"dk-speakout-postcode-2\" maxlength=\"200\" type=\"text\"  placeholder=\"Postal Code\" \/>\n\t\t\t\t\t<\/div>\n\t\t\t\t\n\t\t\t\t\n\t\t\t\t\n\t\t\t\t<\/div>\n\n\t\t\t\t\t\t\t\t\t<div class=\"dk-speakout-full dk-speakout-message\"  id=\"dk-speakout-message-2\">\n\t\t\t\t\t\t<p class=\"dk-speakout-greeting\"><\/p>\n\t\t\t\t\t\t<p>La restauration collective fait actuellement face \u00e0 un changement majeur dans les pratiques alimentaires des canadiens. Nombreux-ses sont celles et ceux qui ont adopt\u00e9 ou sont en train d\u2019adopter une alimentation v\u00e9g\u00e9talienne. Les raisons en sont multiples et renvoient \u00e0 des enjeux \u00e9thiques, \u00e9cologiques ou de sant\u00e9. Signe des temps, l\u2019augmentation de la demande a entra\u00een\u00e9 une augmentation concomitante de l\u2019offre de produits v\u00e9g\u00e9taliens sur le march\u00e9.<\/p>\n<p>En mati\u00e8re de sant\u00e9, la Direction g\u00e9n\u00e9rale de la Sant\u00e9 a publi\u00e9 en 2015 un guide faisant \u00e9tat des nombreux b\u00e9n\u00e9fices d\u2019un r\u00e9gime \u00e0 base de plantes et montrant sans \u00e9quivoque que celui-ci remplit tous les besoins nutritionnels des \u00eatres humains, et ce, \u00e0 tous les \u00e2ges de la vie, s\u2019il fait la part \u00e9gale aux l\u00e9gumineuses, aux c\u00e9r\u00e9ales compl\u00e8tes, aux l\u00e9gumes et aux fruits. Les di\u00e9t\u00e9ticiens du Canada eux-m\u00eames soulignent clairement les avantages pour la sant\u00e9 de ce r\u00e9gime, lesquels s\u2019observent notamment dans le moindre taux de maladies coronariennes, de diab\u00e8tes et de certains cancers chez les v\u00e9g\u00e9taliens.<\/p>\n<p>Si l\u2019alimentation v\u00e9g\u00e9talienne est ainsi devenue un enjeu de sant\u00e9 publique, elle repr\u00e9sente \u00e9galement un enjeu plan\u00e9taire de pr\u00e9servation de l\u2019environnement. L\u2019ONU a d\u00e9j\u00e0 mentionn\u00e9 \u00e0 cet \u00e9gard que le choix d\u2019une alimentation v\u00e9g\u00e9tale est une excellente fa\u00e7on de prot\u00e9ger la plan\u00e8te des changements climatiques en cours, puisque l\u2019\u00e9levage en est manifestement l\u2019un des principaux responsables.<\/p>\n<p>Enfin, l\u2019opinion publique se montre de plus en plus soucieuse de la question \u00e9thique qui se cache derri\u00e8re l\u2019alimentation omnivore, avec de profondes interrogations quant au bien-fond\u00e9 de l\u2019\u00e9levage et de la mise \u00e0 mort de millions d\u2019animaux \u00e0 des fins de consommation.<\/p>\n<p>Ces interrogations et les convictions qui en d\u00e9coulent soul\u00e8vent la question de la libert\u00e9 de conscience, ch\u00e8re \u00e0 nos valeurs et inscrite dans notre Constitution. La Charte canadienne des Droits et Libert\u00e9s stipule en effet, en son article 2A, que tout citoyen canadien b\u00e9n\u00e9ficie, parmi les libert\u00e9s fondamentales \u00e9nonc\u00e9es, de la libert\u00e9 de conscience et de religion.<\/p>\n<p>Or, il appara\u00eet clairement aujourd\u2019hui que la libert\u00e9 de conscience inclut le choix \u00e9thique du v\u00e9ganisme et d\u2019une alimentation v\u00e9g\u00e9talienne. Ce choix repose en effet sur la conviction que la consommation de produits d\u2019origine animale est moralement insoutenable. Les motivations sous-jacentes au choix v\u00e9g\u00e9talien tombent sans \u00e9quivoque possible sous l\u2019\u00e9gide de l\u2019expression de la \u00ab conscience \u00bb mentionn\u00e9e dans la Charte. <\/p>\n<p>Le choix du v\u00e9ganisme ne peut donc plus \u00eatre ignor\u00e9 puisqu\u2019il rel\u00e8ve explicitement de la libert\u00e9 de conscience qui s\u2019y trouve clairement \u00e9nonc\u00e9e. En cons\u00e9quence, nul ne saurait aujourd\u2019hui \u00eatre contraint de consommer de la viande, du lait, du fromage ou des \u0153ufs, par d\u00e9faut d\u2019un autre choix possible.<\/p>\n<p>Pr\u00e9cisons que le v\u00e9ganisme ne peut en aucun cas \u00eatre assimil\u00e9 \u00e0 une mode passag\u00e8re. Il constitue un ensemble de principes moraux (\u00ab creed \u00bb) tels que le d\u00e9finit notamment l\u2019OHRC (Ontario Human Rights Code) : c\u2019est un choix sinc\u00e8re, libre, int\u00e9gralement li\u00e9 \u00e0 l\u2019identit\u00e9 de celui ou de celle qui le fait, gouvernant sa conduite, questionnant le sens m\u00eame de l\u2019existence humaine et impliquant, dans la plupart des cas, un lien avec une organisation ou une appartenance \u00e0 une communaut\u00e9 qui partage le m\u00eame syst\u00e8me de pens\u00e9e et les m\u00eames valeurs fondamentales. Il faut rappeler \u00e0 cet \u00e9gard que le pr\u00e9ambule de l\u2019OHRC a pour but d\u2019assurer \u00e0 chaque personne une \u00e9galit\u00e9 de droits, sans discrimination d\u2019aucune sorte.<\/p>\n<p>Cette perception des choses se retrouve d\u2019ailleurs enti\u00e8rement dans les principes directeurs du Nouveau Guide Alimentaire Canadien qui, non seulement traitent de la diversit\u00e9 culturelle comme de l\u2019un des \u00e9l\u00e9ments \u00e0 prendre en consid\u00e9ration pour \u00e9tablir le prochain Guide, mais indiquent \u00e9galement que les aliments sont intrins\u00e8quement li\u00e9s \u00e0 l\u2019identit\u00e9 et \u00e0 la culture, et que la consommation d\u2019aliments v\u00e9g\u00e9taliens est au coeur de l\u2019identit\u00e9 d\u2019un v\u00e9g\u00e9talien. Un v\u00e9g\u00e9talien ne peut donc pas choisir de manger \u201cautre chose \u201c si une option v\u00e9g\u00e9talienne n\u2019est pas disponible. Celle-ci s\u2019av\u00e8re donc absolument indispensable dans les \u00e9tablissements publics si nous souhaitons, en tant que canadiens fid\u00e8les \u00e0 nos principes, rester inclusifs et respectueux de notre diversit\u00e9.<\/p>\n<p>En outre, il est important de souligner que ces options v\u00e9g\u00e9taliennes \u00e0 pr\u00e9voir dans les \u00e9tablissements ne sauraient \u00eatre con\u00e7ues sans un minimum d\u2019exigence et de professionnalisme. Les v\u00e9g\u00e9taliens sont habitu\u00e9s \u00e0 une cuisine riche, vari\u00e9e et de qualit\u00e9, et les repas \u00e0 base de plantes requi\u00e8rent les m\u00eames standards d\u2019exigence que les repas omnivores. Les options v\u00e9g\u00e9taliennes devront donc \u00eatre optimales et permettre un repas complet et \u00e9quilibr\u00e9, lequel devra \u00eatre approuv\u00e9 par un nutritionniste, un di\u00e9t\u00e9tiste ou un autre sp\u00e9cialiste des aliments. Les r\u00e9f\u00e9rences en mati\u00e8re de repas v\u00e9g\u00e9taliens de qualit\u00e9 ne manquent pas et les \u00e9tablissements devront recevoir toute l\u2019expertise requise pour \u00eatre en mesure d\u2019accompagner les fournisseurs dans leur \u00e9ducation \u00e0 la prot\u00e9ine v\u00e9g\u00e9tale, notamment. Un guide de la prot\u00e9ine v\u00e9g\u00e9tale pour les fournisseurs est d\u2019ores et d\u00e9j\u00e0 disponible, lequel offre tout un panel d\u2019alternatives v\u00e9g\u00e9tales, de recettes faciles, \u00e9conomiques, et permettant un service \u00e0 grande \u00e9chelle.<\/p>\n<p>Par ailleurs, c\u2019est la perception de la communaut\u00e9 v\u00e9gane par le grand public qui est en jeu dans la question de la qualit\u00e9 et du go\u00fbt, dans la mesure o\u00f9 une premi\u00e8re exp\u00e9rience d\u2019un repas v\u00e9g\u00e9talien par un n\u00e9ophyte doit inciter davantage \u00e0 l\u2019approbation qu\u2019au rejet. La premi\u00e8re exp\u00e9rience peut ainsi \u00eatre d\u00e9terminante, puisque le rapport \u00e0 la nourriture implique n\u00e9cessairement une perception par le grand public des personnes qui ont fait le choix v\u00e9g\u00e9talien. <\/p>\n<p>Pour toutes les raisons invoqu\u00e9es plus haut, nous prions donc le gouvernement du Manitoba d\u2019exiger que les \u00e9tablissements publics, qu\u2019ils s\u2019agisse des institutions scolaires du primaire, du secondaire ou universitaires, des centres d\u2019h\u00e9bergement pour personnes \u00e2g\u00e9es, des prisons ou des h\u00f4pitaux, et autres....de mettre \u00e0 disposition des personnes qui les fr\u00e9quentent, une option v\u00e9g\u00e9talienne satisfaisante. Ceci a d\u00e9j\u00e0 \u00e9t\u00e9 r\u00e9alis\u00e9 avec succ\u00e8s au Portugal, dont il serait possible de s\u2019inspirer le cas \u00e9ch\u00e9ant.<\/p>\t\t\t\t\t\t\n\t\t\t\t\t\t\t\t\t\t\t\t\t<br><br>Signer la p\u00e9tition\t\t\t\t\t\t\t\t\t\t\t<\/div>\n\t\t\t\t\n\t\t\t\t\t\t\t\t\t<div class=\"dk-speakout-optin-wrap\" >\n\t\t\t\t\t\t<div class=\"dk-speakout-optin-checkbox\">\n\t\t\t\t\t\t\t<input type=\"checkbox\" name=\"dk-speakout-optin\"  id=\"dk-speakout-optin-2\" \/>\n\t\t\t\t\t\t\t<label for=\"dk-speakout-optin-2\" class=\"dk-speakout-options\">Joignez Option V\u00e9gane Canada<\/label>\n\t\t\t\t\t\t<\/div>\n\t\t\t\t\t<\/div>\n\t\t\t\t\n\t\t\t\t\n\t\t\t\t\n\t\t\t\t\n\t\t\t\t\n\t\t\t\t\n\t\t\t\t<div class=\"dk-speakout-submit-wrap\">\n\t\t\t\t\t<div id=\"dk-speakout-ajaxloader-2\" class=\"dk-speakout-ajaxloader\" style=\"visibility: hidden;\">&nbsp;<\/div>\n\t\t\t\t\t<button name=\"2\" class=\"dk-speakout-submit\">Signer<\/button>\n\t\t\t\t<\/div>\n\t\t\t<\/form>\n\t\t<\/div>\n\t\t<div class=\"dk-speakout-response\"><\/div>\n\n\t\t\t\t\t<div class=\"dk-speakout-progress-wrap\">\n\t\t\t\t<div class=\"dk-speakout-signature-count\">\n\t\t\t\t\t<span>582<\/span> signatures Goal: 1,000\t\t\t\t<\/div>\n\t\t\t\t\t\t\t\t\t<div class=\"dk-speakout-count\">0<div class=\"dk-speakout-progress\" style=\"width: 58.2px;\">\r\n\t\t\t\t\t\t\t\t<div class=\"dk-speakout-progressbar dk-speakout-progressbar-medium\" style=\"width: 33px;\"><\/div>\r\n\t\t\t\t\t\t\t<\/div> 1,000<\/div>\n\t\t\t\t\t\t\t<\/div>\n\t\t\n\t\t\t\t\t<div class=\"dk-speakout-share\">\n\t\t\t\t<div>\n\t\t\t\t\t<p>Partager avec vos amis:<\/p>\n\t\t\t\t\t<p>\n\t\t\t\t\t\t<a class=\"dk-speakout-facebook\" href=\"#\" title=\"Facebook\" rel=\"2\"><\/a>\n\t\t\t\t\t\t<a class=\"dk-speakout-email\"  target=\"_blank\" href=\"mailto:?subject=Signer%20la%20p%C3%A9tition&amp;body=https%3A%2F%2Fveganoptioncanada.ca%2Fpt-pt%2Fpeticao-de-manitoba%2F\" title=\"Share by Email\"><\/a>\n\t\t\t\t\t\t<a class=\"dk-speakout-x\" href=\"#\" title=\"X\" rel=\"2\"><\/a>\n\t\t\t\t\t<\/p>\n\t\t\t\t<\/div>\n\t\t\t\t<div class=\"dk-speakout-clear\"><\/div>\n\t\t\t<\/div>\n\t\t\t<\/div>\n\n<\/div>\n\t\t\t\t\t\t<\/div>\n\t\t\t\t<\/div>\n\t\t\t\t\t<\/div>\n\t\t<\/div>\n\t\t\t\t<div class=\"elementor-column elementor-col-50 elementor-top-column elementor-element elementor-element-71634ad\" data-id=\"71634ad\" data-element_type=\"column\">\n\t\t\t<div class=\"elementor-widget-wrap elementor-element-populated\">\n\t\t\t\t\t\t<section class=\"elementor-section elementor-inner-section elementor-element elementor-element-de558aa elementor-section-boxed elementor-section-height-default elementor-section-height-default\" data-id=\"de558aa\" data-element_type=\"section\">\n\t\t\t\t\t\t<div class=\"elementor-container elementor-column-gap-default\">\n\t\t\t\t\t<div class=\"elementor-column elementor-col-50 elementor-inner-column elementor-element elementor-element-3baea2f\" data-id=\"3baea2f\" data-element_type=\"column\">\n\t\t\t<div class=\"elementor-widget-wrap elementor-element-populated\">\n\t\t\t\t\t\t<div class=\"elementor-element elementor-element-9a37888 elementor-widget elementor-widget-heading\" data-id=\"9a37888\" data-element_type=\"widget\" data-widget_type=\"heading.default\">\n\t\t\t\t<div class=\"elementor-widget-container\">\n\t\t\t\t\t<h2 class=\"elementor-heading-title elementor-size-default\"><b>\u00c0 Assembleia Legislativa de Manitoba<\/b><\/h2>\t\t\t\t<\/div>\n\t\t\t\t<\/div>\n\t\t\t\t\t<\/div>\n\t\t<\/div>\n\t\t\t\t<div class=\"elementor-column elementor-col-50 elementor-inner-column elementor-element elementor-element-e233640\" data-id=\"e233640\" data-element_type=\"column\">\n\t\t\t<div class=\"elementor-widget-wrap elementor-element-populated\">\n\t\t\t\t\t\t<div class=\"elementor-element elementor-element-144c4ba elementor-widget elementor-widget-image\" data-id=\"144c4ba\" data-element_type=\"widget\" data-widget_type=\"image.default\">\n\t\t\t\t<div class=\"elementor-widget-container\">\n\t\t\t\t\t\t\t\t\t\t\t\t\t\t\t<img decoding=\"async\" width=\"110\" height=\"124\" src=\"https:\/\/veganoptioncanada.ca\/wp-content\/uploads\/2019\/02\/crest-manitoba.png\" class=\"attachment-thumbnail size-thumbnail wp-image-1843\" alt=\"\" \/>\t\t\t\t\t\t\t\t\t\t\t\t\t\t\t<\/div>\n\t\t\t\t<\/div>\n\t\t\t\t\t<\/div>\n\t\t<\/div>\n\t\t\t\t\t<\/div>\n\t\t<\/section>\n\t\t\t\t<div class=\"elementor-element elementor-element-d7a8c0f elementor-widget elementor-widget-text-editor\" data-id=\"d7a8c0f\" data-element_type=\"widget\" data-widget_type=\"text-editor.default\">\n\t\t\t\t<div class=\"elementor-widget-container\">\n\t\t\t\t\t\t\t\t\t<ul><li>A nova vers\u00e3o revista do Guia Alimentar do Canad\u00e1 d\u00e1 \u00eanfase ao consumo de \u00e1gua e \u00e0s prote\u00ednas vegetais. Destaca tamb\u00e9m as op\u00e7\u00f5es que n\u00e3o cont\u00eam gordura saturada, menos ou nenhum alimento processado e menos s\u00f3dio. Est\u00e1 provado que uma dieta \u00e0 base de plantas reduz o risco de doen\u00e7as card\u00edacas, cancro e diabetes tipo 2.<\/li><li>Uma alimenta\u00e7\u00e3o saud\u00e1vel pode ajudar as pessoas, especialmente as crian\u00e7as, a sentirem-se bem, a manterem-se saud\u00e1veis e a satisfazerem as suas necessidades nutricionais.<\/li><li>Est\u00e1 provado que as crian\u00e7as podem aprender melhor se comerem os alimentos certos e mantiverem os seus n\u00edveis de a\u00e7\u00facar no sangue regulares.<\/li><li>As pessoas que comem de forma saud\u00e1vel n\u00e3o adoecem com tanta frequ\u00eancia como o resto da popula\u00e7\u00e3o<\/li><li>Uma dieta vegana \u00e9 a melhor forma de reduzir a nossa pegada ecol\u00f3gica. Por v\u00e1rias raz\u00f5es, os canadianos est\u00e3o a optar por um estilo de vida vegan para reduzir o impacto no ambiente, pelo bem-estar dos animais e por raz\u00f5es de sa\u00fade.<\/li><li>As crian\u00e7as e os cidad\u00e3os s\u00e3o obrigados a n\u00e3o comer quando n\u00e3o existe uma op\u00e7\u00e3o vegan, o que pode prejudicar a sua sa\u00fade ou a sua sa\u00fade psicol\u00f3gica se forem obrigados a optar por comer alimentos de origem animal que est\u00e3o ligados aos danos causados aos animais e que s\u00e3o prejudiciais para a sa\u00fade e para o ambiente.<\/li><li>Todos n\u00f3s podemos beneficiar das op\u00e7\u00f5es veganas dispon\u00edveis em institui\u00e7\u00f5es p\u00fablicas, como escolas, creches, lares de idosos, hospitais, pris\u00f5es e universidades.<\/li><li>O veganismo \u00e9 visto como uma cren\u00e7a e um modo de vida. \u00c9 um direito humano que \u00e9 violado &#8211; ao abrigo da Carta dos Direitos e Liberdades &#8211; quando n\u00e3o nos \u00e9 apresentada uma op\u00e7\u00e3o vegan numa institui\u00e7\u00e3o p\u00fablica. Temos o direito de comer e viver de acordo com as nossas cren\u00e7as.<\/li><li>Em Portugal, a op\u00e7\u00e3o vegana estrita \u00e9 obrigat\u00f3ria em todas as cantinas p\u00fablicas, incluindo escolas, universidades, pris\u00f5es e hospitais.<\/li><\/ul><div> <\/div><p>N\u00f3s, os cidad\u00e3os de Manitoba abaixo assinados, apelamos ao governo de Manintoba para que exija que as cantinas p\u00fablicas sob jurisdi\u00e7\u00e3o provincial ofere\u00e7am uma op\u00e7\u00e3o vegana.<\/p>\t\t\t\t\t\t\t\t<\/div>\n\t\t\t\t<\/div>\n\t\t\t\t<div class=\"elementor-element elementor-element-4b1b51b elementor-widget elementor-widget-shortcode\" data-id=\"4b1b51b\" data-element_type=\"widget\" data-widget_type=\"shortcode.default\">\n\t\t\t\t<div class=\"elementor-widget-container\">\n\t\t\t\t\t\t\t<div class=\"elementor-shortcode\"> \r\n                    <!-- signaturelist table -->\r\n                    <div class=\"dk-speakout-signaturelistWrapper\">\r\n                      <div class=\"dk-speakout-signaturelist-header\">Derni\u00e8res Signatures<\/div>\r\n                        <table class=\"dk-speakout-signaturelist dk-speakout-signaturelist-2\"><tr class=\"dk-speakout-odd\">\n\t<td class=\"dk-speakout-signaturelist-count\">582<\/td>\n\t<td class=\"dk-speakout-signaturelist-name\" >Kirstin S.<\/td>\n\t<td class=\"dk-speakout-signaturelist-date\">Out 18, 2022<\/td>\n<\/tr>\n<tr class=\"dk-speakout-even\">\n\t<td class=\"dk-speakout-signaturelist-count\">581<\/td>\n\t<td class=\"dk-speakout-signaturelist-name\" >Victoria S.<\/td>\n\t<td class=\"dk-speakout-signaturelist-date\">Mai 27, 2022<\/td>\n<\/tr>\n<tr class=\"dk-speakout-odd\">\n\t<td class=\"dk-speakout-signaturelist-count\">580<\/td>\n\t<td class=\"dk-speakout-signaturelist-name\" >Akhil A.<\/td>\n\t<td class=\"dk-speakout-signaturelist-date\">Abr 16, 2022<\/td>\n<\/tr>\n<tr class=\"dk-speakout-even\">\n\t<td class=\"dk-speakout-signaturelist-count\">579<\/td>\n\t<td class=\"dk-speakout-signaturelist-name\" >Manisha L.<\/td>\n\t<td class=\"dk-speakout-signaturelist-date\">Abr 16, 2022<\/td>\n<\/tr>\n<tr class=\"dk-speakout-odd\">\n\t<td class=\"dk-speakout-signaturelist-count\">578<\/td>\n\t<td class=\"dk-speakout-signaturelist-name\" >Ayesha  J.<\/td>\n\t<td class=\"dk-speakout-signaturelist-date\">Abr 15, 2022<\/td>\n<\/tr>\n<tr class=\"dk-speakout-even\">\n\t<td class=\"dk-speakout-signaturelist-count\">577<\/td>\n\t<td class=\"dk-speakout-signaturelist-name\" >Mirella I.<\/td>\n\t<td class=\"dk-speakout-signaturelist-date\">Mar 23, 2022<\/td>\n<\/tr>\n<tr class=\"dk-speakout-odd\">\n\t<td class=\"dk-speakout-signaturelist-count\">576<\/td>\n\t<td class=\"dk-speakout-signaturelist-name\" >Sonia E.<\/td>\n\t<td class=\"dk-speakout-signaturelist-date\">Jan 10, 2022<\/td>\n<\/tr>\n<tr class=\"dk-speakout-even\">\n\t<td class=\"dk-speakout-signaturelist-count\">575<\/td>\n\t<td class=\"dk-speakout-signaturelist-name\" >Melanie H.<\/td>\n\t<td class=\"dk-speakout-signaturelist-date\">Dez 09, 2021<\/td>\n<\/tr>\n<tr class=\"dk-speakout-odd\">\n\t<td class=\"dk-speakout-signaturelist-count\">574<\/td>\n\t<td class=\"dk-speakout-signaturelist-name\" >Kara L.<\/td>\n\t<td class=\"dk-speakout-signaturelist-date\">Dez 09, 2021<\/td>\n<\/tr>\n<tr class=\"dk-speakout-even\">\n\t<td class=\"dk-speakout-signaturelist-count\">573<\/td>\n\t<td class=\"dk-speakout-signaturelist-name\" >Georgette L.<\/td>\n\t<td class=\"dk-speakout-signaturelist-date\">Dez 09, 2021<\/td>\n<\/tr>\n<tr class=\"dk-speakout-odd\">\n\t<td class=\"dk-speakout-signaturelist-count\">572<\/td>\n\t<td class=\"dk-speakout-signaturelist-name\" >Cheryl  H.<\/td>\n\t<td class=\"dk-speakout-signaturelist-date\">Dez 08, 2021<\/td>\n<\/tr>\n<tr class=\"dk-speakout-even\">\n\t<td class=\"dk-speakout-signaturelist-count\">571<\/td>\n\t<td class=\"dk-speakout-signaturelist-name\" >Melissa O.<\/td>\n\t<td class=\"dk-speakout-signaturelist-date\">Dez 08, 2021<\/td>\n<\/tr>\n<tr class=\"dk-speakout-odd\">\n\t<td class=\"dk-speakout-signaturelist-count\">570<\/td>\n\t<td class=\"dk-speakout-signaturelist-name\" >Trish G.<\/td>\n\t<td class=\"dk-speakout-signaturelist-date\">Dez 08, 2021<\/td>\n<\/tr>\n<tr class=\"dk-speakout-even\">\n\t<td class=\"dk-speakout-signaturelist-count\">569<\/td>\n\t<td class=\"dk-speakout-signaturelist-name\" >Nicole T.<\/td>\n\t<td class=\"dk-speakout-signaturelist-date\">Dez 08, 2021<\/td>\n<\/tr>\n<tr class=\"dk-speakout-odd\">\n\t<td class=\"dk-speakout-signaturelist-count\">568<\/td>\n\t<td class=\"dk-speakout-signaturelist-name\" >Carlyn  H.<\/td>\n\t<td class=\"dk-speakout-signaturelist-date\">Dez 08, 2021<\/td>\n<\/tr>\n<tr class=\"dk-speakout-even\">\n\t<td class=\"dk-speakout-signaturelist-count\">567<\/td>\n\t<td class=\"dk-speakout-signaturelist-name\" >Pam N.<\/td>\n\t<td class=\"dk-speakout-signaturelist-date\">Dez 08, 2021<\/td>\n<\/tr>\n<tr class=\"dk-speakout-odd\">\n\t<td class=\"dk-speakout-signaturelist-count\">566<\/td>\n\t<td class=\"dk-speakout-signaturelist-name\" >Katherine Krystal G.<\/td>\n\t<td class=\"dk-speakout-signaturelist-date\">Dez 08, 2021<\/td>\n<\/tr>\n<tr class=\"dk-speakout-even\">\n\t<td class=\"dk-speakout-signaturelist-count\">565<\/td>\n\t<td class=\"dk-speakout-signaturelist-name\" >Julie S.<\/td>\n\t<td class=\"dk-speakout-signaturelist-date\">Dez 08, 2021<\/td>\n<\/tr>\n<tr class=\"dk-speakout-odd\">\n\t<td class=\"dk-speakout-signaturelist-count\">564<\/td>\n\t<td class=\"dk-speakout-signaturelist-name\" >Joshua L.<\/td>\n\t<td class=\"dk-speakout-signaturelist-date\">Jan 10, 2021<\/td>\n<\/tr>\n<tr class=\"dk-speakout-even\">\n\t<td class=\"dk-speakout-signaturelist-count\">563<\/td>\n\t<td class=\"dk-speakout-signaturelist-name\" >Michael R.<\/td>\n\t<td class=\"dk-speakout-signaturelist-date\">Dez 19, 2020<\/td>\n<\/tr>\n<tr class=\"dk-speakout-odd\">\n\t<td class=\"dk-speakout-signaturelist-count\">562<\/td>\n\t<td class=\"dk-speakout-signaturelist-name\" >OYKU B.<\/td>\n\t<td class=\"dk-speakout-signaturelist-date\">Jun 26, 2020<\/td>\n<\/tr>\n<tr class=\"dk-speakout-even\">\n\t<td class=\"dk-speakout-signaturelist-count\">561<\/td>\n\t<td class=\"dk-speakout-signaturelist-name\" >Maureen M.<\/td>\n\t<td class=\"dk-speakout-signaturelist-date\">Jun 26, 2020<\/td>\n<\/tr>\n<tr class=\"dk-speakout-odd\">\n\t<td class=\"dk-speakout-signaturelist-count\">560<\/td>\n\t<td class=\"dk-speakout-signaturelist-name\" >Natalia A.<\/td>\n\t<td class=\"dk-speakout-signaturelist-date\">Abr 16, 2020<\/td>\n<\/tr>\n<tr class=\"dk-speakout-even\">\n\t<td class=\"dk-speakout-signaturelist-count\">559<\/td>\n\t<td class=\"dk-speakout-signaturelist-name\" >Jasmine  W.<\/td>\n\t<td class=\"dk-speakout-signaturelist-date\">Dez 28, 2019<\/td>\n<\/tr>\n<tr class=\"dk-speakout-odd\">\n\t<td class=\"dk-speakout-signaturelist-count\">558<\/td>\n\t<td class=\"dk-speakout-signaturelist-name\" >Christy  A.<\/td>\n\t<td class=\"dk-speakout-signaturelist-date\">Dez 22, 2019<\/td>\n<\/tr>\n<tr class=\"dk-speakout-even\">\n\t<td class=\"dk-speakout-signaturelist-count\">557<\/td>\n\t<td class=\"dk-speakout-signaturelist-name\" >Sheilah R.<\/td>\n\t<td class=\"dk-speakout-signaturelist-date\">Dez 21, 2019<\/td>\n<\/tr>\n<tr class=\"dk-speakout-odd\">\n\t<td class=\"dk-speakout-signaturelist-count\">556<\/td>\n\t<td class=\"dk-speakout-signaturelist-name\" >TERRI M.<\/td>\n\t<td class=\"dk-speakout-signaturelist-date\">Dez 21, 2019<\/td>\n<\/tr>\n<tr class=\"dk-speakout-even\">\n\t<td class=\"dk-speakout-signaturelist-count\">555<\/td>\n\t<td class=\"dk-speakout-signaturelist-name\" >LISA S.<\/td>\n\t<td class=\"dk-speakout-signaturelist-date\">Dez 21, 2019<\/td>\n<\/tr>\n<tr class=\"dk-speakout-odd\">\n\t<td class=\"dk-speakout-signaturelist-count\">554<\/td>\n\t<td class=\"dk-speakout-signaturelist-name\" >CLORA B.<\/td>\n\t<td class=\"dk-speakout-signaturelist-date\">Dez 21, 2019<\/td>\n<\/tr>\n<tr class=\"dk-speakout-even\">\n\t<td class=\"dk-speakout-signaturelist-count\">553<\/td>\n\t<td class=\"dk-speakout-signaturelist-name\" >COLLEEN  W.<\/td>\n\t<td class=\"dk-speakout-signaturelist-date\">Dez 21, 2019<\/td>\n<\/tr>\n<tr class=\"dk-speakout-odd\">\n\t<td class=\"dk-speakout-signaturelist-count\">552<\/td>\n\t<td class=\"dk-speakout-signaturelist-name\" >SUE  D.<\/td>\n\t<td class=\"dk-speakout-signaturelist-date\">Dez 21, 2019<\/td>\n<\/tr>\n<tr class=\"dk-speakout-even\">\n\t<td class=\"dk-speakout-signaturelist-count\">551<\/td>\n\t<td class=\"dk-speakout-signaturelist-name\" >BRANDI V.<\/td>\n\t<td class=\"dk-speakout-signaturelist-date\">Dez 21, 2019<\/td>\n<\/tr>\n<tr class=\"dk-speakout-odd\">\n\t<td class=\"dk-speakout-signaturelist-count\">550<\/td>\n\t<td class=\"dk-speakout-signaturelist-name\" >JUDITH H.<\/td>\n\t<td class=\"dk-speakout-signaturelist-date\">Dez 21, 2019<\/td>\n<\/tr>\n<tr class=\"dk-speakout-even\">\n\t<td class=\"dk-speakout-signaturelist-count\">549<\/td>\n\t<td class=\"dk-speakout-signaturelist-name\" >DAN  G.<\/td>\n\t<td class=\"dk-speakout-signaturelist-date\">Dez 21, 2019<\/td>\n<\/tr>\n<tr class=\"dk-speakout-odd\">\n\t<td class=\"dk-speakout-signaturelist-count\">548<\/td>\n\t<td class=\"dk-speakout-signaturelist-name\" >BARNEY  G.<\/td>\n\t<td class=\"dk-speakout-signaturelist-date\">Dez 17, 2019<\/td>\n<\/tr>\n<tr class=\"dk-speakout-even\">\n\t<td class=\"dk-speakout-signaturelist-count\">547<\/td>\n\t<td class=\"dk-speakout-signaturelist-name\" >NERISSA S.<\/td>\n\t<td class=\"dk-speakout-signaturelist-date\">Dez 17, 2019<\/td>\n<\/tr>\n<tr class=\"dk-speakout-odd\">\n\t<td class=\"dk-speakout-signaturelist-count\">546<\/td>\n\t<td class=\"dk-speakout-signaturelist-name\" >ERICA W.<\/td>\n\t<td class=\"dk-speakout-signaturelist-date\">Dez 17, 2019<\/td>\n<\/tr>\n<tr class=\"dk-speakout-even\">\n\t<td class=\"dk-speakout-signaturelist-count\">545<\/td>\n\t<td class=\"dk-speakout-signaturelist-name\" >ALY B.<\/td>\n\t<td class=\"dk-speakout-signaturelist-date\">Dez 17, 2019<\/td>\n<\/tr>\n<tr class=\"dk-speakout-odd\">\n\t<td class=\"dk-speakout-signaturelist-count\">544<\/td>\n\t<td class=\"dk-speakout-signaturelist-name\" >JASON  H.<\/td>\n\t<td class=\"dk-speakout-signaturelist-date\">Dez 17, 2019<\/td>\n<\/tr>\n<tr class=\"dk-speakout-even\">\n\t<td class=\"dk-speakout-signaturelist-count\">543<\/td>\n\t<td class=\"dk-speakout-signaturelist-name\" >AMANDA  L.<\/td>\n\t<td class=\"dk-speakout-signaturelist-date\">Dez 17, 2019<\/td>\n<\/tr>\n<tr class=\"dk-speakout-odd\">\n\t<td class=\"dk-speakout-signaturelist-count\">542<\/td>\n\t<td class=\"dk-speakout-signaturelist-name\" >JP  L.<\/td>\n\t<td class=\"dk-speakout-signaturelist-date\">Dez 17, 2019<\/td>\n<\/tr>\n<tr class=\"dk-speakout-even\">\n\t<td class=\"dk-speakout-signaturelist-count\">541<\/td>\n\t<td class=\"dk-speakout-signaturelist-name\" >JANELLE L.<\/td>\n\t<td class=\"dk-speakout-signaturelist-date\">Dez 17, 2019<\/td>\n<\/tr>\n<tr class=\"dk-speakout-odd\">\n\t<td class=\"dk-speakout-signaturelist-count\">540<\/td>\n\t<td class=\"dk-speakout-signaturelist-name\" >NEIL  D.<\/td>\n\t<td class=\"dk-speakout-signaturelist-date\">Dez 17, 2019<\/td>\n<\/tr>\n<tr class=\"dk-speakout-even\">\n\t<td class=\"dk-speakout-signaturelist-count\">539<\/td>\n\t<td class=\"dk-speakout-signaturelist-name\" >OLIVIA S.<\/td>\n\t<td class=\"dk-speakout-signaturelist-date\">Dez 17, 2019<\/td>\n<\/tr>\n<tr class=\"dk-speakout-odd\">\n\t<td class=\"dk-speakout-signaturelist-count\">538<\/td>\n\t<td class=\"dk-speakout-signaturelist-name\" >JEN W.<\/td>\n\t<td class=\"dk-speakout-signaturelist-date\">Dez 17, 2019<\/td>\n<\/tr>\n<tr class=\"dk-speakout-even\">\n\t<td class=\"dk-speakout-signaturelist-count\">537<\/td>\n\t<td class=\"dk-speakout-signaturelist-name\" >JEN P.<\/td>\n\t<td class=\"dk-speakout-signaturelist-date\">Dez 17, 2019<\/td>\n<\/tr>\n<tr class=\"dk-speakout-odd\">\n\t<td class=\"dk-speakout-signaturelist-count\">536<\/td>\n\t<td class=\"dk-speakout-signaturelist-name\" >SHAWN  C.<\/td>\n\t<td class=\"dk-speakout-signaturelist-date\">Dez 17, 2019<\/td>\n<\/tr>\n<tr class=\"dk-speakout-even\">\n\t<td class=\"dk-speakout-signaturelist-count\">535<\/td>\n\t<td class=\"dk-speakout-signaturelist-name\" >AMBER  H.<\/td>\n\t<td class=\"dk-speakout-signaturelist-date\">Dez 17, 2019<\/td>\n<\/tr>\n<tr class=\"dk-speakout-odd\">\n\t<td class=\"dk-speakout-signaturelist-count\">534<\/td>\n\t<td class=\"dk-speakout-signaturelist-name\" >MARY GRACE C.<\/td>\n\t<td class=\"dk-speakout-signaturelist-date\">Dez 17, 2019<\/td>\n<\/tr>\n<tr class=\"dk-speakout-even\">\n\t<td class=\"dk-speakout-signaturelist-count\">533<\/td>\n\t<td class=\"dk-speakout-signaturelist-name\" >ASHLEY T.<\/td>\n\t<td class=\"dk-speakout-signaturelist-date\">Dez 17, 2019<\/td>\n<\/tr>\n\r\n    \t\t\t\t\t<tr class=\"dk-speakout-signaturelist-pagelinks\">\r\n    \t\t\t\t\t\t<td colspan=\"3\">\r\n    \t\t\t\t\t\t    <a class=\"dk-speakout-signaturelist-first dk-speakout-signaturelist-disabled\" rel=\"2,582,50,582,0,3\">&lt;&lt;<\/a>\r\n    \t\t\t\t\t\t\t<a class=\"dk-speakout-signaturelist-prev dk-speakout-signaturelist-disabled\" rel=\"2,582,50,582,0,3\">&lt;<\/a>\r\n    \t\t\t\t\t\t\t<a class=\"dk-speakout-signaturelist-next\" rel=\"2,50,50,582,1,3,\">&gt;<\/a>\r\n    \t\t\t\t\t\t\t<a class=\"dk-speakout-signaturelist-last\" rel=\"2,532,50,582,1,3,\">&gt;&gt;<\/a>\r\n    \t\t\t\t\t\t<\/td>\r\n    \t\t\t\t\t<\/tr>\r\n    \t\t\t\t\t<\/table>\r\n                    <\/div><\/div>\n\t\t\t\t\t\t<\/div>\n\t\t\t\t<\/div>\n\t\t\t\t\t<\/div>\n\t\t<\/div>\n\t\t\t\t\t<\/div>\n\t\t<\/section>\n\t\t\t\t<section class=\"elementor-section elementor-top-section elementor-element elementor-element-95ff2cd elementor-section-boxed elementor-section-height-default elementor-section-height-default\" data-id=\"95ff2cd\" data-element_type=\"section\">\n\t\t\t\t\t\t<div class=\"elementor-container elementor-column-gap-default\">\n\t\t\t\t\t<div class=\"elementor-column elementor-col-100 elementor-top-column elementor-element elementor-element-b12aa20\" data-id=\"b12aa20\" data-element_type=\"column\">\n\t\t\t<div class=\"elementor-widget-wrap elementor-element-populated\">\n\t\t\t\t\t\t<div class=\"elementor-element elementor-element-d59fabe elementor-widget-divider--view-line elementor-widget elementor-widget-divider\" data-id=\"d59fabe\" data-element_type=\"widget\" data-widget_type=\"divider.default\">\n\t\t\t\t<div class=\"elementor-widget-container\">\n\t\t\t\t\t\t\t<div class=\"elementor-divider\">\n\t\t\t<span class=\"elementor-divider-separator\">\n\t\t\t\t\t\t<\/span>\n\t\t<\/div>\n\t\t\t\t\t\t<\/div>\n\t\t\t\t<\/div>\n\t\t\t\t\t<\/div>\n\t\t<\/div>\n\t\t\t\t\t<\/div>\n\t\t<\/section>\n\t\t\t\t<section class=\"elementor-section elementor-inner-section elementor-element elementor-element-e9fe6c8 elementor-section-boxed elementor-section-height-default elementor-section-height-default\" data-id=\"e9fe6c8\" data-element_type=\"section\">\n\t\t\t\t\t\t<div class=\"elementor-container elementor-column-gap-default\">\n\t\t\t\t\t<div class=\"elementor-column elementor-col-50 elementor-inner-column elementor-element elementor-element-67b8a44\" data-id=\"67b8a44\" data-element_type=\"column\">\n\t\t\t<div class=\"elementor-widget-wrap elementor-element-populated\">\n\t\t\t\t\t\t<div class=\"elementor-element elementor-element-d0abdab elementor-widget elementor-widget-text-editor\" data-id=\"d0abdab\" data-element_type=\"widget\" data-widget_type=\"text-editor.default\">\n\t\t\t\t<div class=\"elementor-widget-container\">\n\t\t\t\t\t\t\t\t\t<p><span style=\"color: #000000; font-family: Arial;\"><span style=\"font-size: 14.6667px; white-space: pre-wrap;\">Se quiseres saber mais sobre este projeto e como podes ajudar, contacta <\/span><\/span><a style=\"background-color: #ffffff; font-size: 1rem;\" href=\"mailto:carolina.andrea.valenzuela@veganoptioncanada.org\"><span style=\"font-size: 11pt; font-family: Arial; color: #1155cc; background-color: transparent; font-variant-numeric: normal; font-variant-east-asian: normal; text-decoration-line: underline; text-decoration-skip-ink: none; vertical-align: baseline; white-space: pre-wrap;\">Carolina Valenzuela <\/span><\/a> <span style=\"color: #000000; font-family: Arial;\"><span style=\"font-size: 14.6667px; white-space: pre-wrap;\">coordenador da Op\u00e7\u00e3o V\u00e9gane Manitoba. Encontra-nos no Facebook, em  <\/span><\/span><span style=\"font-size: 11pt; font-family: Arial; color: #1155cc; background-color: transparent; font-variant-numeric: normal; font-variant-east-asian: normal; text-decoration-line: underline; text-decoration-skip-ink: none; vertical-align: baseline; white-space: pre-wrap;\"><a style=\"background-color: #ffffff; font-size: 1rem;\" href=\"https:\/\/www.facebook.com\/VeganOptionManitoba\/\">Op\u00e7\u00e3o vegana em Manitoba<\/a><\/span><span style=\"color: #000000; font-family: Arial;\"><span style=\"font-size: 14.6667px; white-space: pre-wrap;\">. <\/span><\/span> <\/p>\t\t\t\t\t\t\t\t<\/div>\n\t\t\t\t<\/div>\n\t\t\t\t\t<\/div>\n\t\t<\/div>\n\t\t\t\t<div class=\"elementor-column elementor-col-50 elementor-inner-column elementor-element elementor-element-573437c\" data-id=\"573437c\" data-element_type=\"column\">\n\t\t\t<div class=\"elementor-widget-wrap elementor-element-populated\">\n\t\t\t\t\t\t<div class=\"elementor-element elementor-element-ba28867 elementor-widget elementor-widget-image\" data-id=\"ba28867\" data-element_type=\"widget\" data-widget_type=\"image.default\">\n\t\t\t\t<div class=\"elementor-widget-container\">\n\t\t\t\t\t\t\t\t\t\t\t\t\t\t\t<img decoding=\"async\" width=\"150\" height=\"150\" src=\"https:\/\/veganoptioncanada.ca\/wp-content\/uploads\/2019\/01\/Carolina-150x150.jpg\" class=\"attachment-thumbnail size-thumbnail wp-image-1518\" alt=\"\" srcset=\"https:\/\/veganoptioncanada.ca\/wp-content\/uploads\/2019\/01\/Carolina-150x150.jpg 150w, https:\/\/veganoptioncanada.ca\/wp-content\/uploads\/2019\/01\/Carolina-300x300.jpg 300w, https:\/\/veganoptioncanada.ca\/wp-content\/uploads\/2019\/01\/Carolina-768x768.jpg 768w, https:\/\/veganoptioncanada.ca\/wp-content\/uploads\/2019\/01\/Carolina.jpg 960w\" sizes=\"(max-width: 150px) 100vw, 150px\" \/>\t\t\t\t\t\t\t\t\t\t\t\t\t\t\t<\/div>\n\t\t\t\t<\/div>\n\t\t\t\t\t<\/div>\n\t\t<\/div>\n\t\t\t\t\t<\/div>\n\t\t<\/section>\n\t\t\t\t<\/div>\n\t\t","protected":false},"excerpt":{"rendered":"<p>Criar uma op\u00e7\u00e3o de refei\u00e7\u00e3o vegana nos refeit\u00f3rios p\u00fablicos em Manitoba \u00c0 Assembleia Legislativa de Manitoba A nova vers\u00e3o revista do Guia Alimentar do Canad\u00e1 d\u00e1 \u00eanfase ao consumo de \u00e1gua e \u00e0s prote\u00ednas vegetais. Destaca tamb\u00e9m as op\u00e7\u00f5es que n\u00e3o cont\u00eam gordura saturada, menos ou nenhum alimento processado e menos s\u00f3dio. Est\u00e1 provado que [&hellip;]<\/p>\n","protected":false},"author":1,"featured_media":0,"parent":0,"menu_order":0,"comment_status":"closed","ping_status":"closed","template":"","meta":{"footnotes":""},"class_list":["post-4355","page","type-page","status-publish","hentry"],"yoast_head":"<!-- This site is optimized with the Yoast SEO plugin v26.9 - https:\/\/yoast.com\/product\/yoast-seo-wordpress\/ -->\n<title>Peti\u00e7\u00e3o de Manitoba - Op\u00e7\u00e3o Vegana Canad\u00e1<\/title>\n<meta name=\"robots\" content=\"index, follow, max-snippet:-1, max-image-preview:large, max-video-preview:-1\" \/>\n<link rel=\"canonical\" href=\"https:\/\/veganoptioncanada.ca\/pt-pt\/peticao-de-manitoba\/\" \/>\n<meta property=\"og:locale\" content=\"pt_PT\" \/>\n<meta property=\"og:type\" content=\"article\" \/>\n<meta property=\"og:title\" content=\"Peti\u00e7\u00e3o de Manitoba - Op\u00e7\u00e3o Vegana Canad\u00e1\" \/>\n<meta property=\"og:description\" content=\"Criar uma op\u00e7\u00e3o de refei\u00e7\u00e3o vegana nos refeit\u00f3rios p\u00fablicos em Manitoba \u00c0 Assembleia Legislativa de Manitoba A nova vers\u00e3o revista do Guia Alimentar do Canad\u00e1 d\u00e1 \u00eanfase ao consumo de \u00e1gua e \u00e0s prote\u00ednas vegetais. Destaca tamb\u00e9m as op\u00e7\u00f5es que n\u00e3o cont\u00eam gordura saturada, menos ou nenhum alimento processado e menos s\u00f3dio. Est\u00e1 provado que [&hellip;]\" \/>\n<meta property=\"og:url\" content=\"https:\/\/veganoptioncanada.ca\/pt-pt\/peticao-de-manitoba\/\" \/>\n<meta property=\"og:site_name\" content=\"Op\u00e7\u00e3o Vegana Canad\u00e1\" \/>\n<meta property=\"article:publisher\" content=\"https:\/\/www.facebook.com\/VOOVCanada\/\" \/>\n<meta property=\"article:modified_time\" content=\"2025-03-30T03:16:14+00:00\" \/>\n<meta property=\"og:image\" content=\"https:\/\/veganoptioncanada.ca\/wp-content\/uploads\/2019\/01\/Avocados-150x150.png\" \/>\n<meta name=\"twitter:card\" content=\"summary_large_image\" \/>\n<meta name=\"twitter:site\" content=\"@CanadaVegan\" \/>\n<meta name=\"twitter:label1\" content=\"Tempo estimado de leitura\" \/>\n\t<meta name=\"twitter:data1\" content=\"2 minutos\" \/>\n<script type=\"application\/ld+json\" class=\"yoast-schema-graph\">{\"@context\":\"https:\/\/schema.org\",\"@graph\":[{\"@type\":\"WebPage\",\"@id\":\"https:\/\/veganoptioncanada.ca\/pt-pt\/peticao-de-manitoba\/\",\"url\":\"https:\/\/veganoptioncanada.ca\/pt-pt\/peticao-de-manitoba\/\",\"name\":\"Peti\u00e7\u00e3o de Manitoba - Op\u00e7\u00e3o Vegana Canad\u00e1\",\"isPartOf\":{\"@id\":\"http:\/\/veganoptioncanada.ca\/pt-pt\/#website\"},\"primaryImageOfPage\":{\"@id\":\"https:\/\/veganoptioncanada.ca\/pt-pt\/peticao-de-manitoba\/#primaryimage\"},\"image\":{\"@id\":\"https:\/\/veganoptioncanada.ca\/pt-pt\/peticao-de-manitoba\/#primaryimage\"},\"thumbnailUrl\":\"https:\/\/veganoptioncanada.ca\/wp-content\/uploads\/2019\/01\/Avocados-150x150.png\",\"datePublished\":\"2019-01-26T05:30:00+00:00\",\"dateModified\":\"2025-03-30T03:16:14+00:00\",\"breadcrumb\":{\"@id\":\"https:\/\/veganoptioncanada.ca\/pt-pt\/peticao-de-manitoba\/#breadcrumb\"},\"inLanguage\":\"pt-PT\",\"potentialAction\":[{\"@type\":\"ReadAction\",\"target\":[\"https:\/\/veganoptioncanada.ca\/pt-pt\/peticao-de-manitoba\/\"]}]},{\"@type\":\"ImageObject\",\"inLanguage\":\"pt-PT\",\"@id\":\"https:\/\/veganoptioncanada.ca\/pt-pt\/peticao-de-manitoba\/#primaryimage\",\"url\":\"https:\/\/veganoptioncanada.ca\/wp-content\/uploads\/2019\/01\/Avocados-150x150.png\",\"contentUrl\":\"https:\/\/veganoptioncanada.ca\/wp-content\/uploads\/2019\/01\/Avocados-150x150.png\"},{\"@type\":\"BreadcrumbList\",\"@id\":\"https:\/\/veganoptioncanada.ca\/pt-pt\/peticao-de-manitoba\/#breadcrumb\",\"itemListElement\":[{\"@type\":\"ListItem\",\"position\":1,\"name\":\"Home\",\"item\":\"https:\/\/veganoptioncanada.ca\/pt-pt\/\"},{\"@type\":\"ListItem\",\"position\":2,\"name\":\"Peti\u00e7\u00e3o de Manitoba\"}]},{\"@type\":\"WebSite\",\"@id\":\"http:\/\/veganoptioncanada.ca\/pt-pt\/#website\",\"url\":\"http:\/\/veganoptioncanada.ca\/pt-pt\/\",\"name\":\"Vegan Option Canada - Option V\u00e9gane Canada\",\"description\":\"\",\"publisher\":{\"@id\":\"http:\/\/veganoptioncanada.ca\/pt-pt\/#organization\"},\"potentialAction\":[{\"@type\":\"SearchAction\",\"target\":{\"@type\":\"EntryPoint\",\"urlTemplate\":\"http:\/\/veganoptioncanada.ca\/pt-pt\/?s={search_term_string}\"},\"query-input\":{\"@type\":\"PropertyValueSpecification\",\"valueRequired\":true,\"valueName\":\"search_term_string\"}}],\"inLanguage\":\"pt-PT\"},{\"@type\":\"Organization\",\"@id\":\"http:\/\/veganoptioncanada.ca\/pt-pt\/#organization\",\"name\":\"Vegan Option Canada\",\"url\":\"http:\/\/veganoptioncanada.ca\/pt-pt\/\",\"logo\":{\"@type\":\"ImageObject\",\"inLanguage\":\"pt-PT\",\"@id\":\"http:\/\/veganoptioncanada.ca\/pt-pt\/#\/schema\/logo\/image\/\",\"url\":\"http:\/\/veganoptioncanada.ca\/wp-content\/uploads\/2021\/04\/Logo_OVC_transparent_web.png\",\"contentUrl\":\"http:\/\/veganoptioncanada.ca\/wp-content\/uploads\/2021\/04\/Logo_OVC_transparent_web.png\",\"width\":200,\"height\":200,\"caption\":\"Vegan Option Canada\"},\"image\":{\"@id\":\"http:\/\/veganoptioncanada.ca\/pt-pt\/#\/schema\/logo\/image\/\"},\"sameAs\":[\"https:\/\/www.facebook.com\/VOOVCanada\/\",\"https:\/\/x.com\/CanadaVegan\",\"https:\/\/instagram.com\/veganoptioncanada\/\",\"https:\/\/www.youtube.com\/channel\/UCDVCrc0eUMbWkdRwsUQi4Hw\"]}]}<\/script>\n<!-- \/ Yoast SEO plugin. -->","yoast_head_json":{"title":"Peti\u00e7\u00e3o de Manitoba - Op\u00e7\u00e3o Vegana Canad\u00e1","robots":{"index":"index","follow":"follow","max-snippet":"max-snippet:-1","max-image-preview":"max-image-preview:large","max-video-preview":"max-video-preview:-1"},"canonical":"https:\/\/veganoptioncanada.ca\/pt-pt\/peticao-de-manitoba\/","og_locale":"pt_PT","og_type":"article","og_title":"Peti\u00e7\u00e3o de Manitoba - Op\u00e7\u00e3o Vegana Canad\u00e1","og_description":"Criar uma op\u00e7\u00e3o de refei\u00e7\u00e3o vegana nos refeit\u00f3rios p\u00fablicos em Manitoba \u00c0 Assembleia Legislativa de Manitoba A nova vers\u00e3o revista do Guia Alimentar do Canad\u00e1 d\u00e1 \u00eanfase ao consumo de \u00e1gua e \u00e0s prote\u00ednas vegetais. Destaca tamb\u00e9m as op\u00e7\u00f5es que n\u00e3o cont\u00eam gordura saturada, menos ou nenhum alimento processado e menos s\u00f3dio. Est\u00e1 provado que [&hellip;]","og_url":"https:\/\/veganoptioncanada.ca\/pt-pt\/peticao-de-manitoba\/","og_site_name":"Op\u00e7\u00e3o Vegana Canad\u00e1","article_publisher":"https:\/\/www.facebook.com\/VOOVCanada\/","article_modified_time":"2025-03-30T03:16:14+00:00","og_image":[{"url":"https:\/\/veganoptioncanada.ca\/wp-content\/uploads\/2019\/01\/Avocados-150x150.png","type":"","width":"","height":""}],"twitter_card":"summary_large_image","twitter_site":"@CanadaVegan","twitter_misc":{"Tempo estimado de leitura":"2 minutos"},"schema":{"@context":"https:\/\/schema.org","@graph":[{"@type":"WebPage","@id":"https:\/\/veganoptioncanada.ca\/pt-pt\/peticao-de-manitoba\/","url":"https:\/\/veganoptioncanada.ca\/pt-pt\/peticao-de-manitoba\/","name":"Peti\u00e7\u00e3o de Manitoba - Op\u00e7\u00e3o Vegana Canad\u00e1","isPartOf":{"@id":"http:\/\/veganoptioncanada.ca\/pt-pt\/#website"},"primaryImageOfPage":{"@id":"https:\/\/veganoptioncanada.ca\/pt-pt\/peticao-de-manitoba\/#primaryimage"},"image":{"@id":"https:\/\/veganoptioncanada.ca\/pt-pt\/peticao-de-manitoba\/#primaryimage"},"thumbnailUrl":"https:\/\/veganoptioncanada.ca\/wp-content\/uploads\/2019\/01\/Avocados-150x150.png","datePublished":"2019-01-26T05:30:00+00:00","dateModified":"2025-03-30T03:16:14+00:00","breadcrumb":{"@id":"https:\/\/veganoptioncanada.ca\/pt-pt\/peticao-de-manitoba\/#breadcrumb"},"inLanguage":"pt-PT","potentialAction":[{"@type":"ReadAction","target":["https:\/\/veganoptioncanada.ca\/pt-pt\/peticao-de-manitoba\/"]}]},{"@type":"ImageObject","inLanguage":"pt-PT","@id":"https:\/\/veganoptioncanada.ca\/pt-pt\/peticao-de-manitoba\/#primaryimage","url":"https:\/\/veganoptioncanada.ca\/wp-content\/uploads\/2019\/01\/Avocados-150x150.png","contentUrl":"https:\/\/veganoptioncanada.ca\/wp-content\/uploads\/2019\/01\/Avocados-150x150.png"},{"@type":"BreadcrumbList","@id":"https:\/\/veganoptioncanada.ca\/pt-pt\/peticao-de-manitoba\/#breadcrumb","itemListElement":[{"@type":"ListItem","position":1,"name":"Home","item":"https:\/\/veganoptioncanada.ca\/pt-pt\/"},{"@type":"ListItem","position":2,"name":"Peti\u00e7\u00e3o de Manitoba"}]},{"@type":"WebSite","@id":"http:\/\/veganoptioncanada.ca\/pt-pt\/#website","url":"http:\/\/veganoptioncanada.ca\/pt-pt\/","name":"Vegan Option Canada - Option V\u00e9gane Canada","description":"","publisher":{"@id":"http:\/\/veganoptioncanada.ca\/pt-pt\/#organization"},"potentialAction":[{"@type":"SearchAction","target":{"@type":"EntryPoint","urlTemplate":"http:\/\/veganoptioncanada.ca\/pt-pt\/?s={search_term_string}"},"query-input":{"@type":"PropertyValueSpecification","valueRequired":true,"valueName":"search_term_string"}}],"inLanguage":"pt-PT"},{"@type":"Organization","@id":"http:\/\/veganoptioncanada.ca\/pt-pt\/#organization","name":"Vegan Option Canada","url":"http:\/\/veganoptioncanada.ca\/pt-pt\/","logo":{"@type":"ImageObject","inLanguage":"pt-PT","@id":"http:\/\/veganoptioncanada.ca\/pt-pt\/#\/schema\/logo\/image\/","url":"http:\/\/veganoptioncanada.ca\/wp-content\/uploads\/2021\/04\/Logo_OVC_transparent_web.png","contentUrl":"http:\/\/veganoptioncanada.ca\/wp-content\/uploads\/2021\/04\/Logo_OVC_transparent_web.png","width":200,"height":200,"caption":"Vegan Option Canada"},"image":{"@id":"http:\/\/veganoptioncanada.ca\/pt-pt\/#\/schema\/logo\/image\/"},"sameAs":["https:\/\/www.facebook.com\/VOOVCanada\/","https:\/\/x.com\/CanadaVegan","https:\/\/instagram.com\/veganoptioncanada\/","https:\/\/www.youtube.com\/channel\/UCDVCrc0eUMbWkdRwsUQi4Hw"]}]}},"_links":{"self":[{"href":"https:\/\/veganoptioncanada.ca\/pt-pt\/wp-json\/wp\/v2\/pages\/4355","targetHints":{"allow":["GET"]}}],"collection":[{"href":"https:\/\/veganoptioncanada.ca\/pt-pt\/wp-json\/wp\/v2\/pages"}],"about":[{"href":"https:\/\/veganoptioncanada.ca\/pt-pt\/wp-json\/wp\/v2\/types\/page"}],"author":[{"embeddable":true,"href":"https:\/\/veganoptioncanada.ca\/pt-pt\/wp-json\/wp\/v2\/users\/1"}],"replies":[{"embeddable":true,"href":"https:\/\/veganoptioncanada.ca\/pt-pt\/wp-json\/wp\/v2\/comments?post=4355"}],"version-history":[{"count":1,"href":"https:\/\/veganoptioncanada.ca\/pt-pt\/wp-json\/wp\/v2\/pages\/4355\/revisions"}],"predecessor-version":[{"id":4359,"href":"https:\/\/veganoptioncanada.ca\/pt-pt\/wp-json\/wp\/v2\/pages\/4355\/revisions\/4359"}],"wp:attachment":[{"href":"https:\/\/veganoptioncanada.ca\/pt-pt\/wp-json\/wp\/v2\/media?parent=4355"}],"curies":[{"name":"wp","href":"https:\/\/api.w.org\/{rel}","templated":true}]}}