{"id":4366,"date":"2019-01-07T18:17:56","date_gmt":"2019-01-07T23:17:56","guid":{"rendered":"https:\/\/veganoptioncanada.ca\/peticao-do-quebeque\/"},"modified":"2025-03-29T22:16:18","modified_gmt":"2025-03-30T03:16:18","slug":"peticao-do-quebeque","status":"publish","type":"page","link":"https:\/\/veganoptioncanada.ca\/pt-pt\/peticao-do-quebeque\/","title":{"rendered":"Peti\u00e7\u00e3o do Quebeque"},"content":{"rendered":"\t\t<div data-elementor-type=\"wp-post\" data-elementor-id=\"4366\" class=\"elementor elementor-4366 elementor-921\" data-elementor-post-type=\"page\">\n\t\t\t\t\t\t<section class=\"elementor-section elementor-top-section elementor-element elementor-element-cec568c elementor-section-boxed elementor-section-height-default elementor-section-height-default\" data-id=\"cec568c\" data-element_type=\"section\" data-settings=\"{&quot;background_background&quot;:&quot;classic&quot;,&quot;shape_divider_top&quot;:&quot;mountains&quot;}\">\n\t\t\t\t\t<div class=\"elementor-shape elementor-shape-top\" aria-hidden=\"true\" data-negative=\"false\">\n\t\t\t<svg xmlns=\"http:\/\/www.w3.org\/2000\/svg\" viewBox=\"0 0 1000 100\" preserveAspectRatio=\"none\">\n\t<path class=\"elementor-shape-fill\" opacity=\"0.33\" d=\"M473,67.3c-203.9,88.3-263.1-34-320.3,0C66,119.1,0,59.7,0,59.7V0h1000v59.7 c0,0-62.1,26.1-94.9,29.3c-32.8,3.3-62.8-12.3-75.8-22.1C806,49.6,745.3,8.7,694.9,4.7S492.4,59,473,67.3z\"\/>\n\t<path class=\"elementor-shape-fill\" opacity=\"0.66\" d=\"M734,67.3c-45.5,0-77.2-23.2-129.1-39.1c-28.6-8.7-150.3-10.1-254,39.1 s-91.7-34.4-149.2,0C115.7,118.3,0,39.8,0,39.8V0h1000v36.5c0,0-28.2-18.5-92.1-18.5C810.2,18.1,775.7,67.3,734,67.3z\"\/>\n\t<path class=\"elementor-shape-fill\" d=\"M766.1,28.9c-200-57.5-266,65.5-395.1,19.5C242,1.8,242,5.4,184.8,20.6C128,35.8,132.3,44.9,89.9,52.5C28.6,63.7,0,0,0,0 h1000c0,0-9.9,40.9-83.6,48.1S829.6,47,766.1,28.9z\"\/>\n<\/svg>\t\t<\/div>\n\t\t\t\t\t<div class=\"elementor-container elementor-column-gap-default\">\n\t\t\t\t\t<div class=\"elementor-column elementor-col-100 elementor-top-column elementor-element elementor-element-a98ce3e\" data-id=\"a98ce3e\" data-element_type=\"column\">\n\t\t\t<div class=\"elementor-widget-wrap elementor-element-populated\">\n\t\t\t\t\t\t<div class=\"elementor-element elementor-element-51d590b elementor-widget elementor-widget-spacer\" data-id=\"51d590b\" data-element_type=\"widget\" data-widget_type=\"spacer.default\">\n\t\t\t\t<div class=\"elementor-widget-container\">\n\t\t\t\t\t\t\t<div class=\"elementor-spacer\">\n\t\t\t<div class=\"elementor-spacer-inner\"><\/div>\n\t\t<\/div>\n\t\t\t\t\t\t<\/div>\n\t\t\t\t<\/div>\n\t\t\t\t<div class=\"elementor-element elementor-element-7c9bf5b elementor-widget elementor-widget-heading\" data-id=\"7c9bf5b\" data-element_type=\"widget\" data-widget_type=\"heading.default\">\n\t\t\t\t<div class=\"elementor-widget-container\">\n\t\t\t\t\t<h2 class=\"elementor-heading-title elementor-size-default\">Junta-te a n\u00f3s e apela ao nosso governo para que assuma a responsabilidade pelo nosso futuro coletivo.<\/h2>\t\t\t\t<\/div>\n\t\t\t\t<\/div>\n\t\t\t\t<div class=\"elementor-element elementor-element-8c5c7c2 elementor-widget elementor-widget-text-editor\" data-id=\"8c5c7c2\" data-element_type=\"widget\" data-widget_type=\"text-editor.default\">\n\t\t\t\t<div class=\"elementor-widget-container\">\n\t\t\t\t\t\t\t\t\t<p>Apelamos ao nosso governo para que crie um centro de <b>preven\u00e7\u00e3o de crises futuras<\/b>. Este centro deve dar prioridade ao estudo e \u00e0 investiga\u00e7\u00e3o das liga\u00e7\u00f5es entre a pecu\u00e1ria e as pandemias, as zoonoses, as emerg\u00eancias clim\u00e1ticas e o colapso dos ecossistemas. Pedimos que o governo disponibilize os resultados desta investiga\u00e7\u00e3o aos meios de comunica\u00e7\u00e3o social e ao p\u00fablico em geral.  <\/p><p>Pedimos tamb\u00e9m ao nosso governo que garanta, no m\u00ednimo, a possibilidade de acesso a uma op\u00e7\u00e3o de refei\u00e7\u00e3o \u00e0 base de plantas em todas as cantinas p\u00fablicas, para que todos os que o desejem possam proteger a sua sa\u00fade, o futuro dos seus filhos, combater as altera\u00e7\u00f5es clim\u00e1ticas, reduzir a sua pegada ecol\u00f3gica e proteger os animais.  <\/p>\t\t\t\t\t\t\t\t<\/div>\n\t\t\t\t<\/div>\n\t\t\t\t<div class=\"elementor-element elementor-element-f30f140 elementor-widget-divider--view-line elementor-widget elementor-widget-divider\" data-id=\"f30f140\" data-element_type=\"widget\" data-widget_type=\"divider.default\">\n\t\t\t\t<div class=\"elementor-widget-container\">\n\t\t\t\t\t\t\t<div class=\"elementor-divider\">\n\t\t\t<span class=\"elementor-divider-separator\">\n\t\t\t\t\t\t<\/span>\n\t\t<\/div>\n\t\t\t\t\t\t<\/div>\n\t\t\t\t<\/div>\n\t\t\t\t\t<\/div>\n\t\t<\/div>\n\t\t\t\t\t<\/div>\n\t\t<\/section>\n\t\t\t\t<section class=\"elementor-section elementor-top-section elementor-element elementor-element-d180148 elementor-section-boxed elementor-section-height-default elementor-section-height-default\" data-id=\"d180148\" data-element_type=\"section\">\n\t\t\t\t\t\t<div class=\"elementor-container elementor-column-gap-default\">\n\t\t\t\t\t<div class=\"elementor-column elementor-col-50 elementor-top-column elementor-element elementor-element-d66b413\" data-id=\"d66b413\" data-element_type=\"column\">\n\t\t\t<div class=\"elementor-widget-wrap elementor-element-populated\">\n\t\t\t\t\t\t<div class=\"elementor-element elementor-element-37c8ee6 elementor-widget elementor-widget-text-editor\" data-id=\"37c8ee6\" data-element_type=\"widget\" data-widget_type=\"text-editor.default\">\n\t\t\t\t<div class=\"elementor-widget-container\">\n\t\t\t\t\t\t\t\t\t<h2>Peti\u00e7\u00e3o para op\u00e7\u00f5es de refei\u00e7\u00f5es \u00e0 base de plantas no Quebeque<\/h2>\t\t\t\t\t\t\t\t<\/div>\n\t\t\t\t<\/div>\n\t\t\t\t\t<\/div>\n\t\t<\/div>\n\t\t\t\t<div class=\"elementor-column elementor-col-50 elementor-top-column elementor-element elementor-element-ce3839f\" data-id=\"ce3839f\" data-element_type=\"column\">\n\t\t\t<div class=\"elementor-widget-wrap elementor-element-populated\">\n\t\t\t\t\t\t<div class=\"elementor-element elementor-element-51a9c3e elementor-widget elementor-widget-image\" data-id=\"51a9c3e\" data-element_type=\"widget\" data-widget_type=\"image.default\">\n\t\t\t\t<div class=\"elementor-widget-container\">\n\t\t\t\t\t\t\t\t\t\t\t\t\t\t\t<img fetchpriority=\"high\" decoding=\"async\" width=\"300\" height=\"200\" src=\"https:\/\/veganoptioncanada.ca\/wp-content\/uploads\/2019\/01\/repas-e1617380209924-300x200.jpg\" class=\"attachment-medium size-medium wp-image-1451\" alt=\"\" srcset=\"https:\/\/veganoptioncanada.ca\/wp-content\/uploads\/2019\/01\/repas-e1617380209924-300x200.jpg 300w, https:\/\/veganoptioncanada.ca\/wp-content\/uploads\/2019\/01\/repas-e1617380209924.jpg 512w\" sizes=\"(max-width: 300px) 100vw, 300px\" \/>\t\t\t\t\t\t\t\t\t\t\t\t\t\t\t<\/div>\n\t\t\t\t<\/div>\n\t\t\t\t\t<\/div>\n\t\t<\/div>\n\t\t\t\t\t<\/div>\n\t\t<\/section>\n\t\t\t\t<section class=\"elementor-section elementor-top-section elementor-element elementor-element-b2c4e3b elementor-section-boxed elementor-section-height-default elementor-section-height-default\" data-id=\"b2c4e3b\" data-element_type=\"section\">\n\t\t\t\t\t\t<div class=\"elementor-container elementor-column-gap-default\">\n\t\t\t\t\t<div class=\"elementor-column elementor-col-100 elementor-top-column elementor-element elementor-element-50bb978\" data-id=\"50bb978\" data-element_type=\"column\">\n\t\t\t<div class=\"elementor-widget-wrap elementor-element-populated\">\n\t\t\t\t\t\t<div class=\"elementor-element elementor-element-ee837e2 elementor-widget elementor-widget-text-editor\" data-id=\"ee837e2\" data-element_type=\"widget\" data-widget_type=\"text-editor.default\">\n\t\t\t\t<div class=\"elementor-widget-container\">\n\t\t\t\t\t\t\t\t\t<ul><li><b><i>CONSIDERANDO QUE <\/i><\/b> a oferta de alimentos de origem vegetal nas cantinas p\u00fablicas do Quebeque \u00e9 limitada e por vezes inexistente;<\/li><li><b><i>CONSIDERANDO QUE<\/i><\/b> que a falta de op\u00e7\u00f5es veganas variadas \u00e9 um grande obst\u00e1culo \u00e0 aplica\u00e7\u00e3o do novo guia alimentar do Canad\u00e1, que recomenda o consumo de mais legumes, leguminosas, cereais integrais, fruta e frutos secos e menos carne e queijo;<\/li><li><b><i>CONSIDERANDO QUE <\/i><\/b> a aus\u00eancia de op\u00e7\u00f5es veganas viola os direitos dos veganos, obrigando-os a consumir produtos animais contra a sua consci\u00eancia, em viola\u00e7\u00e3o da sec\u00e7\u00e3o 2A da Carta Canadiana dos Direitos e Liberdades, que garante aos cidad\u00e3os o direito fundamental \u00e0 liberdade de consci\u00eancia;<\/li><li><b><i>CONSIDERANDO QUE<\/i><\/b> as nossas escolhas alimentares t\u00eam um impacto importante na sa\u00fade p\u00fablica e no ambiente (gases com efeito de estufa, polui\u00e7\u00e3o e res\u00edduos da \u00e1gua, resist\u00eancia aos antibi\u00f3ticos, <strong>zoonoses<\/strong>, doen\u00e7as cr\u00f3nicas n\u00e3o transmiss\u00edveis, etc.) e que \u00e9 dever do governo proteger o futuro das pr\u00f3ximas gera\u00e7\u00f5es;<\/li><li><b><i>CONSIDERANDO QUE<\/i><\/b> a maioria dos quebequenses gostaria de reduzir o consumo de produtos de origem animal a favor de alimentos de origem vegetal, mas tem dificuldade em faz\u00ea-lo em muitos contextos;<\/li><\/ul><div> <\/div><p><b>N\u00f3s, abaixo assinados, apelamos ao Governo do Quebeque para que adopte legisla\u00e7\u00e3o que obrigue \u00e0 introdu\u00e7\u00e3o de uma variedade de op\u00e7\u00f5es veganas nas cantinas p\u00fablicas do Quebeque (escolas, hospitais, pris\u00f5es, edif\u00edcios governamentais, etc.).<\/b><\/p>\t\t\t\t\t\t\t\t<\/div>\n\t\t\t\t<\/div>\n\t\t\t\t\t<\/div>\n\t\t<\/div>\n\t\t\t\t\t<\/div>\n\t\t<\/section>\n\t\t\t\t<section class=\"elementor-section elementor-top-section elementor-element elementor-element-94a2c4e elementor-section-boxed elementor-section-height-default elementor-section-height-default\" data-id=\"94a2c4e\" data-element_type=\"section\">\n\t\t\t\t\t\t<div class=\"elementor-container elementor-column-gap-default\">\n\t\t\t\t\t<div class=\"elementor-column elementor-col-100 elementor-top-column elementor-element elementor-element-6cca6f8\" data-id=\"6cca6f8\" data-element_type=\"column\">\n\t\t\t<div class=\"elementor-widget-wrap elementor-element-populated\">\n\t\t\t\t\t\t<div class=\"elementor-element elementor-element-83a410f elementor-widget-divider--view-line elementor-widget elementor-widget-divider\" data-id=\"83a410f\" data-element_type=\"widget\" data-widget_type=\"divider.default\">\n\t\t\t\t<div class=\"elementor-widget-container\">\n\t\t\t\t\t\t\t<div class=\"elementor-divider\">\n\t\t\t<span class=\"elementor-divider-separator\">\n\t\t\t\t\t\t<\/span>\n\t\t<\/div>\n\t\t\t\t\t\t<\/div>\n\t\t\t\t<\/div>\n\t\t\t\t<div class=\"elementor-element elementor-element-39425eb elementor-widget elementor-widget-heading\" data-id=\"39425eb\" data-element_type=\"widget\" data-widget_type=\"heading.default\">\n\t\t\t\t<div class=\"elementor-widget-container\">\n\t\t\t\t\t<h2 class=\"elementor-heading-title elementor-size-default\">Acrescenta a tua voz<\/h2>\t\t\t\t<\/div>\n\t\t\t\t<\/div>\n\t\t\t\t<div class=\"elementor-element elementor-element-a3ba520 elementor-widget elementor-widget-shortcode\" data-id=\"a3ba520\" data-element_type=\"widget\" data-widget_type=\"shortcode.default\">\n\t\t\t\t<div class=\"elementor-widget-container\">\n\t\t\t\t\t\t\t<div class=\"elementor-shortcode\"> \n\t<!-- SpeakOut! Email Petitions 4.6.5.1 : Pt-pt -->\n\t\t<div id=\"dk-speakout-windowshade\"><\/div>\n\t<div class=\"dk-speakout-petition-wrap dk-speakout-petition-id-1\" id=\"dk-speakout-petition-1\" >\n\t\t<h3>Options de repas \u00e0 base de plantes Qu\u00e9bec<\/h3>\n\n\t\t\t\t\t<a id=\"dk-speakout-readme-1\" class=\"dk-speakout-readme\" rel=\"1\" style=\"display: none;\"><span>Read the petition<\/span><\/a>\n\t\t\n\t\t<div id=\"dk-speakout-form-wrap\">\n\t\t\t<form class=\"dk-speakout-petition\">\n\t\t\t\t<input type=\"hidden\" id=\"security\" name=\"security\" value=\"54d33482c6\" \/><input type=\"hidden\" name=\"_wp_http_referer\" value=\"\/pt-pt\/wp-json\/wp\/v2\/pages\/4366\" \/>\t\t\t\t<input type=\"hidden\" id=\"dk-speakout-posttitle-1\" value=\"Options de repas \u00e0 base de plantes Qu\u00e9bec\" \/>\n\t\t\t\t<input type=\"hidden\" id=\"dk-speakout-tweet-1\" value=\"Plant-based meal options \r\n- should be offered at all public cafeterias under federal, provincial, and municipal jurisdiction, such as hospitals, universities, senior centres, and schools.\" \/>\n\t\t\t\t<input type=\"hidden\" id=\"dk-speakout-lang-1\" value=\"pt-pt\" \/>\n\t\t\t\t<input type=\"hidden\" id=\"dk-speakout-textval-1\" value=\"val\" \/>\n\t\t\t\t<input type=\"hidden\" id=\"dk-speakout-petition-fade-1\" value=\"disabled\" \/>\n\t\t\t\t<input type=\"hidden\" id=\"dk-speakout-requires_confirmation-1\" value=\"0\" \/>\n\t\t\t\t<input type=\"hidden\" id=\"dk-speakout-hide-email-field-1\" value=\"0\" \/>\n\n\t\t\t\t\n\t\t\t\t\t\t\t\t\n\t\t\t\t\n\t\t\t\t<div class=\"dk-speakout-full\">\n\t\t\t\t\t<input autocomplete=\"given-name\" name=\"dk-speakout-first-name\" id=\"dk-speakout-first-name-1\" type=\"text\" placeholder=\"First Name\" required=\"required\"  \/>\n\t\t\t\t<\/div>\n\t\t\t\t\n\t\t\t\t<div class=\"dk-speakout-full\">\n\t\t\t\t\t<input autocomplete=\"family-name\" name=\"dk-speakout-last-name\" id=\"dk-speakout-last-name-1\" type=\"text\" placeholder=\"Last Name\" required=\"required\"  \/>\n\t\t\t\t<\/div>\n\n\t\t\t\t\n\t\t\t\t\t\t\t\t\t<div class=\"dk-speakout-full\">\n\t\t\t\t\t\t<input autocomplete=\"email\" name=\"dk-speakout-email\" id=\"dk-speakout-email-1\" type=\"email\"  placeholder=\"Email\" required=\"required\"  \/>\n\t\t\t\t\t<\/div>\n\t\t\t\t\n\t\t\t\t\t\t\t\t\t<div class=\"dk-speakout-full\">\n\t\t\t\t\t\t<input  autocomplete=\"address-line1\" name=\"dk-speakout-street\" id=\"dk-speakout-street-1\" maxlength=\"200\" type=\"text\"  placeholder=\"Street\"  required='required'  \/>\n\t\t\t\t\t<\/div>\n\t\t\t\t\t\t\t\t<div>\n\n\t\t\t\t\n\t\t\t\t\t\t\t\t\t<div class=\"dk-speakout-half\">\n\t\t\t\t\t\t<input  autocomplete=\"address-level2\" name=\"dk-speakout-city\" id=\"dk-speakout-city-1\" maxlength=\"200\" type=\"text\" placeholder=\"City\"  required=\"required\"  \/>\n\t\t\t\t\t<\/div>\n\t\t\t\t\n\t\t\t\t\t\t\t\t\t<div class=\"dk-speakout-half\">\n\t\t\t\t\t\t<input  autocomplete=\"address-level1\" name=\"dk-speakout-state\" id=\"dk-speakout-state-1\" maxlength=\"200\" type=\"text\" list=\"dk-speakout-states\"  placeholder=\"State \/ Province\"  required=\"required\"  \/>\n\t\t\t\t\t<\/div>\n\t\t\t\t\n\t\t\t\t\t\t\t\t\t<div class=\"dk-speakout-half\">\n\t\t\t\t\t\t<input  autocomplete=\"postal-code\" name=\"dk-speakout-postcode\" id=\"dk-speakout-postcode-1\" maxlength=\"200\" type=\"text\"  placeholder=\"Postal Code\"  required=\"required\" \/>\n\t\t\t\t\t<\/div>\n\t\t\t\t\n\t\t\t\t\n\t\t\t\t\n\t\t\t\t<\/div>\n\n\t\t\t\t\t\t\t\t\t<div class=\"dk-speakout-full dk-speakout-message-editable\" id=\"dk-speakout-message-editable-1\">\n\t\t\t\t\t\t<p class=\"dk-speakout-greeting\">Hello!<\/p>\n\t\t\t\t\t\t<textarea name=\"dk-speakout-message\" class=\"dk-speakout-message-1\" style=\"height: 200px;\" rows=\"8\">Most pandemics are caused by germs that jump from animals to humans.\r\n\r\nThe main causes of zoonotic infections are wet markets, factory farms and human encroachment on animal habitat.\r\n\r\nThe covid 19 pandemic could have been prevented. For decades, scientists have warned of zoonotic infections, and nothing was done.\r\n\r\nAnimal agriculture is a major cause of the climate crisis.\r\n\r\nCanada should lead in taking decisive action.  As concerned citizens we demand:\r\n\r\nThe government fund research in:\r\n\r\n- The cause of zoonotic infections, and the best measures to mitigate risk\r\n- The relation of animal agriculture to the climate crisis, and the best measures to attenuate the degradation of the planet.\r\n- The results should be made public, and decisive action based on scientific findings should be implemented.\r\n\r\nPlant-based meal options \r\n- should be offered at all public cafeterias under federal, provincial, and municipal jurisdiction, such as hospitals, universities, senior centres, and schools.   \r\n- the government should facilitate and promote the accessibility of plant-based meal options everywhere.\r\n\r\nAdequate planning is not a luxury, it is an imperative.\r\n\r\nImproving health and longevity of citizens, reducing cruelty to animals, and saving the planet and all of its inhabitants from calamitous degradation is our moral responsibility.  \r\n\r\nThe government must take decisive action before it is too late.<\/textarea>\n\t\t\t\t\t\t<div id='dk_speakout_markdown'>You can add formatting using markdown syntax - <a href='https:\/\/www.markdownguide.org\/basic-syntax\/' target='_blank'>read more<\/a><\/div>\n\t\t\t\t\t\t\t\t\t\t\t<\/div>\n\t\t\t\t\n\t\t\t\t\t\t\t\t\t<div class=\"dk-speakout-optin-wrap\" >\n\t\t\t\t\t\t<div class=\"dk-speakout-optin-checkbox\">\n\t\t\t\t\t\t\t<input type=\"checkbox\" name=\"dk-speakout-optin\"  id=\"dk-speakout-optin-1\" \/>\n\t\t\t\t\t\t\t<label for=\"dk-speakout-optin-1\" class=\"dk-speakout-options\">Joignez Option V\u00e9gane Canada<\/label>\n\t\t\t\t\t\t<\/div>\n\t\t\t\t\t<\/div>\n\t\t\t\t\n\t\t\t\t\n\t\t\t\t\n\t\t\t\t\n\t\t\t\t\n\t\t\t\t\n\t\t\t\t<div class=\"dk-speakout-submit-wrap\">\n\t\t\t\t\t<div id=\"dk-speakout-ajaxloader-1\" class=\"dk-speakout-ajaxloader\" style=\"visibility: hidden;\">&nbsp;<\/div>\n\t\t\t\t\t<button name=\"1\" class=\"dk-speakout-submit\">Signer<\/button>\n\t\t\t\t<\/div>\n\t\t\t<\/form>\n\t\t<\/div>\n\t\t<div class=\"dk-speakout-response\"><\/div>\n\n\t\t\t\t\t<div class=\"dk-speakout-progress-wrap\">\n\t\t\t\t<div class=\"dk-speakout-signature-count\">\n\t\t\t\t\t<span>1,022<\/span> signatures Goal: 5,000\t\t\t\t<\/div>\n\t\t\t\t\t\t\t\t\t<div class=\"dk-speakout-count\">0<div class=\"dk-speakout-progress\" style=\"width: 20.44px;\">\r\n\t\t\t\t\t\t\t\t<div class=\"dk-speakout-progressbar dk-speakout-progressbar-low\" style=\"width: 4px;\"><\/div>\r\n\t\t\t\t\t\t\t<\/div> 5,000<\/div>\n\t\t\t\t\t\t\t<\/div>\n\t\t\n\t\t\t\t\t<div class=\"dk-speakout-share\">\n\t\t\t\t<div>\n\t\t\t\t\t<p>Partager avec vos amis:<\/p>\n\t\t\t\t\t<p>\n\t\t\t\t\t\t<a class=\"dk-speakout-facebook\" href=\"#\" title=\"Facebook\" rel=\"1\"><\/a>\n\t\t\t\t\t\t<a class=\"dk-speakout-email\"  target=\"_blank\" href=\"mailto:?subject=Options%20de%20repas%20%C3%A0%20base%20de%20plantes%20Qu%C3%A9bec&amp;body=https%3A%2F%2Fveganoptioncanada.ca%2Fpt-pt%2Fpeticao-do-quebeque%2F\" title=\"Share by Email\"><\/a>\n\t\t\t\t\t\t<a class=\"dk-speakout-x\" href=\"#\" title=\"X\" rel=\"1\"><\/a>\n\t\t\t\t\t<\/p>\n\t\t\t\t<\/div>\n\t\t\t\t<div class=\"dk-speakout-clear\"><\/div>\n\t\t\t<\/div>\n\t\t\t<\/div>\n\n<\/div>\n\t\t\t\t\t\t<\/div>\n\t\t\t\t<\/div>\n\t\t\t\t\t<\/div>\n\t\t<\/div>\n\t\t\t\t\t<\/div>\n\t\t<\/section>\n\t\t\t\t<section class=\"elementor-section elementor-top-section elementor-element elementor-element-7bee428 elementor-section-boxed elementor-section-height-default elementor-section-height-default\" data-id=\"7bee428\" data-element_type=\"section\">\n\t\t\t\t\t\t<div class=\"elementor-container elementor-column-gap-default\">\n\t\t\t\t\t<div class=\"elementor-column elementor-col-100 elementor-top-column elementor-element elementor-element-eeb6001\" data-id=\"eeb6001\" data-element_type=\"column\">\n\t\t\t<div class=\"elementor-widget-wrap elementor-element-populated\">\n\t\t\t\t\t\t<div class=\"elementor-element elementor-element-232b0d7 elementor-widget-divider--view-line elementor-widget elementor-widget-divider\" data-id=\"232b0d7\" data-element_type=\"widget\" data-widget_type=\"divider.default\">\n\t\t\t\t<div class=\"elementor-widget-container\">\n\t\t\t\t\t\t\t<div class=\"elementor-divider\">\n\t\t\t<span class=\"elementor-divider-separator\">\n\t\t\t\t\t\t<\/span>\n\t\t<\/div>\n\t\t\t\t\t\t<\/div>\n\t\t\t\t<\/div>\n\t\t\t\t\t<\/div>\n\t\t<\/div>\n\t\t\t\t\t<\/div>\n\t\t<\/section>\n\t\t\t\t<section class=\"elementor-section elementor-top-section elementor-element elementor-element-e6bc0ae elementor-section-boxed elementor-section-height-default elementor-section-height-default\" data-id=\"e6bc0ae\" data-element_type=\"section\">\n\t\t\t\t\t\t<div class=\"elementor-container elementor-column-gap-default\">\n\t\t\t\t\t<div class=\"elementor-column elementor-col-100 elementor-top-column elementor-element elementor-element-423b51e\" data-id=\"423b51e\" data-element_type=\"column\">\n\t\t\t<div class=\"elementor-widget-wrap elementor-element-populated\">\n\t\t\t\t\t\t<div class=\"elementor-element elementor-element-dcdad45 elementor-widget elementor-widget-heading\" data-id=\"dcdad45\" data-element_type=\"widget\" data-widget_type=\"heading.default\">\n\t\t\t\t<div class=\"elementor-widget-container\">\n\t\t\t\t\t<h2 class=\"elementor-heading-title elementor-size-default\">Cronologia das actualiza\u00e7\u00f5es<\/h2>\t\t\t\t<\/div>\n\t\t\t\t<\/div>\n\t\t\t\t<section class=\"elementor-section elementor-inner-section elementor-element elementor-element-62d8bf4 elementor-section-boxed elementor-section-height-default elementor-section-height-default\" data-id=\"62d8bf4\" data-element_type=\"section\">\n\t\t\t\t\t\t<div class=\"elementor-container elementor-column-gap-default\">\n\t\t\t\t\t<div class=\"elementor-column elementor-col-50 elementor-inner-column elementor-element elementor-element-60339b4\" data-id=\"60339b4\" data-element_type=\"column\">\n\t\t\t<div class=\"elementor-widget-wrap elementor-element-populated\">\n\t\t\t\t\t\t<div class=\"elementor-element elementor-element-20c6858 elementor-widget elementor-widget-text-editor\" data-id=\"20c6858\" data-element_type=\"widget\" data-widget_type=\"text-editor.default\">\n\t\t\t\t<div class=\"elementor-widget-container\">\n\t\t\t\t\t\t\t\t\t<ul><li>Lan\u00e7amento da peti\u00e7\u00e3o web acima referida &#8211; 07 de janeiro de 2019<\/li><li><a href=\"https:\/\/www.assnat.qc.ca\/fr\/exprimez-votre-opinion\/petition\/Petition-7991\/index.html?fbclid=IwAR1b-bzgvnA9D1sH_aBdeRdgSbZW6IUuvrhEpAg25jwVnxRqUPbiz5c77Jo\">Peti\u00e7\u00e3o oficial lan\u00e7ada a n\u00edvel governamental<\/a> &#8211; 3 de setembro de 2019<\/li><li style=\"font-size: 16px;\">Data limite para assinar a peti\u00e7\u00e3o do governo. &#8211; 3 de dezembro de 2019 <ul><li>N\u00famero de signat\u00e1rios: 1298<\/li><\/ul><\/li><li>Peti\u00e7\u00e3o do Governo <a href=\"https:\/\/veganoptioncanada.org\/actualites\/notre-petition-est-maintenant-depose-a-lassemblee-nationale\/\">apresentada \u00e0 Assembleia Nacional<\/a> &#8211; 10 de mar\u00e7o de 2020<\/li><\/ul>\t\t\t\t\t\t\t\t<\/div>\n\t\t\t\t<\/div>\n\t\t\t\t\t<\/div>\n\t\t<\/div>\n\t\t\t\t<div class=\"elementor-column elementor-col-50 elementor-inner-column elementor-element elementor-element-a4add3c\" data-id=\"a4add3c\" data-element_type=\"column\">\n\t\t\t<div class=\"elementor-widget-wrap elementor-element-populated\">\n\t\t\t\t\t\t<div class=\"elementor-element elementor-element-f61f4f2 elementor-widget elementor-widget-video\" data-id=\"f61f4f2\" data-element_type=\"widget\" data-settings=\"{&quot;youtube_url&quot;:&quot;https:\\\/\\\/youtu.be\\\/SxXKNhHELSg&quot;,&quot;video_type&quot;:&quot;youtube&quot;,&quot;controls&quot;:&quot;yes&quot;}\" data-widget_type=\"video.default\">\n\t\t\t\t<div class=\"elementor-widget-container\">\n\t\t\t\t\t\t\t<div class=\"elementor-wrapper elementor-open-inline\">\n\t\t\t<div class=\"elementor-video\"><\/div>\t\t<\/div>\n\t\t\t\t\t\t<\/div>\n\t\t\t\t<\/div>\n\t\t\t\t\t<\/div>\n\t\t<\/div>\n\t\t\t\t\t<\/div>\n\t\t<\/section>\n\t\t\t\t<div class=\"elementor-element elementor-element-4e9bb27 elementor-widget elementor-widget-text-editor\" data-id=\"4e9bb27\" data-element_type=\"widget\" data-widget_type=\"text-editor.default\">\n\t\t\t\t<div class=\"elementor-widget-container\">\n\t\t\t\t\t\t\t\t\t<ul><li>Uma <a href=\"https:\/\/veganoptioncanada.org\/petitionquebec\/petition-quebec-reponse-mapaq\/\">resposta negativa<\/a> \u00e0 peti\u00e7\u00e3o foi enviada por <a href=\"mailto:ministre@mapaq.gouv.qc.ca\" target=\"_blank\" rel=\"noopener\">Andr\u00e9 Lamontagne<\/a> (Ministro da Agricultura, Pescas e Alimenta\u00e7\u00e3o) a Simon Jolin-Barette<a href=\"https:\/\/veganoptioncanada.org\/petitionquebec\/mise-a-jour-petition-la-reponse-du-ministre-mapaq\/\">(ler mais<\/a>)<\/li><li>Cymry Gomery enviou uma <a href=\"https:\/\/veganoptioncanada.org\/actualites\/petition-quebec-reponse-ovc\/\">resposta<\/a> a Andr\u00e9 Lamontagne da OVC. &#8211; 23 de mar\u00e7o de 2020 <\/li><li>Recebeu uma <a href=\"https:\/\/veganoptioncanada.org\/actualites\/petiton-ovc-qc-reponse-horacio-arruda\/\">resposta negativa<\/a> \u00e0 peti\u00e7\u00e3o de<a href=\"mailto:horacio.arruda@msss.gouv.qc.ca\">Hor\u00e1cio Arruda<\/a> (Diretor Nacional de Sa\u00fade P\u00fablica e Ministro Adjunto). &#8211; 3 de junho de 2020 <\/li><\/ul>\t\t\t\t\t\t\t\t<\/div>\n\t\t\t\t<\/div>\n\t\t\t\t<div class=\"elementor-element elementor-element-e3430e5 elementor-widget-divider--view-line elementor-widget elementor-widget-divider\" data-id=\"e3430e5\" data-element_type=\"widget\" data-widget_type=\"divider.default\">\n\t\t\t\t<div class=\"elementor-widget-container\">\n\t\t\t\t\t\t\t<div class=\"elementor-divider\">\n\t\t\t<span class=\"elementor-divider-separator\">\n\t\t\t\t\t\t<\/span>\n\t\t<\/div>\n\t\t\t\t\t\t<\/div>\n\t\t\t\t<\/div>\n\t\t\t\t<div class=\"elementor-element elementor-element-1b38075 elementor-widget elementor-widget-heading\" data-id=\"1b38075\" data-element_type=\"widget\" data-widget_type=\"heading.default\">\n\t\t\t\t<div class=\"elementor-widget-container\">\n\t\t\t\t\t<h2 class=\"elementor-heading-title elementor-size-default\">Estrat\u00e9gia futura<\/h2>\t\t\t\t<\/div>\n\t\t\t\t<\/div>\n\t\t\t\t<div class=\"elementor-element elementor-element-0c9278a elementor-widget elementor-widget-text-editor\" data-id=\"0c9278a\" data-element_type=\"widget\" data-widget_type=\"text-editor.default\">\n\t\t\t\t<div class=\"elementor-widget-container\">\n\t\t\t\t\t\t\t\t\t<p>As nossas dificuldades passadas e a falta de coopera\u00e7\u00e3o do governo n\u00e3o nos desencorajaram na nossa motiva\u00e7\u00e3o.<\/p><p>Nestes tempos dif\u00edceis, mais do que nunca, precisamente por causa das crises que estamos a viver e que poderiam ter sido evitadas, vamos continuar a pressionar o nosso governo at\u00e9 que ele aceite que o acesso a refei\u00e7\u00f5es \u00e0 base de plantas \u00e9 uma necessidade.<\/p><p>Na sua \u00faltima carta, Hor\u00e1cio Arruda diz-nos  <\/p><p> <\/p>\t\t\t\t\t\t\t\t<\/div>\n\t\t\t\t<\/div>\n\t\t\t\t<div class=\"elementor-element elementor-element-a9f8647 elementor-blockquote--skin-border elementor-blockquote--button-color-official elementor-widget elementor-widget-blockquote\" data-id=\"a9f8647\" data-element_type=\"widget\" data-widget_type=\"blockquote.default\">\n\t\t\t\t<div class=\"elementor-widget-container\">\n\t\t\t\t\t\t\t<blockquote class=\"elementor-blockquote\">\n\t\t\t<p class=\"elementor-blockquote__content\">\n\t\t\t\tN\u00e3o existem dados do Quebeque ou do Canad\u00e1 sobre a percentagem da popula\u00e7\u00e3o que \u00e9 vegetariana ou vegana.  \t\t\t<\/p>\n\t\t\t\t\t\t\t<div class=\"e-q-footer\">\n\t\t\t\t\t\t\t\t\t\t\t<cite class=\"elementor-blockquote__author\">Horacio Arruda - Le directeur national de sant\u00e9 publique  <\/cite>\n\t\t\t\t\t\t\t\t\t\t\t\t\t\t<\/div>\n\t\t\t\t\t<\/blockquote>\n\t\t\t\t\t\t<\/div>\n\t\t\t\t<\/div>\n\t\t\t\t<div class=\"elementor-element elementor-element-8eaaf5c elementor-widget elementor-widget-text-editor\" data-id=\"8eaaf5c\" data-element_type=\"widget\" data-widget_type=\"text-editor.default\">\n\t\t\t\t<div class=\"elementor-widget-container\">\n\t\t\t\t\t\t\t\t\t<p><strong>N\u00e3o \u00e9 verdade.<\/strong><\/p><p>Em 18 de julho de 2018, a rede de televis\u00e3o canadiana CTV anunciou.  <\/p><p>&#8220;Os vegetarianos e veganos representam agora quase 10% da popula\u00e7\u00e3o canadiana e a sua presen\u00e7a crescente est\u00e1 a for\u00e7ar as ind\u00fastrias da restaura\u00e7\u00e3o e da produ\u00e7\u00e3o de carne a considerar novas abordagens. De acordo com um estudo da Universidade de Dalhousie, h\u00e1 2,3 milh\u00f5es de vegetarianos no Canad\u00e1, em compara\u00e7\u00e3o com 900.000 h\u00e1 15 anos. Al\u00e9m disso, 850.000 pessoas consideram-se veganas. Estes dois n\u00fameros representam 9,4% da popula\u00e7\u00e3o canadiana&#8221;.<\/p><p>Em 2019 e 2020, estes valores aumentaram. De acordo com um <a href=\"https:\/\/www.nielsen.com\/ca\/en\/insights\/article\/2019\/meat-and-dairy-alternatives-are-a-catalyst-for-grocery-store-sales\/\">relat\u00f3rio da Nielsen de 2019<\/a>, <b>20%<\/b> dos lares canadianos consideram-se vegetarianos ou veganos. Al\u00e9m disso, muitas outras pessoas est\u00e3o a tentar ativamente eliminar ou reduzir a carne e os produtos l\u00e1cteos da sua dieta:<\/p><ul><li>2019 &#8211; <a href=\"https:\/\/open.alberta.ca\/dataset\/b5d936eb-2127-424e-b1b8-818c486d12aa\/resource\/0b1528d7-a9c7-4a7e-8568-64f0518d08fe\/download\/consumer-corner-issue-52.pdf\">43% dos consumidores canadianos est\u00e3o a tentar ativamente incorporar mais alimentos \u00e0 base de plantas na sua dieta, o que indica que muito mais pessoas do que as que seguem uma dieta vegana est\u00e3o \u00e0 procura de op\u00e7\u00f5es \u00e0 base de plantas.<\/a><\/li><li>2018 &#8211; <a href=\"https:\/\/cdn.dal.ca\/content\/dam\/dalhousie\/pdf\/management\/News\/News%20%26%20Events\/Charlebois%20Somogyi%20Music%20EN%20Plant-Based%20Study.pdf\">O estudo estima que mais de 6,4 milh\u00f5es de canadianos t\u00eam dietas espec\u00edficas que resultam numa redu\u00e7\u00e3o ou elimina\u00e7\u00e3o completa do seu consumo de carne<\/a><\/li><\/ul><p>Precisamos da tua ajuda e do teu apoio.  <\/p><p>Faz com que a tua voz seja ouvida!  <\/p><ul><li>Envia uma mensagem de correio eletr\u00f3nico aos teus <a href=\"http:\/\/www.assnat.qc.ca\/fr\/deputes\/index.html?appelant=MC\">representantes governamentais<\/a>.<\/li><li><strong>Partilha<\/strong> esta campanha.<\/li><\/ul>\t\t\t\t\t\t\t\t<\/div>\n\t\t\t\t<\/div>\n\t\t\t\t<div class=\"elementor-element elementor-element-c85a6e6 elementor-share-buttons--align-center elementor-share-buttons--view-icon-text elementor-share-buttons--skin-gradient elementor-share-buttons--shape-square elementor-grid-0 elementor-share-buttons--color-official elementor-widget elementor-widget-share-buttons\" data-id=\"c85a6e6\" data-element_type=\"widget\" data-widget_type=\"share-buttons.default\">\n\t\t\t\t<div class=\"elementor-widget-container\">\n\t\t\t\t\t\t\t<div class=\"elementor-grid\">\n\t\t\t\t\t\t\t\t<div class=\"elementor-grid-item\">\n\t\t\t\t\t\t<div\n\t\t\t\t\t\t\tclass=\"elementor-share-btn elementor-share-btn_facebook\"\n\t\t\t\t\t\t\trole=\"button\"\n\t\t\t\t\t\t\ttabindex=\"0\"\n\t\t\t\t\t\t\taria-label=\"Share on facebook\"\n\t\t\t\t\t\t>\n\t\t\t\t\t\t\t\t\t\t\t\t\t\t\t<span class=\"elementor-share-btn__icon\">\n\t\t\t\t\t\t\t\t<i class=\"fab fa-facebook\" aria-hidden=\"true\"><\/i>\t\t\t\t\t\t\t<\/span>\n\t\t\t\t\t\t\t\t\t\t\t\t\t\t\t\t\t\t\t\t\t\t<div class=\"elementor-share-btn__text\">\n\t\t\t\t\t\t\t\t\t\t\t\t\t\t\t\t\t\t\t<span class=\"elementor-share-btn__title\">\n\t\t\t\t\t\t\t\t\t\tFacebook\t\t\t\t\t\t\t\t\t<\/span>\n\t\t\t\t\t\t\t\t\t\t\t\t\t\t\t\t\t<\/div>\n\t\t\t\t\t\t\t\t\t\t\t\t\t<\/div>\n\t\t\t\t\t<\/div>\n\t\t\t\t\t\t\t\t\t<div class=\"elementor-grid-item\">\n\t\t\t\t\t\t<div\n\t\t\t\t\t\t\tclass=\"elementor-share-btn elementor-share-btn_twitter\"\n\t\t\t\t\t\t\trole=\"button\"\n\t\t\t\t\t\t\ttabindex=\"0\"\n\t\t\t\t\t\t\taria-label=\"Share on twitter\"\n\t\t\t\t\t\t>\n\t\t\t\t\t\t\t\t\t\t\t\t\t\t\t<span class=\"elementor-share-btn__icon\">\n\t\t\t\t\t\t\t\t<i class=\"fab fa-twitter\" aria-hidden=\"true\"><\/i>\t\t\t\t\t\t\t<\/span>\n\t\t\t\t\t\t\t\t\t\t\t\t\t\t\t\t\t\t\t\t\t\t<div class=\"elementor-share-btn__text\">\n\t\t\t\t\t\t\t\t\t\t\t\t\t\t\t\t\t\t\t<span class=\"elementor-share-btn__title\">\n\t\t\t\t\t\t\t\t\t\tTwitter\t\t\t\t\t\t\t\t\t<\/span>\n\t\t\t\t\t\t\t\t\t\t\t\t\t\t\t\t\t<\/div>\n\t\t\t\t\t\t\t\t\t\t\t\t\t<\/div>\n\t\t\t\t\t<\/div>\n\t\t\t\t\t\t\t\t\t<div class=\"elementor-grid-item\">\n\t\t\t\t\t\t<div\n\t\t\t\t\t\t\tclass=\"elementor-share-btn elementor-share-btn_linkedin\"\n\t\t\t\t\t\t\trole=\"button\"\n\t\t\t\t\t\t\ttabindex=\"0\"\n\t\t\t\t\t\t\taria-label=\"Share on linkedin\"\n\t\t\t\t\t\t>\n\t\t\t\t\t\t\t\t\t\t\t\t\t\t\t<span class=\"elementor-share-btn__icon\">\n\t\t\t\t\t\t\t\t<i class=\"fab fa-linkedin\" aria-hidden=\"true\"><\/i>\t\t\t\t\t\t\t<\/span>\n\t\t\t\t\t\t\t\t\t\t\t\t\t\t\t\t\t\t\t\t\t\t<div class=\"elementor-share-btn__text\">\n\t\t\t\t\t\t\t\t\t\t\t\t\t\t\t\t\t\t\t<span class=\"elementor-share-btn__title\">\n\t\t\t\t\t\t\t\t\t\tLinkedIn\t\t\t\t\t\t\t\t\t<\/span>\n\t\t\t\t\t\t\t\t\t\t\t\t\t\t\t\t\t<\/div>\n\t\t\t\t\t\t\t\t\t\t\t\t\t<\/div>\n\t\t\t\t\t<\/div>\n\t\t\t\t\t\t\t\t\t<div class=\"elementor-grid-item\">\n\t\t\t\t\t\t<div\n\t\t\t\t\t\t\tclass=\"elementor-share-btn elementor-share-btn_email\"\n\t\t\t\t\t\t\trole=\"button\"\n\t\t\t\t\t\t\ttabindex=\"0\"\n\t\t\t\t\t\t\taria-label=\"Share on email\"\n\t\t\t\t\t\t>\n\t\t\t\t\t\t\t\t\t\t\t\t\t\t\t<span class=\"elementor-share-btn__icon\">\n\t\t\t\t\t\t\t\t<i class=\"fas fa-envelope\" aria-hidden=\"true\"><\/i>\t\t\t\t\t\t\t<\/span>\n\t\t\t\t\t\t\t\t\t\t\t\t\t\t\t\t\t\t\t\t\t\t<div class=\"elementor-share-btn__text\">\n\t\t\t\t\t\t\t\t\t\t\t\t\t\t\t\t\t\t\t<span class=\"elementor-share-btn__title\">\n\t\t\t\t\t\t\t\t\t\tEmail\t\t\t\t\t\t\t\t\t<\/span>\n\t\t\t\t\t\t\t\t\t\t\t\t\t\t\t\t\t<\/div>\n\t\t\t\t\t\t\t\t\t\t\t\t\t<\/div>\n\t\t\t\t\t<\/div>\n\t\t\t\t\t\t<\/div>\n\t\t\t\t\t\t<\/div>\n\t\t\t\t<\/div>\n\t\t\t\t<div class=\"elementor-element elementor-element-40746c7 elementor-widget-divider--view-line elementor-widget elementor-widget-divider\" data-id=\"40746c7\" data-element_type=\"widget\" data-widget_type=\"divider.default\">\n\t\t\t\t<div class=\"elementor-widget-container\">\n\t\t\t\t\t\t\t<div class=\"elementor-divider\">\n\t\t\t<span class=\"elementor-divider-separator\">\n\t\t\t\t\t\t<\/span>\n\t\t<\/div>\n\t\t\t\t\t\t<\/div>\n\t\t\t\t<\/div>\n\t\t\t\t\t<\/div>\n\t\t<\/div>\n\t\t\t\t\t<\/div>\n\t\t<\/section>\n\t\t\t\t<section class=\"elementor-section elementor-inner-section elementor-element elementor-element-712b262 elementor-section-boxed elementor-section-height-default elementor-section-height-default\" data-id=\"712b262\" data-element_type=\"section\">\n\t\t\t\t\t\t<div class=\"elementor-container elementor-column-gap-default\">\n\t\t\t\t\t<div class=\"elementor-column elementor-col-50 elementor-inner-column elementor-element elementor-element-bfdee88\" data-id=\"bfdee88\" data-element_type=\"column\">\n\t\t\t<div class=\"elementor-widget-wrap elementor-element-populated\">\n\t\t\t\t\t\t<div class=\"elementor-element elementor-element-c52fe21 elementor-widget elementor-widget-text-editor\" data-id=\"c52fe21\" data-element_type=\"widget\" data-widget_type=\"text-editor.default\">\n\t\t\t\t<div class=\"elementor-widget-container\">\n\t\t\t\t\t\t\t\t\t<p><span style=\"color: #000000; font-family: Arial;\"><span style=\"font-size: 14.6667px; white-space: pre-wrap;\">Se quiseres saber mais sobre este projeto e como podes ajudar, contacta <\/span><\/span><a href=\"mailto:cym.gomery@veganoptioncanada.org\" target=\"_blank\" rel=\"noopener\">Cym Gomery<\/a><span style=\"color: #000000; font-family: Arial;\"><span style=\"font-size: 14.6667px; white-space: pre-wrap;\">coordenador de Options V\u00e9ganes Qu\u00e9bec. Encontra-nos no Facebook, em  <\/span><\/span><span style=\"font-size: 11pt; font-family: Arial; color: #1155cc; background-color: transparent; font-variant-numeric: normal; font-variant-east-asian: normal; text-decoration-line: underline; text-decoration-skip-ink: none; vertical-align: baseline; white-space: pre-wrap;\"><a style=\"background-color: #ffffff; font-size: 1rem;\" href=\"https:\/\/www.facebook.com\/OptionVeganeQuebec\/\">Op\u00e7\u00f5es V\u00e9ganes Qu\u00e9bec<\/a><\/span><span style=\"color: #000000; font-family: Arial;\"><span style=\"font-size: 14.6667px; white-space: pre-wrap;\">. <\/span><\/span> <\/p>\t\t\t\t\t\t\t\t<\/div>\n\t\t\t\t<\/div>\n\t\t\t\t\t<\/div>\n\t\t<\/div>\n\t\t\t\t<div class=\"elementor-column elementor-col-50 elementor-inner-column elementor-element elementor-element-283100a\" data-id=\"283100a\" data-element_type=\"column\">\n\t\t\t<div class=\"elementor-widget-wrap elementor-element-populated\">\n\t\t\t\t\t\t<div class=\"elementor-element elementor-element-3916629 elementor-widget elementor-widget-image\" data-id=\"3916629\" data-element_type=\"widget\" data-widget_type=\"image.default\">\n\t\t\t\t<div class=\"elementor-widget-container\">\n\t\t\t\t\t\t\t\t\t\t\t\t\t\t\t<img decoding=\"async\" width=\"152\" height=\"161\" src=\"https:\/\/veganoptioncanada.ca\/wp-content\/uploads\/2019\/05\/cym.jpg\" class=\"attachment-large size-large wp-image-1985\" alt=\"\" \/>\t\t\t\t\t\t\t\t\t\t\t\t\t\t\t<\/div>\n\t\t\t\t<\/div>\n\t\t\t\t\t<\/div>\n\t\t<\/div>\n\t\t\t\t\t<\/div>\n\t\t<\/section>\n\t\t\t\t<\/div>\n\t\t","protected":false},"excerpt":{"rendered":"<p>Junta-te a n\u00f3s e apela ao nosso governo para que assuma a responsabilidade pelo nosso futuro coletivo. Apelamos ao nosso governo para que crie um centro de preven\u00e7\u00e3o de crises futuras. Este centro deve dar prioridade ao estudo e \u00e0 investiga\u00e7\u00e3o das liga\u00e7\u00f5es entre a pecu\u00e1ria e as pandemias, as zoonoses, as emerg\u00eancias clim\u00e1ticas e [&hellip;]<\/p>\n","protected":false},"author":1,"featured_media":0,"parent":0,"menu_order":0,"comment_status":"closed","ping_status":"closed","template":"","meta":{"footnotes":""},"class_list":["post-4366","page","type-page","status-publish","hentry"],"yoast_head":"<!-- This site is optimized with the Yoast SEO plugin v26.9 - https:\/\/yoast.com\/product\/yoast-seo-wordpress\/ -->\n<title>Peti\u00e7\u00e3o do Quebeque - Op\u00e7\u00e3o Vegana Canad\u00e1<\/title>\n<meta name=\"robots\" content=\"index, follow, max-snippet:-1, max-image-preview:large, max-video-preview:-1\" \/>\n<link rel=\"canonical\" href=\"https:\/\/veganoptioncanada.ca\/pt-pt\/peticao-do-quebeque\/\" \/>\n<meta property=\"og:locale\" content=\"pt_PT\" \/>\n<meta property=\"og:type\" content=\"article\" \/>\n<meta property=\"og:title\" content=\"Peti\u00e7\u00e3o do Quebeque - Op\u00e7\u00e3o Vegana Canad\u00e1\" \/>\n<meta property=\"og:description\" content=\"Junta-te a n\u00f3s e apela ao nosso governo para que assuma a responsabilidade pelo nosso futuro coletivo. Apelamos ao nosso governo para que crie um centro de preven\u00e7\u00e3o de crises futuras. Este centro deve dar prioridade ao estudo e \u00e0 investiga\u00e7\u00e3o das liga\u00e7\u00f5es entre a pecu\u00e1ria e as pandemias, as zoonoses, as emerg\u00eancias clim\u00e1ticas e [&hellip;]\" \/>\n<meta property=\"og:url\" content=\"https:\/\/veganoptioncanada.ca\/pt-pt\/peticao-do-quebeque\/\" \/>\n<meta property=\"og:site_name\" content=\"Op\u00e7\u00e3o Vegana Canad\u00e1\" \/>\n<meta property=\"article:publisher\" content=\"https:\/\/www.facebook.com\/VOOVCanada\/\" \/>\n<meta property=\"article:modified_time\" content=\"2025-03-30T03:16:18+00:00\" \/>\n<meta property=\"og:image\" content=\"https:\/\/veganoptioncanada.ca\/wp-content\/uploads\/2019\/01\/repas-e1617380209924-300x200.jpg\" \/>\n<meta name=\"twitter:card\" content=\"summary_large_image\" \/>\n<meta name=\"twitter:site\" content=\"@CanadaVegan\" \/>\n<meta name=\"twitter:label1\" content=\"Tempo estimado de leitura\" \/>\n\t<meta name=\"twitter:data1\" content=\"5 minutos\" \/>\n<script type=\"application\/ld+json\" class=\"yoast-schema-graph\">{\"@context\":\"https:\/\/schema.org\",\"@graph\":[{\"@type\":\"WebPage\",\"@id\":\"https:\/\/veganoptioncanada.ca\/pt-pt\/peticao-do-quebeque\/\",\"url\":\"https:\/\/veganoptioncanada.ca\/pt-pt\/peticao-do-quebeque\/\",\"name\":\"Peti\u00e7\u00e3o do Quebeque - Op\u00e7\u00e3o Vegana Canad\u00e1\",\"isPartOf\":{\"@id\":\"http:\/\/veganoptioncanada.ca\/pt-pt\/#website\"},\"primaryImageOfPage\":{\"@id\":\"https:\/\/veganoptioncanada.ca\/pt-pt\/peticao-do-quebeque\/#primaryimage\"},\"image\":{\"@id\":\"https:\/\/veganoptioncanada.ca\/pt-pt\/peticao-do-quebeque\/#primaryimage\"},\"thumbnailUrl\":\"https:\/\/veganoptioncanada.ca\/wp-content\/uploads\/2019\/01\/repas-e1617380209924-300x200.jpg\",\"datePublished\":\"2019-01-07T23:17:56+00:00\",\"dateModified\":\"2025-03-30T03:16:18+00:00\",\"breadcrumb\":{\"@id\":\"https:\/\/veganoptioncanada.ca\/pt-pt\/peticao-do-quebeque\/#breadcrumb\"},\"inLanguage\":\"pt-PT\",\"potentialAction\":[{\"@type\":\"ReadAction\",\"target\":[\"https:\/\/veganoptioncanada.ca\/pt-pt\/peticao-do-quebeque\/\"]}]},{\"@type\":\"ImageObject\",\"inLanguage\":\"pt-PT\",\"@id\":\"https:\/\/veganoptioncanada.ca\/pt-pt\/peticao-do-quebeque\/#primaryimage\",\"url\":\"https:\/\/veganoptioncanada.ca\/wp-content\/uploads\/2019\/01\/repas-e1617380209924-300x200.jpg\",\"contentUrl\":\"https:\/\/veganoptioncanada.ca\/wp-content\/uploads\/2019\/01\/repas-e1617380209924-300x200.jpg\"},{\"@type\":\"BreadcrumbList\",\"@id\":\"https:\/\/veganoptioncanada.ca\/pt-pt\/peticao-do-quebeque\/#breadcrumb\",\"itemListElement\":[{\"@type\":\"ListItem\",\"position\":1,\"name\":\"Home\",\"item\":\"https:\/\/veganoptioncanada.ca\/pt-pt\/\"},{\"@type\":\"ListItem\",\"position\":2,\"name\":\"Peti\u00e7\u00e3o do Quebeque\"}]},{\"@type\":\"WebSite\",\"@id\":\"http:\/\/veganoptioncanada.ca\/pt-pt\/#website\",\"url\":\"http:\/\/veganoptioncanada.ca\/pt-pt\/\",\"name\":\"Vegan Option Canada - Option V\u00e9gane Canada\",\"description\":\"\",\"publisher\":{\"@id\":\"http:\/\/veganoptioncanada.ca\/pt-pt\/#organization\"},\"potentialAction\":[{\"@type\":\"SearchAction\",\"target\":{\"@type\":\"EntryPoint\",\"urlTemplate\":\"http:\/\/veganoptioncanada.ca\/pt-pt\/?s={search_term_string}\"},\"query-input\":{\"@type\":\"PropertyValueSpecification\",\"valueRequired\":true,\"valueName\":\"search_term_string\"}}],\"inLanguage\":\"pt-PT\"},{\"@type\":\"Organization\",\"@id\":\"http:\/\/veganoptioncanada.ca\/pt-pt\/#organization\",\"name\":\"Vegan Option Canada\",\"url\":\"http:\/\/veganoptioncanada.ca\/pt-pt\/\",\"logo\":{\"@type\":\"ImageObject\",\"inLanguage\":\"pt-PT\",\"@id\":\"http:\/\/veganoptioncanada.ca\/pt-pt\/#\/schema\/logo\/image\/\",\"url\":\"http:\/\/veganoptioncanada.ca\/wp-content\/uploads\/2021\/04\/Logo_OVC_transparent_web.png\",\"contentUrl\":\"http:\/\/veganoptioncanada.ca\/wp-content\/uploads\/2021\/04\/Logo_OVC_transparent_web.png\",\"width\":200,\"height\":200,\"caption\":\"Vegan Option Canada\"},\"image\":{\"@id\":\"http:\/\/veganoptioncanada.ca\/pt-pt\/#\/schema\/logo\/image\/\"},\"sameAs\":[\"https:\/\/www.facebook.com\/VOOVCanada\/\",\"https:\/\/x.com\/CanadaVegan\",\"https:\/\/instagram.com\/veganoptioncanada\/\",\"https:\/\/www.youtube.com\/channel\/UCDVCrc0eUMbWkdRwsUQi4Hw\"]}]}<\/script>\n<!-- \/ Yoast SEO plugin. -->","yoast_head_json":{"title":"Peti\u00e7\u00e3o do Quebeque - Op\u00e7\u00e3o Vegana Canad\u00e1","robots":{"index":"index","follow":"follow","max-snippet":"max-snippet:-1","max-image-preview":"max-image-preview:large","max-video-preview":"max-video-preview:-1"},"canonical":"https:\/\/veganoptioncanada.ca\/pt-pt\/peticao-do-quebeque\/","og_locale":"pt_PT","og_type":"article","og_title":"Peti\u00e7\u00e3o do Quebeque - Op\u00e7\u00e3o Vegana Canad\u00e1","og_description":"Junta-te a n\u00f3s e apela ao nosso governo para que assuma a responsabilidade pelo nosso futuro coletivo. Apelamos ao nosso governo para que crie um centro de preven\u00e7\u00e3o de crises futuras. Este centro deve dar prioridade ao estudo e \u00e0 investiga\u00e7\u00e3o das liga\u00e7\u00f5es entre a pecu\u00e1ria e as pandemias, as zoonoses, as emerg\u00eancias clim\u00e1ticas e [&hellip;]","og_url":"https:\/\/veganoptioncanada.ca\/pt-pt\/peticao-do-quebeque\/","og_site_name":"Op\u00e7\u00e3o Vegana Canad\u00e1","article_publisher":"https:\/\/www.facebook.com\/VOOVCanada\/","article_modified_time":"2025-03-30T03:16:18+00:00","og_image":[{"url":"https:\/\/veganoptioncanada.ca\/wp-content\/uploads\/2019\/01\/repas-e1617380209924-300x200.jpg","type":"","width":"","height":""}],"twitter_card":"summary_large_image","twitter_site":"@CanadaVegan","twitter_misc":{"Tempo estimado de leitura":"5 minutos"},"schema":{"@context":"https:\/\/schema.org","@graph":[{"@type":"WebPage","@id":"https:\/\/veganoptioncanada.ca\/pt-pt\/peticao-do-quebeque\/","url":"https:\/\/veganoptioncanada.ca\/pt-pt\/peticao-do-quebeque\/","name":"Peti\u00e7\u00e3o do Quebeque - Op\u00e7\u00e3o Vegana Canad\u00e1","isPartOf":{"@id":"http:\/\/veganoptioncanada.ca\/pt-pt\/#website"},"primaryImageOfPage":{"@id":"https:\/\/veganoptioncanada.ca\/pt-pt\/peticao-do-quebeque\/#primaryimage"},"image":{"@id":"https:\/\/veganoptioncanada.ca\/pt-pt\/peticao-do-quebeque\/#primaryimage"},"thumbnailUrl":"https:\/\/veganoptioncanada.ca\/wp-content\/uploads\/2019\/01\/repas-e1617380209924-300x200.jpg","datePublished":"2019-01-07T23:17:56+00:00","dateModified":"2025-03-30T03:16:18+00:00","breadcrumb":{"@id":"https:\/\/veganoptioncanada.ca\/pt-pt\/peticao-do-quebeque\/#breadcrumb"},"inLanguage":"pt-PT","potentialAction":[{"@type":"ReadAction","target":["https:\/\/veganoptioncanada.ca\/pt-pt\/peticao-do-quebeque\/"]}]},{"@type":"ImageObject","inLanguage":"pt-PT","@id":"https:\/\/veganoptioncanada.ca\/pt-pt\/peticao-do-quebeque\/#primaryimage","url":"https:\/\/veganoptioncanada.ca\/wp-content\/uploads\/2019\/01\/repas-e1617380209924-300x200.jpg","contentUrl":"https:\/\/veganoptioncanada.ca\/wp-content\/uploads\/2019\/01\/repas-e1617380209924-300x200.jpg"},{"@type":"BreadcrumbList","@id":"https:\/\/veganoptioncanada.ca\/pt-pt\/peticao-do-quebeque\/#breadcrumb","itemListElement":[{"@type":"ListItem","position":1,"name":"Home","item":"https:\/\/veganoptioncanada.ca\/pt-pt\/"},{"@type":"ListItem","position":2,"name":"Peti\u00e7\u00e3o do Quebeque"}]},{"@type":"WebSite","@id":"http:\/\/veganoptioncanada.ca\/pt-pt\/#website","url":"http:\/\/veganoptioncanada.ca\/pt-pt\/","name":"Vegan Option Canada - Option V\u00e9gane Canada","description":"","publisher":{"@id":"http:\/\/veganoptioncanada.ca\/pt-pt\/#organization"},"potentialAction":[{"@type":"SearchAction","target":{"@type":"EntryPoint","urlTemplate":"http:\/\/veganoptioncanada.ca\/pt-pt\/?s={search_term_string}"},"query-input":{"@type":"PropertyValueSpecification","valueRequired":true,"valueName":"search_term_string"}}],"inLanguage":"pt-PT"},{"@type":"Organization","@id":"http:\/\/veganoptioncanada.ca\/pt-pt\/#organization","name":"Vegan Option Canada","url":"http:\/\/veganoptioncanada.ca\/pt-pt\/","logo":{"@type":"ImageObject","inLanguage":"pt-PT","@id":"http:\/\/veganoptioncanada.ca\/pt-pt\/#\/schema\/logo\/image\/","url":"http:\/\/veganoptioncanada.ca\/wp-content\/uploads\/2021\/04\/Logo_OVC_transparent_web.png","contentUrl":"http:\/\/veganoptioncanada.ca\/wp-content\/uploads\/2021\/04\/Logo_OVC_transparent_web.png","width":200,"height":200,"caption":"Vegan Option Canada"},"image":{"@id":"http:\/\/veganoptioncanada.ca\/pt-pt\/#\/schema\/logo\/image\/"},"sameAs":["https:\/\/www.facebook.com\/VOOVCanada\/","https:\/\/x.com\/CanadaVegan","https:\/\/instagram.com\/veganoptioncanada\/","https:\/\/www.youtube.com\/channel\/UCDVCrc0eUMbWkdRwsUQi4Hw"]}]}},"_links":{"self":[{"href":"https:\/\/veganoptioncanada.ca\/pt-pt\/wp-json\/wp\/v2\/pages\/4366","targetHints":{"allow":["GET"]}}],"collection":[{"href":"https:\/\/veganoptioncanada.ca\/pt-pt\/wp-json\/wp\/v2\/pages"}],"about":[{"href":"https:\/\/veganoptioncanada.ca\/pt-pt\/wp-json\/wp\/v2\/types\/page"}],"author":[{"embeddable":true,"href":"https:\/\/veganoptioncanada.ca\/pt-pt\/wp-json\/wp\/v2\/users\/1"}],"replies":[{"embeddable":true,"href":"https:\/\/veganoptioncanada.ca\/pt-pt\/wp-json\/wp\/v2\/comments?post=4366"}],"version-history":[{"count":1,"href":"https:\/\/veganoptioncanada.ca\/pt-pt\/wp-json\/wp\/v2\/pages\/4366\/revisions"}],"predecessor-version":[{"id":4369,"href":"https:\/\/veganoptioncanada.ca\/pt-pt\/wp-json\/wp\/v2\/pages\/4366\/revisions\/4369"}],"wp:attachment":[{"href":"https:\/\/veganoptioncanada.ca\/pt-pt\/wp-json\/wp\/v2\/media?parent=4366"}],"curies":[{"name":"wp","href":"https:\/\/api.w.org\/{rel}","templated":true}]}}