{"id":4433,"date":"2019-06-26T10:01:18","date_gmt":"2019-06-26T15:01:18","guid":{"rendered":"https:\/\/veganoptioncanada.ca\/peticao-de-alberta\/"},"modified":"2025-03-29T22:17:09","modified_gmt":"2025-03-30T03:17:09","slug":"peticao-de-alberta","status":"publish","type":"page","link":"https:\/\/veganoptioncanada.ca\/pt-pt\/peticao-de-alberta\/","title":{"rendered":"Peti\u00e7\u00e3o de Alberta"},"content":{"rendered":"\t\t<div data-elementor-type=\"wp-post\" data-elementor-id=\"4433\" class=\"elementor elementor-4433 elementor-2109\" data-elementor-post-type=\"page\">\n\t\t\t\t\t\t<section class=\"elementor-section elementor-top-section elementor-element elementor-element-92d9502 elementor-section-boxed elementor-section-height-default elementor-section-height-default\" data-id=\"92d9502\" data-element_type=\"section\">\n\t\t\t\t\t\t<div class=\"elementor-container elementor-column-gap-default\">\n\t\t\t\t\t<div class=\"elementor-column elementor-col-50 elementor-top-column elementor-element elementor-element-b6dfc33\" data-id=\"b6dfc33\" data-element_type=\"column\">\n\t\t\t<div class=\"elementor-widget-wrap elementor-element-populated\">\n\t\t\t\t\t\t<div class=\"elementor-element elementor-element-ccc0d5d elementor-widget elementor-widget-image\" data-id=\"ccc0d5d\" data-element_type=\"widget\" data-widget_type=\"image.default\">\n\t\t\t\t<div class=\"elementor-widget-container\">\n\t\t\t\t\t\t\t\t\t\t\t\t\t\t\t<img decoding=\"async\" width=\"150\" height=\"150\" src=\"https:\/\/veganoptioncanada.ca\/wp-content\/uploads\/2019\/01\/Avocados-150x150.png\" class=\"attachment-thumbnail size-thumbnail wp-image-1109\" alt=\"\" \/>\t\t\t\t\t\t\t\t\t\t\t\t\t\t\t<\/div>\n\t\t\t\t<\/div>\n\t\t\t\t\t<\/div>\n\t\t<\/div>\n\t\t\t\t<div class=\"elementor-column elementor-col-50 elementor-top-column elementor-element elementor-element-30646e9\" data-id=\"30646e9\" data-element_type=\"column\">\n\t\t\t<div class=\"elementor-widget-wrap elementor-element-populated\">\n\t\t\t\t\t\t<div class=\"elementor-element elementor-element-2c3c1fa elementor-widget elementor-widget-text-editor\" data-id=\"2c3c1fa\" data-element_type=\"widget\" data-widget_type=\"text-editor.default\">\n\t\t\t\t<div class=\"elementor-widget-container\">\n\t\t\t\t\t\t\t\t\t<h4>Estabelecimento de uma op\u00e7\u00e3o de refei\u00e7\u00e3o vegana nos refeit\u00f3rios p\u00fablicos de Alberta<\/h4>\t\t\t\t\t\t\t\t<\/div>\n\t\t\t\t<\/div>\n\t\t\t\t\t<\/div>\n\t\t<\/div>\n\t\t\t\t\t<\/div>\n\t\t<\/section>\n\t\t\t\t<section class=\"elementor-section elementor-top-section elementor-element elementor-element-83e2dec elementor-section-boxed elementor-section-height-default elementor-section-height-default\" data-id=\"83e2dec\" data-element_type=\"section\">\n\t\t\t\t\t\t<div class=\"elementor-container elementor-column-gap-extended\">\n\t\t\t\t\t<div class=\"elementor-column elementor-col-50 elementor-top-column elementor-element elementor-element-973b5db\" data-id=\"973b5db\" data-element_type=\"column\">\n\t\t\t<div class=\"elementor-widget-wrap elementor-element-populated\">\n\t\t\t\t\t\t<div class=\"elementor-element elementor-element-470d78a elementor-widget elementor-widget-shortcode\" data-id=\"470d78a\" data-element_type=\"widget\" data-widget_type=\"shortcode.default\">\n\t\t\t\t<div class=\"elementor-widget-container\">\n\t\t\t\t\t\t\t<div class=\"elementor-shortcode\"> \n\t<!-- SpeakOut! Email Petitions 4.6.5.1 : Pt-pt -->\n\t\t<div id=\"dk-speakout-windowshade\"><\/div>\n\t<div class=\"dk-speakout-petition-wrap dk-speakout-petition-id-4\" id=\"dk-speakout-petition-4\" >\n\t\t<h3>P\u00e9tition Alberta<\/h3>\n\n\t\t\t\t\t<a id=\"dk-speakout-readme-4\" class=\"dk-speakout-readme\" rel=\"4\" style=\"display: none;\"><span>Read the petition<\/span><\/a>\n\t\t\n\t\t<div id=\"dk-speakout-form-wrap\">\n\t\t\t<form class=\"dk-speakout-petition\">\n\t\t\t\t<input type=\"hidden\" id=\"security\" name=\"security\" value=\"54d33482c6\" \/><input type=\"hidden\" name=\"_wp_http_referer\" value=\"\/pt-pt\/wp-json\/wp\/v2\/pages\/4433\" \/>\t\t\t\t<input type=\"hidden\" id=\"dk-speakout-posttitle-4\" value=\"P\u00e9tition Alberta\" \/>\n\t\t\t\t<input type=\"hidden\" id=\"dk-speakout-tweet-4\" value=\"Nous, soussign\u00e9s, citoyens d&#039;Alberta, demandons au gouvernement d&#039;Alberta d\u2019exiger que les cantines publiques de comp\u00e9tence provinciale offrent une option v\u00e9g\u00e9talienne.\" \/>\n\t\t\t\t<input type=\"hidden\" id=\"dk-speakout-lang-4\" value=\"pt-pt\" \/>\n\t\t\t\t<input type=\"hidden\" id=\"dk-speakout-textval-4\" value=\"val\" \/>\n\t\t\t\t<input type=\"hidden\" id=\"dk-speakout-petition-fade-4\" value=\"disabled\" \/>\n\t\t\t\t<input type=\"hidden\" id=\"dk-speakout-requires_confirmation-4\" value=\"0\" \/>\n\t\t\t\t<input type=\"hidden\" id=\"dk-speakout-hide-email-field-4\" value=\"0\" \/>\n\n\t\t\t\t\n\t\t\t\t\t\t\t\t\n\t\t\t\t\n\t\t\t\t<div class=\"dk-speakout-full\">\n\t\t\t\t\t<input autocomplete=\"given-name\" name=\"dk-speakout-first-name\" id=\"dk-speakout-first-name-4\" type=\"text\" placeholder=\"First Name\" required=\"required\"  \/>\n\t\t\t\t<\/div>\n\t\t\t\t\n\t\t\t\t<div class=\"dk-speakout-full\">\n\t\t\t\t\t<input autocomplete=\"family-name\" name=\"dk-speakout-last-name\" id=\"dk-speakout-last-name-4\" type=\"text\" placeholder=\"Last Name\" required=\"required\"  \/>\n\t\t\t\t<\/div>\n\n\t\t\t\t\n\t\t\t\t\t\t\t\t\t<div class=\"dk-speakout-full\">\n\t\t\t\t\t\t<input autocomplete=\"email\" name=\"dk-speakout-email\" id=\"dk-speakout-email-4\" type=\"email\"  placeholder=\"Email\" required=\"required\"  \/>\n\t\t\t\t\t<\/div>\n\t\t\t\t\n\t\t\t\t\t\t\t\t<div>\n\n\t\t\t\t\n\t\t\t\t\t\t\t\t\t<div class=\"dk-speakout-half\">\n\t\t\t\t\t\t<input  autocomplete=\"address-level2\" name=\"dk-speakout-city\" id=\"dk-speakout-city-4\" maxlength=\"200\" type=\"text\" placeholder=\"City\"  \/>\n\t\t\t\t\t<\/div>\n\t\t\t\t\n\t\t\t\t\t\t\t\t\t<div class=\"dk-speakout-half\">\n\t\t\t\t\t\t<input  autocomplete=\"address-level1\" name=\"dk-speakout-state\" id=\"dk-speakout-state-4\" maxlength=\"200\" type=\"text\" list=\"dk-speakout-states\"  placeholder=\"State \/ Province\"  \/>\n\t\t\t\t\t<\/div>\n\t\t\t\t\n\t\t\t\t\t\t\t\t\t<div class=\"dk-speakout-half\">\n\t\t\t\t\t\t<input  autocomplete=\"postal-code\" name=\"dk-speakout-postcode\" id=\"dk-speakout-postcode-4\" maxlength=\"200\" type=\"text\"  placeholder=\"Postal Code\" \/>\n\t\t\t\t\t<\/div>\n\t\t\t\t\n\t\t\t\t\n\t\t\t\t\n\t\t\t\t<\/div>\n\n\t\t\t\t\t\t\t\t\t<div class=\"dk-speakout-full dk-speakout-message\"  id=\"dk-speakout-message-4\">\n\t\t\t\t\t\t<p class=\"dk-speakout-greeting\"><\/p>\n\t\t\t\t\t\t<p>La restauration collective fait actuellement face \u00e0 un changement majeur dans les pratiques alimentaires des canadiens. Nombreux-ses sont celles et ceux qui ont adopt\u00e9 ou sont en train d\u2019adopter une alimentation v\u00e9g\u00e9talienne. Les raisons en sont multiples et renvoient \u00e0 des enjeux \u00e9thiques, \u00e9cologiques ou de sant\u00e9. Signe des temps, l\u2019augmentation de la demande a entra\u00een\u00e9 une augmentation concomitante de l\u2019offre de produits v\u00e9g\u00e9taliens sur le march\u00e9.<\/p>\n<p>En mati\u00e8re de sant\u00e9, la Direction g\u00e9n\u00e9rale de la Sant\u00e9 a publi\u00e9 en 2015 un guide faisant \u00e9tat des nombreux b\u00e9n\u00e9fices d\u2019un r\u00e9gime \u00e0 base de plantes et montrant sans \u00e9quivoque que celui-ci remplit tous les besoins nutritionnels des \u00eatres humains, et ce, \u00e0 tous les \u00e2ges de la vie, s\u2019il fait la part \u00e9gale aux l\u00e9gumineuses, aux c\u00e9r\u00e9ales compl\u00e8tes, aux l\u00e9gumes et aux fruits. Les di\u00e9t\u00e9ticiens du Canada eux-m\u00eames soulignent clairement les avantages pour la sant\u00e9 de ce r\u00e9gime, lesquels s\u2019observent notamment dans le moindre taux de maladies coronariennes, de diab\u00e8tes et de certains cancers chez les v\u00e9g\u00e9taliens.<\/p>\n<p>Si l\u2019alimentation v\u00e9g\u00e9talienne est ainsi devenue un enjeu de sant\u00e9 publique, elle repr\u00e9sente \u00e9galement un enjeu plan\u00e9taire de pr\u00e9servation de l\u2019environnement. L\u2019ONU a d\u00e9j\u00e0 mentionn\u00e9 \u00e0 cet \u00e9gard que le choix d\u2019une alimentation v\u00e9g\u00e9tale est une excellente fa\u00e7on de prot\u00e9ger la plan\u00e8te des changements climatiques en cours, puisque l\u2019\u00e9levage en est manifestement l\u2019un des principaux responsables.<\/p>\n<p>Enfin, l\u2019opinion publique se montre de plus en plus soucieuse de la question \u00e9thique qui se cache derri\u00e8re l\u2019alimentation omnivore, avec de profondes interrogations quant au bien-fond\u00e9 de l\u2019\u00e9levage et de la mise \u00e0 mort de millions d\u2019animaux \u00e0 des fins de consommation.<\/p>\n<p>Ces interrogations et les convictions qui en d\u00e9coulent soul\u00e8vent la question de la libert\u00e9 de conscience, ch\u00e8re \u00e0 nos valeurs et inscrite dans notre Constitution. La Charte canadienne des Droits et Libert\u00e9s stipule en effet, en son article 2A, que tout citoyen canadien b\u00e9n\u00e9ficie, parmi les libert\u00e9s fondamentales \u00e9nonc\u00e9es, de la libert\u00e9 de conscience et de religion.<\/p>\n<p>Or, il appara\u00eet clairement aujourd\u2019hui que la libert\u00e9 de conscience inclut le choix \u00e9thique du v\u00e9ganisme et d\u2019une alimentation v\u00e9g\u00e9talienne. Ce choix repose en effet sur la conviction que la consommation de produits d\u2019origine animale est moralement insoutenable. Les motivations sous-jacentes au choix v\u00e9g\u00e9talien tombent sans \u00e9quivoque possible sous l\u2019\u00e9gide de l\u2019expression de la \u00ab conscience \u00bb mentionn\u00e9e dans la Charte. <\/p>\n<p>Le choix du v\u00e9ganisme ne peut donc plus \u00eatre ignor\u00e9 puisqu\u2019il rel\u00e8ve explicitement de la libert\u00e9 de conscience qui s\u2019y trouve clairement \u00e9nonc\u00e9e. En cons\u00e9quence, nul ne saurait aujourd\u2019hui \u00eatre contraint de consommer de la viande, du lait, du fromage ou des \u0153ufs, par d\u00e9faut d\u2019un autre choix possible.<\/p>\n<p>Pr\u00e9cisons que le v\u00e9ganisme ne peut en aucun cas \u00eatre assimil\u00e9 \u00e0 une mode passag\u00e8re. Il constitue un ensemble de principes moraux (\u00ab creed \u00bb) tels que le d\u00e9finit notamment l\u2019OHRC (Ontario Human Rights Code) : c\u2019est un choix sinc\u00e8re, libre, int\u00e9gralement li\u00e9 \u00e0 l\u2019identit\u00e9 de celui ou de celle qui le fait, gouvernant sa conduite, questionnant le sens m\u00eame de l\u2019existence humaine et impliquant, dans la plupart des cas, un lien avec une organisation ou une appartenance \u00e0 une communaut\u00e9 qui partage le m\u00eame syst\u00e8me de pens\u00e9e et les m\u00eames valeurs fondamentales. Il faut rappeler \u00e0 cet \u00e9gard que le pr\u00e9ambule de l\u2019OHRC a pour but d\u2019assurer \u00e0 chaque personne une \u00e9galit\u00e9 de droits, sans discrimination d\u2019aucune sorte.<\/p>\n<p>Cette perception des choses se retrouve d\u2019ailleurs enti\u00e8rement dans les principes directeurs du Nouveau Guide Alimentaire Canadien qui, non seulement traitent de la diversit\u00e9 culturelle comme de l\u2019un des \u00e9l\u00e9ments \u00e0 prendre en consid\u00e9ration pour \u00e9tablir le prochain Guide, mais indiquent \u00e9galement que les aliments sont intrins\u00e8quement li\u00e9s \u00e0 l\u2019identit\u00e9 et \u00e0 la culture, et que la consommation d\u2019aliments v\u00e9g\u00e9taliens est au coeur de l\u2019identit\u00e9 d\u2019un v\u00e9g\u00e9talien. Un v\u00e9g\u00e9talien ne peut donc pas choisir de manger \u201cautre chose \u201c si une option v\u00e9g\u00e9talienne n\u2019est pas disponible. Celle-ci s\u2019av\u00e8re donc absolument indispensable dans les \u00e9tablissements publics si nous souhaitons, en tant que canadiens fid\u00e8les \u00e0 nos principes, rester inclusifs et respectueux de notre diversit\u00e9.<\/p>\n<p>En outre, il est important de souligner que ces options v\u00e9g\u00e9taliennes \u00e0 pr\u00e9voir dans les \u00e9tablissements ne sauraient \u00eatre con\u00e7ues sans un minimum d\u2019exigence et de professionnalisme. Les v\u00e9g\u00e9taliens sont habitu\u00e9s \u00e0 une cuisine riche, vari\u00e9e et de qualit\u00e9, et les repas \u00e0 base de plantes requi\u00e8rent les m\u00eames standards d\u2019exigence que les repas omnivores. Les options v\u00e9g\u00e9taliennes devront donc \u00eatre optimales et permettre un repas complet et \u00e9quilibr\u00e9, lequel devra \u00eatre approuv\u00e9 par un nutritionniste, un di\u00e9t\u00e9tiste ou un autre sp\u00e9cialiste des aliments. Les r\u00e9f\u00e9rences en mati\u00e8re de repas v\u00e9g\u00e9taliens de qualit\u00e9 ne manquent pas et les \u00e9tablissements devront recevoir toute l\u2019expertise requise pour \u00eatre en mesure d\u2019accompagner les fournisseurs dans leur \u00e9ducation \u00e0 la prot\u00e9ine v\u00e9g\u00e9tale, notamment. Un guide de la prot\u00e9ine v\u00e9g\u00e9tale pour les fournisseurs est d\u2019ores et d\u00e9j\u00e0 disponible, lequel offre tout un panel d\u2019alternatives v\u00e9g\u00e9tales, de recettes faciles, \u00e9conomiques, et permettant un service \u00e0 grande \u00e9chelle.<\/p>\n<p>Par ailleurs, c\u2019est la perception de la communaut\u00e9 v\u00e9gane par le grand public qui est en jeu dans la question de la qualit\u00e9 et du go\u00fbt, dans la mesure o\u00f9 une premi\u00e8re exp\u00e9rience d\u2019un repas v\u00e9g\u00e9talien par un n\u00e9ophyte doit inciter davantage \u00e0 l\u2019approbation qu\u2019au rejet. La premi\u00e8re exp\u00e9rience peut ainsi \u00eatre d\u00e9terminante, puisque le rapport \u00e0 la nourriture implique n\u00e9cessairement une perception par le grand public des personnes qui ont fait le choix v\u00e9g\u00e9talien. <\/p>\n<p>Pour toutes les raisons invoqu\u00e9es plus haut, nous prions donc le gouvernement d\\'Alberta d\u2019exiger que les \u00e9tablissements publics, qu\u2019ils s\u2019agisse des institutions scolaires du primaire, du secondaire ou universitaires, des centres d\u2019h\u00e9bergement pour personnes \u00e2g\u00e9es, des prisons ou des h\u00f4pitaux, et autres....de mettre \u00e0 disposition des personnes qui les fr\u00e9quentent, une option v\u00e9g\u00e9talienne satisfaisante. Ceci a d\u00e9j\u00e0 \u00e9t\u00e9 r\u00e9alis\u00e9 avec succ\u00e8s au Portugal, dont il serait possible de s\u2019inspirer le cas \u00e9ch\u00e9ant.<\/p>\t\t\t\t\t\t\n\t\t\t\t\t\t\t\t\t\t\t<\/div>\n\t\t\t\t\n\t\t\t\t\t\t\t\t\t<div class=\"dk-speakout-optin-wrap\" >\n\t\t\t\t\t\t<div class=\"dk-speakout-optin-checkbox\">\n\t\t\t\t\t\t\t<input type=\"checkbox\" name=\"dk-speakout-optin\"  id=\"dk-speakout-optin-4\" \/>\n\t\t\t\t\t\t\t<label for=\"dk-speakout-optin-4\" class=\"dk-speakout-options\">Junte-se a Vegan Option Canada<\/label>\n\t\t\t\t\t\t<\/div>\n\t\t\t\t\t<\/div>\n\t\t\t\t\n\t\t\t\t\n\t\t\t\t\n\t\t\t\t\n\t\t\t\t\n\t\t\t\t\n\t\t\t\t<div class=\"dk-speakout-submit-wrap\">\n\t\t\t\t\t<div id=\"dk-speakout-ajaxloader-4\" class=\"dk-speakout-ajaxloader\" style=\"visibility: hidden;\">&nbsp;<\/div>\n\t\t\t\t\t<button name=\"4\" class=\"dk-speakout-submit\">Signer<\/button>\n\t\t\t\t<\/div>\n\t\t\t<\/form>\n\t\t<\/div>\n\t\t<div class=\"dk-speakout-response\"><\/div>\n\n\t\t\t\t\t<div class=\"dk-speakout-progress-wrap\">\n\t\t\t\t<div class=\"dk-speakout-signature-count\">\n\t\t\t\t\t<span>259<\/span> signatures Goal: 1,000\t\t\t\t<\/div>\n\t\t\t\t\t\t\t\t\t<div class=\"dk-speakout-count\">0<div class=\"dk-speakout-progress\" style=\"width: 25.9px;\">\r\n\t\t\t\t\t\t\t\t<div class=\"dk-speakout-progressbar dk-speakout-progressbar-medium\" style=\"width: 6px;\"><\/div>\r\n\t\t\t\t\t\t\t<\/div> 1,000<\/div>\n\t\t\t\t\t\t\t<\/div>\n\t\t\n\t\t\t\t\t<div class=\"dk-speakout-share\">\n\t\t\t\t<div>\n\t\t\t\t\t<p>Partager avec vos amis:<\/p>\n\t\t\t\t\t<p>\n\t\t\t\t\t\t<a class=\"dk-speakout-facebook\" href=\"#\" title=\"Facebook\" rel=\"4\"><\/a>\n\t\t\t\t\t\t<a class=\"dk-speakout-email\"  target=\"_blank\" href=\"mailto:?subject=P%C3%A9tition%20Alberta&amp;body=https%3A%2F%2Fveganoptioncanada.ca%2Fpt-pt%2Fpeticao-de-alberta%2F\" title=\"Share by Email\"><\/a>\n\t\t\t\t\t\t<a class=\"dk-speakout-x\" href=\"#\" title=\"X\" rel=\"4\"><\/a>\n\t\t\t\t\t<\/p>\n\t\t\t\t<\/div>\n\t\t\t\t<div class=\"dk-speakout-clear\"><\/div>\n\t\t\t<\/div>\n\t\t\t<\/div>\n\n<\/div>\n\t\t\t\t\t\t<\/div>\n\t\t\t\t<\/div>\n\t\t\t\t\t<\/div>\n\t\t<\/div>\n\t\t\t\t<div class=\"elementor-column elementor-col-50 elementor-top-column elementor-element elementor-element-041797a\" data-id=\"041797a\" data-element_type=\"column\">\n\t\t\t<div class=\"elementor-widget-wrap elementor-element-populated\">\n\t\t\t\t\t\t<section class=\"elementor-section elementor-inner-section elementor-element elementor-element-9e9577b elementor-section-boxed elementor-section-height-default elementor-section-height-default\" data-id=\"9e9577b\" data-element_type=\"section\">\n\t\t\t\t\t\t<div class=\"elementor-container elementor-column-gap-default\">\n\t\t\t\t\t<div class=\"elementor-column elementor-col-50 elementor-inner-column elementor-element elementor-element-29cc7d6\" data-id=\"29cc7d6\" data-element_type=\"column\">\n\t\t\t<div class=\"elementor-widget-wrap elementor-element-populated\">\n\t\t\t\t\t\t<div class=\"elementor-element elementor-element-2260a92 elementor-widget elementor-widget-heading\" data-id=\"2260a92\" data-element_type=\"widget\" data-widget_type=\"heading.default\">\n\t\t\t\t<div class=\"elementor-widget-container\">\n\t\t\t\t\t<h2 class=\"elementor-heading-title elementor-size-default\"><b>\u00c0<\/b>Assembleia Legislativa de Alberta<\/h2>\t\t\t\t<\/div>\n\t\t\t\t<\/div>\n\t\t\t\t\t<\/div>\n\t\t<\/div>\n\t\t\t\t<div class=\"elementor-column elementor-col-50 elementor-inner-column elementor-element elementor-element-32dec87\" data-id=\"32dec87\" data-element_type=\"column\">\n\t\t\t<div class=\"elementor-widget-wrap elementor-element-populated\">\n\t\t\t\t\t\t<div class=\"elementor-element elementor-element-a86cd37 elementor-widget elementor-widget-image\" data-id=\"a86cd37\" data-element_type=\"widget\" data-widget_type=\"image.default\">\n\t\t\t\t<div class=\"elementor-widget-container\">\n\t\t\t\t\t\t\t\t\t\t\t\t\t\t\t<img decoding=\"async\" width=\"150\" height=\"139\" src=\"https:\/\/veganoptioncanada.ca\/wp-content\/uploads\/2019\/06\/Alberta-150x139.png\" class=\"attachment-thumbnail size-thumbnail wp-image-2110\" alt=\"\" srcset=\"https:\/\/veganoptioncanada.ca\/wp-content\/uploads\/2019\/06\/Alberta-150x139.png 150w, https:\/\/veganoptioncanada.ca\/wp-content\/uploads\/2019\/06\/Alberta.png 151w\" sizes=\"(max-width: 150px) 100vw, 150px\" \/>\t\t\t\t\t\t\t\t\t\t\t\t\t\t\t<\/div>\n\t\t\t\t<\/div>\n\t\t\t\t\t<\/div>\n\t\t<\/div>\n\t\t\t\t\t<\/div>\n\t\t<\/section>\n\t\t\t\t<div class=\"elementor-element elementor-element-569c739 elementor-widget elementor-widget-text-editor\" data-id=\"569c739\" data-element_type=\"widget\" data-widget_type=\"text-editor.default\">\n\t\t\t\t<div class=\"elementor-widget-container\">\n\t\t\t\t\t\t\t\t\t<p><b>Considerando que<\/b><span style=\"font-weight: 400;\">: <\/span> <span style=\"font-weight: 400;\">A oferta de alimentos \u00e0 base de plantas nas cantinas p\u00fablicas de Alberta \u00e9 limitada e, por vezes, inexistente;<\/span><\/p><p><b>Considerando que<\/b><span style=\"font-weight: 400;\">: <\/span> <span style=\"font-weight: 400;\">A falta de op\u00e7\u00f5es veganas variadas \u00e9 um grande obst\u00e1culo \u00e0 aplica\u00e7\u00e3o do novo guia alimentar do Canad\u00e1, que recomenda o consumo de mais legumes, leguminosas, cereais integrais, fruta e frutos secos e menos carne e queijo;<\/span><\/p><p><b>Considerando que<\/b><span style=\"font-weight: 400;\">: <\/span> <span style=\"font-weight: 400;\">A aus\u00eancia de op\u00e7\u00f5es veganas viola os direitos dos veganos, obrigando-os a consumir produtos de origem animal contra a sua consci\u00eancia (o que viola a sec\u00e7\u00e3o 2A da Carta Canadiana dos Direitos e Liberdades, que garante aos cidad\u00e3os o direito fundamental \u00e0 liberdade de consci\u00eancia);<\/span><\/p><p><b>Considerando que<\/b><span style=\"font-weight: 400;\">: <\/span> <span style=\"font-weight: 400;\">As nossas escolhas alimentares t\u00eam um impacto significativo na sa\u00fade p\u00fablica e no ambiente (gases com efeito de estufa, polui\u00e7\u00e3o e desperd\u00edcio de \u00e1gua, resist\u00eancia aos antibi\u00f3ticos, zoonoses, doen\u00e7as cr\u00f3nicas n\u00e3o transmiss\u00edveis, etc.) e que \u00e9 dever do governo proteger o futuro das gera\u00e7\u00f5es vindouras;<\/span><\/p><p><b>Considerando que<\/b><span style=\"font-weight: 400;\">: <\/span> A maioria dos albertenses gostaria de reduzir o seu consumo de produtos de origem animal a favor de alimentos \u00e0 base de plantas, mas tem dificuldade em faz\u00ea-lo em muitos contextos;<\/p><p><b>N\u00f3s, abaixo assinados, apresentamos uma peti\u00e7\u00e3o ao Governo de Alberta:<\/b><\/p><p><b>introduz legisla\u00e7\u00e3o que exija a implementa\u00e7\u00e3o de uma variedade de op\u00e7\u00f5es veganas nas cantinas p\u00fablicas de Alberta (escolas, hospitais, pris\u00f5es, edif\u00edcios governamentais, etc.).<\/b><\/p>\t\t\t\t\t\t\t\t<\/div>\n\t\t\t\t<\/div>\n\t\t\t\t<div class=\"elementor-element elementor-element-4a1faf6 elementor-widget elementor-widget-shortcode\" data-id=\"4a1faf6\" data-element_type=\"widget\" data-widget_type=\"shortcode.default\">\n\t\t\t\t<div class=\"elementor-widget-container\">\n\t\t\t\t\t\t\t<div class=\"elementor-shortcode\"> \r\n                    <!-- signaturelist table -->\r\n                    <div class=\"dk-speakout-signaturelistWrapper\">\r\n                      <div class=\"dk-speakout-signaturelist-header\">Derni\u00e8res Signatures<\/div>\r\n                        <table class=\"dk-speakout-signaturelist dk-speakout-signaturelist-4\"><tr class=\"dk-speakout-odd\">\n\t<td class=\"dk-speakout-signaturelist-count\">259<\/td>\n\t<td class=\"dk-speakout-signaturelist-name\" >Alice M.<\/td>\n\t<td class=\"dk-speakout-signaturelist-date\">Jul 20, 2022<\/td>\n<\/tr>\n<tr class=\"dk-speakout-even\">\n\t<td class=\"dk-speakout-signaturelist-count\">258<\/td>\n\t<td class=\"dk-speakout-signaturelist-name\" >Mirella I.<\/td>\n\t<td class=\"dk-speakout-signaturelist-date\">Mar 24, 2022<\/td>\n<\/tr>\n<tr class=\"dk-speakout-odd\">\n\t<td class=\"dk-speakout-signaturelist-count\">257<\/td>\n\t<td class=\"dk-speakout-signaturelist-name\" >Kate G.<\/td>\n\t<td class=\"dk-speakout-signaturelist-date\">Jan 05, 2022<\/td>\n<\/tr>\n<tr class=\"dk-speakout-even\">\n\t<td class=\"dk-speakout-signaturelist-count\">256<\/td>\n\t<td class=\"dk-speakout-signaturelist-name\" >Natalie L.<\/td>\n\t<td class=\"dk-speakout-signaturelist-date\">Ago 28, 2021<\/td>\n<\/tr>\n<tr class=\"dk-speakout-odd\">\n\t<td class=\"dk-speakout-signaturelist-count\">255<\/td>\n\t<td class=\"dk-speakout-signaturelist-name\" >Bailey G.<\/td>\n\t<td class=\"dk-speakout-signaturelist-date\">Jul 17, 2021<\/td>\n<\/tr>\n<tr class=\"dk-speakout-even\">\n\t<td class=\"dk-speakout-signaturelist-count\">254<\/td>\n\t<td class=\"dk-speakout-signaturelist-name\" >prescillia r.<\/td>\n\t<td class=\"dk-speakout-signaturelist-date\">Jul 10, 2021<\/td>\n<\/tr>\n<tr class=\"dk-speakout-odd\">\n\t<td class=\"dk-speakout-signaturelist-count\">253<\/td>\n\t<td class=\"dk-speakout-signaturelist-name\" >Kerri B.<\/td>\n\t<td class=\"dk-speakout-signaturelist-date\">Fev 03, 2021<\/td>\n<\/tr>\n<tr class=\"dk-speakout-even\">\n\t<td class=\"dk-speakout-signaturelist-count\">252<\/td>\n\t<td class=\"dk-speakout-signaturelist-name\" >Deborah S.<\/td>\n\t<td class=\"dk-speakout-signaturelist-date\">Nov 03, 2020<\/td>\n<\/tr>\n<tr class=\"dk-speakout-odd\">\n\t<td class=\"dk-speakout-signaturelist-count\">251<\/td>\n\t<td class=\"dk-speakout-signaturelist-name\" >pritica k.<\/td>\n\t<td class=\"dk-speakout-signaturelist-date\">Out 06, 2020<\/td>\n<\/tr>\n<tr class=\"dk-speakout-even\">\n\t<td class=\"dk-speakout-signaturelist-count\">250<\/td>\n\t<td class=\"dk-speakout-signaturelist-name\" >M L C.<\/td>\n\t<td class=\"dk-speakout-signaturelist-date\">Set 21, 2020<\/td>\n<\/tr>\n<tr class=\"dk-speakout-odd\">\n\t<td class=\"dk-speakout-signaturelist-count\">249<\/td>\n\t<td class=\"dk-speakout-signaturelist-name\" >Michael B.<\/td>\n\t<td class=\"dk-speakout-signaturelist-date\">Set 10, 2020<\/td>\n<\/tr>\n<tr class=\"dk-speakout-even\">\n\t<td class=\"dk-speakout-signaturelist-count\">248<\/td>\n\t<td class=\"dk-speakout-signaturelist-name\" >Donna N.<\/td>\n\t<td class=\"dk-speakout-signaturelist-date\">Ago 17, 2020<\/td>\n<\/tr>\n<tr class=\"dk-speakout-odd\">\n\t<td class=\"dk-speakout-signaturelist-count\">247<\/td>\n\t<td class=\"dk-speakout-signaturelist-name\" >Corey S.<\/td>\n\t<td class=\"dk-speakout-signaturelist-date\">Jun 30, 2020<\/td>\n<\/tr>\n<tr class=\"dk-speakout-even\">\n\t<td class=\"dk-speakout-signaturelist-count\">246<\/td>\n\t<td class=\"dk-speakout-signaturelist-name\" >Cheryl M.<\/td>\n\t<td class=\"dk-speakout-signaturelist-date\">Mar 14, 2020<\/td>\n<\/tr>\n<tr class=\"dk-speakout-odd\">\n\t<td class=\"dk-speakout-signaturelist-count\">245<\/td>\n\t<td class=\"dk-speakout-signaturelist-name\" >Cornelius V.<\/td>\n\t<td class=\"dk-speakout-signaturelist-date\">Mar 03, 2020<\/td>\n<\/tr>\n<tr class=\"dk-speakout-even\">\n\t<td class=\"dk-speakout-signaturelist-count\">244<\/td>\n\t<td class=\"dk-speakout-signaturelist-name\" >Claudia S.<\/td>\n\t<td class=\"dk-speakout-signaturelist-date\">Mar 03, 2020<\/td>\n<\/tr>\n<tr class=\"dk-speakout-odd\">\n\t<td class=\"dk-speakout-signaturelist-count\">243<\/td>\n\t<td class=\"dk-speakout-signaturelist-name\" >Megan W.<\/td>\n\t<td class=\"dk-speakout-signaturelist-date\">Mar 03, 2020<\/td>\n<\/tr>\n<tr class=\"dk-speakout-even\">\n\t<td class=\"dk-speakout-signaturelist-count\">242<\/td>\n\t<td class=\"dk-speakout-signaturelist-name\" >Monique P.<\/td>\n\t<td class=\"dk-speakout-signaturelist-date\">Mar 02, 2020<\/td>\n<\/tr>\n<tr class=\"dk-speakout-odd\">\n\t<td class=\"dk-speakout-signaturelist-count\">241<\/td>\n\t<td class=\"dk-speakout-signaturelist-name\" >Julia T.<\/td>\n\t<td class=\"dk-speakout-signaturelist-date\">Mar 02, 2020<\/td>\n<\/tr>\n<tr class=\"dk-speakout-even\">\n\t<td class=\"dk-speakout-signaturelist-count\">240<\/td>\n\t<td class=\"dk-speakout-signaturelist-name\" >Rosemary H.<\/td>\n\t<td class=\"dk-speakout-signaturelist-date\">Mar 02, 2020<\/td>\n<\/tr>\n<tr class=\"dk-speakout-odd\">\n\t<td class=\"dk-speakout-signaturelist-count\">239<\/td>\n\t<td class=\"dk-speakout-signaturelist-name\" >Lucy C.<\/td>\n\t<td class=\"dk-speakout-signaturelist-date\">Mar 02, 2020<\/td>\n<\/tr>\n<tr class=\"dk-speakout-even\">\n\t<td class=\"dk-speakout-signaturelist-count\">238<\/td>\n\t<td class=\"dk-speakout-signaturelist-name\" >Alice W.<\/td>\n\t<td class=\"dk-speakout-signaturelist-date\">Mar 02, 2020<\/td>\n<\/tr>\n<tr class=\"dk-speakout-odd\">\n\t<td class=\"dk-speakout-signaturelist-count\">237<\/td>\n\t<td class=\"dk-speakout-signaturelist-name\" >Grace F.<\/td>\n\t<td class=\"dk-speakout-signaturelist-date\">Mar 02, 2020<\/td>\n<\/tr>\n<tr class=\"dk-speakout-even\">\n\t<td class=\"dk-speakout-signaturelist-count\">236<\/td>\n\t<td class=\"dk-speakout-signaturelist-name\" >Maryna C.<\/td>\n\t<td class=\"dk-speakout-signaturelist-date\">Mar 02, 2020<\/td>\n<\/tr>\n<tr class=\"dk-speakout-odd\">\n\t<td class=\"dk-speakout-signaturelist-count\">235<\/td>\n\t<td class=\"dk-speakout-signaturelist-name\" >Muna A.<\/td>\n\t<td class=\"dk-speakout-signaturelist-date\">Mar 01, 2020<\/td>\n<\/tr>\n<tr class=\"dk-speakout-even\">\n\t<td class=\"dk-speakout-signaturelist-count\">234<\/td>\n\t<td class=\"dk-speakout-signaturelist-name\" >Dedra  D.<\/td>\n\t<td class=\"dk-speakout-signaturelist-date\">Mar 01, 2020<\/td>\n<\/tr>\n<tr class=\"dk-speakout-odd\">\n\t<td class=\"dk-speakout-signaturelist-count\">233<\/td>\n\t<td class=\"dk-speakout-signaturelist-name\" >Jennifer  A.<\/td>\n\t<td class=\"dk-speakout-signaturelist-date\">Mar 01, 2020<\/td>\n<\/tr>\n<tr class=\"dk-speakout-even\">\n\t<td class=\"dk-speakout-signaturelist-count\">232<\/td>\n\t<td class=\"dk-speakout-signaturelist-name\" >Suzanne D.<\/td>\n\t<td class=\"dk-speakout-signaturelist-date\">Mar 01, 2020<\/td>\n<\/tr>\n<tr class=\"dk-speakout-odd\">\n\t<td class=\"dk-speakout-signaturelist-count\">231<\/td>\n\t<td class=\"dk-speakout-signaturelist-name\" >Sue S.<\/td>\n\t<td class=\"dk-speakout-signaturelist-date\">Mar 01, 2020<\/td>\n<\/tr>\n<tr class=\"dk-speakout-even\">\n\t<td class=\"dk-speakout-signaturelist-count\">230<\/td>\n\t<td class=\"dk-speakout-signaturelist-name\" >Sharon  T.<\/td>\n\t<td class=\"dk-speakout-signaturelist-date\">Mar 01, 2020<\/td>\n<\/tr>\n<tr class=\"dk-speakout-odd\">\n\t<td class=\"dk-speakout-signaturelist-count\">229<\/td>\n\t<td class=\"dk-speakout-signaturelist-name\" >Nicolette  S.<\/td>\n\t<td class=\"dk-speakout-signaturelist-date\">Mar 01, 2020<\/td>\n<\/tr>\n<tr class=\"dk-speakout-even\">\n\t<td class=\"dk-speakout-signaturelist-count\">228<\/td>\n\t<td class=\"dk-speakout-signaturelist-name\" >Tim H.<\/td>\n\t<td class=\"dk-speakout-signaturelist-date\">Fev 29, 2020<\/td>\n<\/tr>\n<tr class=\"dk-speakout-odd\">\n\t<td class=\"dk-speakout-signaturelist-count\">227<\/td>\n\t<td class=\"dk-speakout-signaturelist-name\" >Chris  U.<\/td>\n\t<td class=\"dk-speakout-signaturelist-date\">Fev 29, 2020<\/td>\n<\/tr>\n<tr class=\"dk-speakout-even\">\n\t<td class=\"dk-speakout-signaturelist-count\">226<\/td>\n\t<td class=\"dk-speakout-signaturelist-name\" >Robin H.<\/td>\n\t<td class=\"dk-speakout-signaturelist-date\">Fev 29, 2020<\/td>\n<\/tr>\n<tr class=\"dk-speakout-odd\">\n\t<td class=\"dk-speakout-signaturelist-count\">225<\/td>\n\t<td class=\"dk-speakout-signaturelist-name\" >Linda G.<\/td>\n\t<td class=\"dk-speakout-signaturelist-date\">Fev 29, 2020<\/td>\n<\/tr>\n<tr class=\"dk-speakout-even\">\n\t<td class=\"dk-speakout-signaturelist-count\">224<\/td>\n\t<td class=\"dk-speakout-signaturelist-name\" >Natasha B.<\/td>\n\t<td class=\"dk-speakout-signaturelist-date\">Fev 29, 2020<\/td>\n<\/tr>\n<tr class=\"dk-speakout-odd\">\n\t<td class=\"dk-speakout-signaturelist-count\">223<\/td>\n\t<td class=\"dk-speakout-signaturelist-name\" >Tony B.<\/td>\n\t<td class=\"dk-speakout-signaturelist-date\">Fev 29, 2020<\/td>\n<\/tr>\n<tr class=\"dk-speakout-even\">\n\t<td class=\"dk-speakout-signaturelist-count\">222<\/td>\n\t<td class=\"dk-speakout-signaturelist-name\" >Lisa M.<\/td>\n\t<td class=\"dk-speakout-signaturelist-date\">Fev 29, 2020<\/td>\n<\/tr>\n<tr class=\"dk-speakout-odd\">\n\t<td class=\"dk-speakout-signaturelist-count\">221<\/td>\n\t<td class=\"dk-speakout-signaturelist-name\" >Heather K.<\/td>\n\t<td class=\"dk-speakout-signaturelist-date\">Fev 29, 2020<\/td>\n<\/tr>\n<tr class=\"dk-speakout-even\">\n\t<td class=\"dk-speakout-signaturelist-count\">220<\/td>\n\t<td class=\"dk-speakout-signaturelist-name\" >Miranda N.<\/td>\n\t<td class=\"dk-speakout-signaturelist-date\">Fev 29, 2020<\/td>\n<\/tr>\n<tr class=\"dk-speakout-odd\">\n\t<td class=\"dk-speakout-signaturelist-count\">219<\/td>\n\t<td class=\"dk-speakout-signaturelist-name\" >Darlene C.<\/td>\n\t<td class=\"dk-speakout-signaturelist-date\">Fev 29, 2020<\/td>\n<\/tr>\n<tr class=\"dk-speakout-even\">\n\t<td class=\"dk-speakout-signaturelist-count\">218<\/td>\n\t<td class=\"dk-speakout-signaturelist-name\" >Lindsay B.<\/td>\n\t<td class=\"dk-speakout-signaturelist-date\">Fev 29, 2020<\/td>\n<\/tr>\n<tr class=\"dk-speakout-odd\">\n\t<td class=\"dk-speakout-signaturelist-count\">217<\/td>\n\t<td class=\"dk-speakout-signaturelist-name\" >Lindsay M.<\/td>\n\t<td class=\"dk-speakout-signaturelist-date\">Fev 29, 2020<\/td>\n<\/tr>\n<tr class=\"dk-speakout-even\">\n\t<td class=\"dk-speakout-signaturelist-count\">216<\/td>\n\t<td class=\"dk-speakout-signaturelist-name\" >Christina P.<\/td>\n\t<td class=\"dk-speakout-signaturelist-date\">Fev 29, 2020<\/td>\n<\/tr>\n<tr class=\"dk-speakout-odd\">\n\t<td class=\"dk-speakout-signaturelist-count\">215<\/td>\n\t<td class=\"dk-speakout-signaturelist-name\" >Presley B.<\/td>\n\t<td class=\"dk-speakout-signaturelist-date\">Fev 29, 2020<\/td>\n<\/tr>\n<tr class=\"dk-speakout-even\">\n\t<td class=\"dk-speakout-signaturelist-count\">214<\/td>\n\t<td class=\"dk-speakout-signaturelist-name\" >Tessa S.<\/td>\n\t<td class=\"dk-speakout-signaturelist-date\">Fev 29, 2020<\/td>\n<\/tr>\n<tr class=\"dk-speakout-odd\">\n\t<td class=\"dk-speakout-signaturelist-count\">213<\/td>\n\t<td class=\"dk-speakout-signaturelist-name\" >Rodney R.<\/td>\n\t<td class=\"dk-speakout-signaturelist-date\">Fev 29, 2020<\/td>\n<\/tr>\n<tr class=\"dk-speakout-even\">\n\t<td class=\"dk-speakout-signaturelist-count\">212<\/td>\n\t<td class=\"dk-speakout-signaturelist-name\" >Kristin  L.<\/td>\n\t<td class=\"dk-speakout-signaturelist-date\">Fev 29, 2020<\/td>\n<\/tr>\n<tr class=\"dk-speakout-odd\">\n\t<td class=\"dk-speakout-signaturelist-count\">211<\/td>\n\t<td class=\"dk-speakout-signaturelist-name\" >Valerie  V.<\/td>\n\t<td class=\"dk-speakout-signaturelist-date\">Fev 29, 2020<\/td>\n<\/tr>\n<tr class=\"dk-speakout-even\">\n\t<td class=\"dk-speakout-signaturelist-count\">210<\/td>\n\t<td class=\"dk-speakout-signaturelist-name\" >Cindy  M.<\/td>\n\t<td class=\"dk-speakout-signaturelist-date\">Fev 29, 2020<\/td>\n<\/tr>\n\r\n    \t\t\t\t\t<tr class=\"dk-speakout-signaturelist-pagelinks\">\r\n    \t\t\t\t\t\t<td colspan=\"3\">\r\n    \t\t\t\t\t\t    <a class=\"dk-speakout-signaturelist-first dk-speakout-signaturelist-disabled\" rel=\"4,259,50,259,0,3\">&lt;&lt;<\/a>\r\n    \t\t\t\t\t\t\t<a class=\"dk-speakout-signaturelist-prev dk-speakout-signaturelist-disabled\" rel=\"4,259,50,259,0,3\">&lt;<\/a>\r\n    \t\t\t\t\t\t\t<a class=\"dk-speakout-signaturelist-next\" rel=\"4,50,50,259,1,3,\">&gt;<\/a>\r\n    \t\t\t\t\t\t\t<a class=\"dk-speakout-signaturelist-last\" rel=\"4,209,50,259,1,3,\">&gt;&gt;<\/a>\r\n    \t\t\t\t\t\t<\/td>\r\n    \t\t\t\t\t<\/tr>\r\n    \t\t\t\t\t<\/table>\r\n                    <\/div><\/div>\n\t\t\t\t\t\t<\/div>\n\t\t\t\t<\/div>\n\t\t\t\t\t<\/div>\n\t\t<\/div>\n\t\t\t\t\t<\/div>\n\t\t<\/section>\n\t\t\t\t<section class=\"elementor-section elementor-top-section elementor-element elementor-element-e85cdb8 elementor-section-boxed elementor-section-height-default elementor-section-height-default\" data-id=\"e85cdb8\" data-element_type=\"section\">\n\t\t\t\t\t\t<div class=\"elementor-container elementor-column-gap-default\">\n\t\t\t\t\t<div class=\"elementor-column elementor-col-100 elementor-top-column elementor-element elementor-element-a270f65\" data-id=\"a270f65\" data-element_type=\"column\">\n\t\t\t<div class=\"elementor-widget-wrap elementor-element-populated\">\n\t\t\t\t\t\t<div class=\"elementor-element elementor-element-8b8b258 elementor-widget-divider--view-line elementor-widget elementor-widget-divider\" data-id=\"8b8b258\" data-element_type=\"widget\" data-widget_type=\"divider.default\">\n\t\t\t\t<div class=\"elementor-widget-container\">\n\t\t\t\t\t\t\t<div class=\"elementor-divider\">\n\t\t\t<span class=\"elementor-divider-separator\">\n\t\t\t\t\t\t<\/span>\n\t\t<\/div>\n\t\t\t\t\t\t<\/div>\n\t\t\t\t<\/div>\n\t\t\t\t\t<\/div>\n\t\t<\/div>\n\t\t\t\t\t<\/div>\n\t\t<\/section>\n\t\t\t\t<section class=\"elementor-section elementor-inner-section elementor-element elementor-element-7fd7625 elementor-section-boxed elementor-section-height-default elementor-section-height-default\" data-id=\"7fd7625\" data-element_type=\"section\">\n\t\t\t\t\t\t<div class=\"elementor-container elementor-column-gap-default\">\n\t\t\t\t\t<div class=\"elementor-column elementor-col-50 elementor-inner-column elementor-element elementor-element-527bb7e\" data-id=\"527bb7e\" data-element_type=\"column\">\n\t\t\t<div class=\"elementor-widget-wrap elementor-element-populated\">\n\t\t\t\t\t\t<div class=\"elementor-element elementor-element-f8c0c1a elementor-widget elementor-widget-text-editor\" data-id=\"f8c0c1a\" data-element_type=\"widget\" data-widget_type=\"text-editor.default\">\n\t\t\t\t<div class=\"elementor-widget-container\">\n\t\t\t\t\t\t\t\t\t<p><span style=\"color: #000000; font-family: Arial;\"><span style=\"font-size: 14.6667px; white-space: pre-wrap;\">Se quiseres saber mais sobre este projeto e como podes ajudar, contacta <\/span><\/span><a style=\"background-color: #ffffff; font-size: 1rem;\" href=\"mailto:patricia.devaney@veganoptioncanada.org\"><span style=\"font-size: 11pt; font-family: Arial; color: #1155cc; background-color: transparent; font-variant-numeric: normal; font-variant-east-asian: normal; text-decoration-line: underline; text-decoration-skip-ink: none; vertical-align: baseline; white-space: pre-wrap;\">Patricia Devaney<\/span><\/a><span style=\"color: #000000; font-family: Arial;\"><span style=\"font-size: 14.6667px; white-space: pre-wrap;\">coordenador da Op\u00e7\u00e3o V\u00e9gane Alberta. Encontra-nos no Facebook, em  <\/span><\/span><span style=\"font-size: 11pt; font-family: Arial; color: #1155cc; background-color: transparent; font-variant-numeric: normal; font-variant-east-asian: normal; text-decoration-line: underline; text-decoration-skip-ink: none; vertical-align: baseline; white-space: pre-wrap;\"><a style=\"background-color: #ffffff; font-size: 1rem;\" href=\"https:\/\/www.facebook.com\/VeganOptionAlberta\">Op\u00e7\u00e3o vegana de Alberta<\/a><\/span><span style=\"color: #000000; font-family: Arial;\"><span style=\"font-size: 14.6667px; white-space: pre-wrap;\">. <\/span><\/span> <\/p>\t\t\t\t\t\t\t\t<\/div>\n\t\t\t\t<\/div>\n\t\t\t\t\t<\/div>\n\t\t<\/div>\n\t\t\t\t<div class=\"elementor-column elementor-col-50 elementor-inner-column elementor-element elementor-element-dacdc8e\" data-id=\"dacdc8e\" data-element_type=\"column\">\n\t\t\t<div class=\"elementor-widget-wrap elementor-element-populated\">\n\t\t\t\t\t\t<div class=\"elementor-element elementor-element-5ba896f elementor-widget elementor-widget-image\" data-id=\"5ba896f\" data-element_type=\"widget\" data-widget_type=\"image.default\">\n\t\t\t\t<div class=\"elementor-widget-container\">\n\t\t\t\t\t\t\t\t\t\t\t\t\t\t\t<img decoding=\"async\" width=\"150\" height=\"150\" src=\"https:\/\/veganoptioncanada.ca\/wp-content\/uploads\/2019\/02\/patricia_daveny-150x150.jpg\" class=\"attachment-thumbnail size-thumbnail wp-image-1710\" alt=\"\" \/>\t\t\t\t\t\t\t\t\t\t\t\t\t\t\t<\/div>\n\t\t\t\t<\/div>\n\t\t\t\t\t<\/div>\n\t\t<\/div>\n\t\t\t\t\t<\/div>\n\t\t<\/section>\n\t\t\t\t<\/div>\n\t\t","protected":false},"excerpt":{"rendered":"<p>Estabelecimento de uma op\u00e7\u00e3o de refei\u00e7\u00e3o vegana nos refeit\u00f3rios p\u00fablicos de Alberta \u00c0Assembleia Legislativa de Alberta Considerando que: A oferta de alimentos \u00e0 base de plantas nas cantinas p\u00fablicas de Alberta \u00e9 limitada e, por vezes, inexistente; Considerando que: A falta de op\u00e7\u00f5es veganas variadas \u00e9 um grande obst\u00e1culo \u00e0 aplica\u00e7\u00e3o do novo guia alimentar [&hellip;]<\/p>\n","protected":false},"author":2,"featured_media":0,"parent":0,"menu_order":0,"comment_status":"closed","ping_status":"closed","template":"","meta":{"footnotes":""},"class_list":["post-4433","page","type-page","status-publish","hentry"],"yoast_head":"<!-- This site is optimized with the Yoast SEO plugin v26.9 - https:\/\/yoast.com\/product\/yoast-seo-wordpress\/ -->\n<title>Peti\u00e7\u00e3o de Alberta - Op\u00e7\u00e3o Vegana Canad\u00e1<\/title>\n<meta name=\"robots\" content=\"index, follow, max-snippet:-1, max-image-preview:large, max-video-preview:-1\" \/>\n<link rel=\"canonical\" href=\"https:\/\/veganoptioncanada.ca\/pt-pt\/peticao-de-alberta\/\" \/>\n<meta property=\"og:locale\" content=\"pt_PT\" \/>\n<meta property=\"og:type\" content=\"article\" \/>\n<meta property=\"og:title\" content=\"Peti\u00e7\u00e3o de Alberta - Op\u00e7\u00e3o Vegana Canad\u00e1\" \/>\n<meta property=\"og:description\" content=\"Estabelecimento de uma op\u00e7\u00e3o de refei\u00e7\u00e3o vegana nos refeit\u00f3rios p\u00fablicos de Alberta \u00c0Assembleia Legislativa de Alberta Considerando que: A oferta de alimentos \u00e0 base de plantas nas cantinas p\u00fablicas de Alberta \u00e9 limitada e, por vezes, inexistente; Considerando que: A falta de op\u00e7\u00f5es veganas variadas \u00e9 um grande obst\u00e1culo \u00e0 aplica\u00e7\u00e3o do novo guia alimentar [&hellip;]\" \/>\n<meta property=\"og:url\" content=\"https:\/\/veganoptioncanada.ca\/pt-pt\/peticao-de-alberta\/\" \/>\n<meta property=\"og:site_name\" content=\"Op\u00e7\u00e3o Vegana Canad\u00e1\" \/>\n<meta property=\"article:publisher\" content=\"https:\/\/www.facebook.com\/VOOVCanada\/\" \/>\n<meta property=\"article:modified_time\" content=\"2025-03-30T03:17:09+00:00\" \/>\n<meta property=\"og:image\" content=\"https:\/\/veganoptioncanada.ca\/wp-content\/uploads\/2019\/01\/Avocados-150x150.png\" \/>\n<meta name=\"twitter:card\" content=\"summary_large_image\" \/>\n<meta name=\"twitter:site\" content=\"@CanadaVegan\" \/>\n<meta name=\"twitter:label1\" content=\"Tempo estimado de leitura\" \/>\n\t<meta name=\"twitter:data1\" content=\"1 minuto\" \/>\n<script type=\"application\/ld+json\" class=\"yoast-schema-graph\">{\"@context\":\"https:\/\/schema.org\",\"@graph\":[{\"@type\":\"WebPage\",\"@id\":\"https:\/\/veganoptioncanada.ca\/pt-pt\/peticao-de-alberta\/\",\"url\":\"https:\/\/veganoptioncanada.ca\/pt-pt\/peticao-de-alberta\/\",\"name\":\"Peti\u00e7\u00e3o de Alberta - Op\u00e7\u00e3o Vegana Canad\u00e1\",\"isPartOf\":{\"@id\":\"http:\/\/veganoptioncanada.ca\/pt-pt\/#website\"},\"primaryImageOfPage\":{\"@id\":\"https:\/\/veganoptioncanada.ca\/pt-pt\/peticao-de-alberta\/#primaryimage\"},\"image\":{\"@id\":\"https:\/\/veganoptioncanada.ca\/pt-pt\/peticao-de-alberta\/#primaryimage\"},\"thumbnailUrl\":\"https:\/\/veganoptioncanada.ca\/wp-content\/uploads\/2019\/01\/Avocados-150x150.png\",\"datePublished\":\"2019-06-26T15:01:18+00:00\",\"dateModified\":\"2025-03-30T03:17:09+00:00\",\"breadcrumb\":{\"@id\":\"https:\/\/veganoptioncanada.ca\/pt-pt\/peticao-de-alberta\/#breadcrumb\"},\"inLanguage\":\"pt-PT\",\"potentialAction\":[{\"@type\":\"ReadAction\",\"target\":[\"https:\/\/veganoptioncanada.ca\/pt-pt\/peticao-de-alberta\/\"]}]},{\"@type\":\"ImageObject\",\"inLanguage\":\"pt-PT\",\"@id\":\"https:\/\/veganoptioncanada.ca\/pt-pt\/peticao-de-alberta\/#primaryimage\",\"url\":\"https:\/\/veganoptioncanada.ca\/wp-content\/uploads\/2019\/01\/Avocados-150x150.png\",\"contentUrl\":\"https:\/\/veganoptioncanada.ca\/wp-content\/uploads\/2019\/01\/Avocados-150x150.png\"},{\"@type\":\"BreadcrumbList\",\"@id\":\"https:\/\/veganoptioncanada.ca\/pt-pt\/peticao-de-alberta\/#breadcrumb\",\"itemListElement\":[{\"@type\":\"ListItem\",\"position\":1,\"name\":\"Home\",\"item\":\"https:\/\/veganoptioncanada.ca\/pt-pt\/\"},{\"@type\":\"ListItem\",\"position\":2,\"name\":\"Peti\u00e7\u00e3o de Alberta\"}]},{\"@type\":\"WebSite\",\"@id\":\"http:\/\/veganoptioncanada.ca\/pt-pt\/#website\",\"url\":\"http:\/\/veganoptioncanada.ca\/pt-pt\/\",\"name\":\"Vegan Option Canada - Option V\u00e9gane Canada\",\"description\":\"\",\"publisher\":{\"@id\":\"http:\/\/veganoptioncanada.ca\/pt-pt\/#organization\"},\"potentialAction\":[{\"@type\":\"SearchAction\",\"target\":{\"@type\":\"EntryPoint\",\"urlTemplate\":\"http:\/\/veganoptioncanada.ca\/pt-pt\/?s={search_term_string}\"},\"query-input\":{\"@type\":\"PropertyValueSpecification\",\"valueRequired\":true,\"valueName\":\"search_term_string\"}}],\"inLanguage\":\"pt-PT\"},{\"@type\":\"Organization\",\"@id\":\"http:\/\/veganoptioncanada.ca\/pt-pt\/#organization\",\"name\":\"Vegan Option Canada\",\"url\":\"http:\/\/veganoptioncanada.ca\/pt-pt\/\",\"logo\":{\"@type\":\"ImageObject\",\"inLanguage\":\"pt-PT\",\"@id\":\"http:\/\/veganoptioncanada.ca\/pt-pt\/#\/schema\/logo\/image\/\",\"url\":\"http:\/\/veganoptioncanada.ca\/wp-content\/uploads\/2021\/04\/Logo_OVC_transparent_web.png\",\"contentUrl\":\"http:\/\/veganoptioncanada.ca\/wp-content\/uploads\/2021\/04\/Logo_OVC_transparent_web.png\",\"width\":200,\"height\":200,\"caption\":\"Vegan Option Canada\"},\"image\":{\"@id\":\"http:\/\/veganoptioncanada.ca\/pt-pt\/#\/schema\/logo\/image\/\"},\"sameAs\":[\"https:\/\/www.facebook.com\/VOOVCanada\/\",\"https:\/\/x.com\/CanadaVegan\",\"https:\/\/instagram.com\/veganoptioncanada\/\",\"https:\/\/www.youtube.com\/channel\/UCDVCrc0eUMbWkdRwsUQi4Hw\"]}]}<\/script>\n<!-- \/ Yoast SEO plugin. -->","yoast_head_json":{"title":"Peti\u00e7\u00e3o de Alberta - Op\u00e7\u00e3o Vegana Canad\u00e1","robots":{"index":"index","follow":"follow","max-snippet":"max-snippet:-1","max-image-preview":"max-image-preview:large","max-video-preview":"max-video-preview:-1"},"canonical":"https:\/\/veganoptioncanada.ca\/pt-pt\/peticao-de-alberta\/","og_locale":"pt_PT","og_type":"article","og_title":"Peti\u00e7\u00e3o de Alberta - Op\u00e7\u00e3o Vegana Canad\u00e1","og_description":"Estabelecimento de uma op\u00e7\u00e3o de refei\u00e7\u00e3o vegana nos refeit\u00f3rios p\u00fablicos de Alberta \u00c0Assembleia Legislativa de Alberta Considerando que: A oferta de alimentos \u00e0 base de plantas nas cantinas p\u00fablicas de Alberta \u00e9 limitada e, por vezes, inexistente; Considerando que: A falta de op\u00e7\u00f5es veganas variadas \u00e9 um grande obst\u00e1culo \u00e0 aplica\u00e7\u00e3o do novo guia alimentar [&hellip;]","og_url":"https:\/\/veganoptioncanada.ca\/pt-pt\/peticao-de-alberta\/","og_site_name":"Op\u00e7\u00e3o Vegana Canad\u00e1","article_publisher":"https:\/\/www.facebook.com\/VOOVCanada\/","article_modified_time":"2025-03-30T03:17:09+00:00","og_image":[{"url":"https:\/\/veganoptioncanada.ca\/wp-content\/uploads\/2019\/01\/Avocados-150x150.png","type":"","width":"","height":""}],"twitter_card":"summary_large_image","twitter_site":"@CanadaVegan","twitter_misc":{"Tempo estimado de leitura":"1 minuto"},"schema":{"@context":"https:\/\/schema.org","@graph":[{"@type":"WebPage","@id":"https:\/\/veganoptioncanada.ca\/pt-pt\/peticao-de-alberta\/","url":"https:\/\/veganoptioncanada.ca\/pt-pt\/peticao-de-alberta\/","name":"Peti\u00e7\u00e3o de Alberta - Op\u00e7\u00e3o Vegana Canad\u00e1","isPartOf":{"@id":"http:\/\/veganoptioncanada.ca\/pt-pt\/#website"},"primaryImageOfPage":{"@id":"https:\/\/veganoptioncanada.ca\/pt-pt\/peticao-de-alberta\/#primaryimage"},"image":{"@id":"https:\/\/veganoptioncanada.ca\/pt-pt\/peticao-de-alberta\/#primaryimage"},"thumbnailUrl":"https:\/\/veganoptioncanada.ca\/wp-content\/uploads\/2019\/01\/Avocados-150x150.png","datePublished":"2019-06-26T15:01:18+00:00","dateModified":"2025-03-30T03:17:09+00:00","breadcrumb":{"@id":"https:\/\/veganoptioncanada.ca\/pt-pt\/peticao-de-alberta\/#breadcrumb"},"inLanguage":"pt-PT","potentialAction":[{"@type":"ReadAction","target":["https:\/\/veganoptioncanada.ca\/pt-pt\/peticao-de-alberta\/"]}]},{"@type":"ImageObject","inLanguage":"pt-PT","@id":"https:\/\/veganoptioncanada.ca\/pt-pt\/peticao-de-alberta\/#primaryimage","url":"https:\/\/veganoptioncanada.ca\/wp-content\/uploads\/2019\/01\/Avocados-150x150.png","contentUrl":"https:\/\/veganoptioncanada.ca\/wp-content\/uploads\/2019\/01\/Avocados-150x150.png"},{"@type":"BreadcrumbList","@id":"https:\/\/veganoptioncanada.ca\/pt-pt\/peticao-de-alberta\/#breadcrumb","itemListElement":[{"@type":"ListItem","position":1,"name":"Home","item":"https:\/\/veganoptioncanada.ca\/pt-pt\/"},{"@type":"ListItem","position":2,"name":"Peti\u00e7\u00e3o de Alberta"}]},{"@type":"WebSite","@id":"http:\/\/veganoptioncanada.ca\/pt-pt\/#website","url":"http:\/\/veganoptioncanada.ca\/pt-pt\/","name":"Vegan Option Canada - Option V\u00e9gane Canada","description":"","publisher":{"@id":"http:\/\/veganoptioncanada.ca\/pt-pt\/#organization"},"potentialAction":[{"@type":"SearchAction","target":{"@type":"EntryPoint","urlTemplate":"http:\/\/veganoptioncanada.ca\/pt-pt\/?s={search_term_string}"},"query-input":{"@type":"PropertyValueSpecification","valueRequired":true,"valueName":"search_term_string"}}],"inLanguage":"pt-PT"},{"@type":"Organization","@id":"http:\/\/veganoptioncanada.ca\/pt-pt\/#organization","name":"Vegan Option Canada","url":"http:\/\/veganoptioncanada.ca\/pt-pt\/","logo":{"@type":"ImageObject","inLanguage":"pt-PT","@id":"http:\/\/veganoptioncanada.ca\/pt-pt\/#\/schema\/logo\/image\/","url":"http:\/\/veganoptioncanada.ca\/wp-content\/uploads\/2021\/04\/Logo_OVC_transparent_web.png","contentUrl":"http:\/\/veganoptioncanada.ca\/wp-content\/uploads\/2021\/04\/Logo_OVC_transparent_web.png","width":200,"height":200,"caption":"Vegan Option Canada"},"image":{"@id":"http:\/\/veganoptioncanada.ca\/pt-pt\/#\/schema\/logo\/image\/"},"sameAs":["https:\/\/www.facebook.com\/VOOVCanada\/","https:\/\/x.com\/CanadaVegan","https:\/\/instagram.com\/veganoptioncanada\/","https:\/\/www.youtube.com\/channel\/UCDVCrc0eUMbWkdRwsUQi4Hw"]}]}},"_links":{"self":[{"href":"https:\/\/veganoptioncanada.ca\/pt-pt\/wp-json\/wp\/v2\/pages\/4433","targetHints":{"allow":["GET"]}}],"collection":[{"href":"https:\/\/veganoptioncanada.ca\/pt-pt\/wp-json\/wp\/v2\/pages"}],"about":[{"href":"https:\/\/veganoptioncanada.ca\/pt-pt\/wp-json\/wp\/v2\/types\/page"}],"author":[{"embeddable":true,"href":"https:\/\/veganoptioncanada.ca\/pt-pt\/wp-json\/wp\/v2\/users\/2"}],"replies":[{"embeddable":true,"href":"https:\/\/veganoptioncanada.ca\/pt-pt\/wp-json\/wp\/v2\/comments?post=4433"}],"version-history":[{"count":1,"href":"https:\/\/veganoptioncanada.ca\/pt-pt\/wp-json\/wp\/v2\/pages\/4433\/revisions"}],"predecessor-version":[{"id":4435,"href":"https:\/\/veganoptioncanada.ca\/pt-pt\/wp-json\/wp\/v2\/pages\/4433\/revisions\/4435"}],"wp:attachment":[{"href":"https:\/\/veganoptioncanada.ca\/pt-pt\/wp-json\/wp\/v2\/media?parent=4433"}],"curies":[{"name":"wp","href":"https:\/\/api.w.org\/{rel}","templated":true}]}}