{"id":4442,"date":"2020-09-28T12:59:46","date_gmt":"2020-09-28T17:59:46","guid":{"rendered":"https:\/\/veganoptioncanada.ca\/pensamento-critico\/"},"modified":"2025-03-29T22:17:11","modified_gmt":"2025-03-30T03:17:11","slug":"pensamento-critico","status":"publish","type":"page","link":"https:\/\/veganoptioncanada.ca\/pt-pt\/pensamento-critico\/","title":{"rendered":"PENSAMENTO CR\u00cdTICO"},"content":{"rendered":"\t\t<div data-elementor-type=\"wp-page\" data-elementor-id=\"4442\" class=\"elementor elementor-4442 elementor-3204\" data-elementor-post-type=\"page\">\n\t\t\t\t\t\t<section class=\"elementor-section elementor-top-section elementor-element elementor-element-6e5c61a elementor-section-boxed elementor-section-height-default elementor-section-height-default\" data-id=\"6e5c61a\" data-element_type=\"section\">\n\t\t\t\t\t\t<div class=\"elementor-container elementor-column-gap-default\">\n\t\t\t\t\t<div class=\"elementor-column elementor-col-100 elementor-top-column elementor-element elementor-element-a96319a\" data-id=\"a96319a\" data-element_type=\"column\">\n\t\t\t<div class=\"elementor-widget-wrap elementor-element-populated\">\n\t\t\t\t\t\t<div class=\"elementor-element elementor-element-c0433ef elementor-widget elementor-widget-video\" data-id=\"c0433ef\" data-element_type=\"widget\" data-settings=\"{&quot;youtube_url&quot;:&quot;https:\\\/\\\/youtu.be\\\/7LqaotiGWjQ&quot;,&quot;video_type&quot;:&quot;youtube&quot;,&quot;controls&quot;:&quot;yes&quot;}\" data-widget_type=\"video.default\">\n\t\t\t\t<div class=\"elementor-widget-container\">\n\t\t\t\t\t\t\t<div class=\"elementor-wrapper elementor-open-inline\">\n\t\t\t<div class=\"elementor-video\"><\/div>\t\t<\/div>\n\t\t\t\t\t\t<\/div>\n\t\t\t\t<\/div>\n\t\t\t\t<div class=\"elementor-element elementor-element-502d1d1 elementor-widget-divider--view-line elementor-widget elementor-widget-divider\" data-id=\"502d1d1\" data-element_type=\"widget\" data-widget_type=\"divider.default\">\n\t\t\t\t<div class=\"elementor-widget-container\">\n\t\t\t\t\t\t\t<div class=\"elementor-divider\">\n\t\t\t<span class=\"elementor-divider-separator\">\n\t\t\t\t\t\t<\/span>\n\t\t<\/div>\n\t\t\t\t\t\t<\/div>\n\t\t\t\t<\/div>\n\t\t\t\t<section class=\"elementor-section elementor-inner-section elementor-element elementor-element-c943c21 elementor-section-boxed elementor-section-height-default elementor-section-height-default\" data-id=\"c943c21\" data-element_type=\"section\">\n\t\t\t\t\t\t<div class=\"elementor-container elementor-column-gap-default\">\n\t\t\t\t\t<div class=\"elementor-column elementor-col-50 elementor-inner-column elementor-element elementor-element-7f89383\" data-id=\"7f89383\" data-element_type=\"column\">\n\t\t\t<div class=\"elementor-widget-wrap elementor-element-populated\">\n\t\t\t\t\t\t<div class=\"elementor-element elementor-element-4cc1711 elementor-widget elementor-widget-image\" data-id=\"4cc1711\" data-element_type=\"widget\" data-widget_type=\"image.default\">\n\t\t\t\t<div class=\"elementor-widget-container\">\n\t\t\t\t\t\t\t\t\t\t\t\t\t\t\t<img fetchpriority=\"high\" decoding=\"async\" width=\"640\" height=\"341\" src=\"https:\/\/veganoptioncanada.ca\/wp-content\/uploads\/2020\/09\/door.png\" class=\"attachment-large size-large wp-image-3217\" alt=\"\" srcset=\"https:\/\/veganoptioncanada.ca\/wp-content\/uploads\/2020\/09\/door.png 640w, https:\/\/veganoptioncanada.ca\/wp-content\/uploads\/2020\/09\/door-300x160.png 300w\" sizes=\"(max-width: 640px) 100vw, 640px\" \/>\t\t\t\t\t\t\t\t\t\t\t\t\t\t\t<\/div>\n\t\t\t\t<\/div>\n\t\t\t\t\t<\/div>\n\t\t<\/div>\n\t\t\t\t<div class=\"elementor-column elementor-col-50 elementor-inner-column elementor-element elementor-element-bc491a1\" data-id=\"bc491a1\" data-element_type=\"column\">\n\t\t\t<div class=\"elementor-widget-wrap elementor-element-populated\">\n\t\t\t\t\t\t<div class=\"elementor-element elementor-element-135723c elementor-widget elementor-widget-heading\" data-id=\"135723c\" data-element_type=\"widget\" data-widget_type=\"heading.default\">\n\t\t\t\t<div class=\"elementor-widget-container\">\n\t\t\t\t\t<h2 class=\"elementor-heading-title elementor-size-default\">DEFINI\u00c7\u00c3O<\/h2>\t\t\t\t<\/div>\n\t\t\t\t<\/div>\n\t\t\t\t<div class=\"elementor-element elementor-element-125d1e9 elementor-widget elementor-widget-text-editor\" data-id=\"125d1e9\" data-element_type=\"widget\" data-widget_type=\"text-editor.default\">\n\t\t\t\t<div class=\"elementor-widget-container\">\n\t\t\t\t\t\t\t\t\t<p>O pensamento cr\u00edtico \u00e9 um processo que consiste em questionar as opini\u00f5es, os valores e os seus argumentos, o vocabul\u00e1rio utilizado e a representa\u00e7\u00e3o da realidade (teoria, etc.). A ideia \u00e9 questionar a qualidade intr\u00ednseca de uma informa\u00e7\u00e3o (forma l\u00f3gica, ret\u00f3rica, riqueza documental, resist\u00eancia aos factos, etc.), a fonte (fiabilidade ou autoridade de quem a emite, meios de comunica\u00e7\u00e3o social, institui\u00e7\u00e3o, especialista, organiza\u00e7\u00e3o, sociedade, etc.), ou a sua extens\u00e3o (grau de universalidade). <\/p>\t\t\t\t\t\t\t\t<\/div>\n\t\t\t\t<\/div>\n\t\t\t\t\t<\/div>\n\t\t<\/div>\n\t\t\t\t\t<\/div>\n\t\t<\/section>\n\t\t\t\t\t<\/div>\n\t\t<\/div>\n\t\t\t\t\t<\/div>\n\t\t<\/section>\n\t\t\t\t<section class=\"elementor-section elementor-top-section elementor-element elementor-element-3963ba7 elementor-section-boxed elementor-section-height-default elementor-section-height-default\" data-id=\"3963ba7\" data-element_type=\"section\">\n\t\t\t\t\t\t<div class=\"elementor-container elementor-column-gap-default\">\n\t\t\t\t\t<div class=\"elementor-column elementor-col-100 elementor-top-column elementor-element elementor-element-69fbfc8\" data-id=\"69fbfc8\" data-element_type=\"column\">\n\t\t\t<div class=\"elementor-widget-wrap elementor-element-populated\">\n\t\t\t\t\t\t<div class=\"elementor-element elementor-element-821133a elementor-widget elementor-widget-heading\" data-id=\"821133a\" data-element_type=\"widget\" data-widget_type=\"heading.default\">\n\t\t\t\t<div class=\"elementor-widget-container\">\n\t\t\t\t\t<h2 class=\"elementor-heading-title elementor-size-default\">PORQUE \u00c9 QUE PRECISAMOS DELE?<\/h2>\t\t\t\t<\/div>\n\t\t\t\t<\/div>\n\t\t\t\t\t<\/div>\n\t\t<\/div>\n\t\t\t\t\t<\/div>\n\t\t<\/section>\n\t\t\t\t<section class=\"elementor-section elementor-top-section elementor-element elementor-element-7fdf312 elementor-section-boxed elementor-section-height-default elementor-section-height-default\" data-id=\"7fdf312\" data-element_type=\"section\">\n\t\t\t\t\t\t<div class=\"elementor-container elementor-column-gap-default\">\n\t\t\t\t\t<div class=\"elementor-column elementor-col-100 elementor-top-column elementor-element elementor-element-0e0fd1e\" data-id=\"0e0fd1e\" data-element_type=\"column\">\n\t\t\t<div class=\"elementor-widget-wrap elementor-element-populated\">\n\t\t\t\t\t\t<div class=\"elementor-element elementor-element-dad2cd5 elementor-widget elementor-widget-text-editor\" data-id=\"dad2cd5\" data-element_type=\"widget\" data-widget_type=\"text-editor.default\">\n\t\t\t\t<div class=\"elementor-widget-container\">\n\t\t\t\t\t\t\t\t\t<p>O pensamento cr\u00edtico \u00e9 um m\u00e9todo que permite formar uma opini\u00e3o pertinente com base no conhecimento. Este princ\u00edpio \u00e9, portanto, essencial para a autonomia intelectual. Permite-nos ter convic\u00e7\u00f5es s\u00f3lidas, ser eficazes, manter o nosso empenho, compreender estrat\u00e9gias e exprimir uma opini\u00e3o. Permite-nos tamb\u00e9m desenvolver um pensamento coerente e, por conseguinte, propor an\u00e1lises pertinentes, o que nos ajuda a p\u00f4r em pr\u00e1tica meios de luta funcionais.   <\/p>\t\t\t\t\t\t\t\t<\/div>\n\t\t\t\t<\/div>\n\t\t\t\t\t<\/div>\n\t\t<\/div>\n\t\t\t\t\t<\/div>\n\t\t<\/section>\n\t\t\t\t<section class=\"elementor-section elementor-top-section elementor-element elementor-element-3477edc elementor-section-boxed elementor-section-height-default elementor-section-height-default\" data-id=\"3477edc\" data-element_type=\"section\">\n\t\t\t\t\t\t<div class=\"elementor-container elementor-column-gap-default\">\n\t\t\t\t\t<div class=\"elementor-column elementor-col-100 elementor-top-column elementor-element elementor-element-e74cd61\" data-id=\"e74cd61\" data-element_type=\"column\">\n\t\t\t<div class=\"elementor-widget-wrap elementor-element-populated\">\n\t\t\t\t\t\t<div class=\"elementor-element elementor-element-2f0bcff elementor-widget elementor-widget-heading\" data-id=\"2f0bcff\" data-element_type=\"widget\" data-widget_type=\"heading.default\">\n\t\t\t\t<div class=\"elementor-widget-container\">\n\t\t\t\t\t<h2 class=\"elementor-heading-title elementor-size-default\">COMO \u00c9 QUE FUNCIONA?<\/h2>\t\t\t\t<\/div>\n\t\t\t\t<\/div>\n\t\t\t\t\t<\/div>\n\t\t<\/div>\n\t\t\t\t\t<\/div>\n\t\t<\/section>\n\t\t\t\t<section class=\"elementor-section elementor-top-section elementor-element elementor-element-8537a89 elementor-section-boxed elementor-section-height-default elementor-section-height-default\" data-id=\"8537a89\" data-element_type=\"section\">\n\t\t\t\t\t\t<div class=\"elementor-container elementor-column-gap-default\">\n\t\t\t\t\t<div class=\"elementor-column elementor-col-100 elementor-top-column elementor-element elementor-element-dc2bd8e\" data-id=\"dc2bd8e\" data-element_type=\"column\">\n\t\t\t<div class=\"elementor-widget-wrap elementor-element-populated\">\n\t\t\t\t\t\t<div class=\"elementor-element elementor-element-b91c2bc elementor-widget elementor-widget-text-editor\" data-id=\"b91c2bc\" data-element_type=\"widget\" data-widget_type=\"text-editor.default\">\n\t\t\t\t<div class=\"elementor-widget-container\">\n\t\t\t\t\t\t\t\t\t<p>O desejo de fazer as coisas com a maior exatid\u00e3o poss\u00edvel \u00e9 essencial. Para o conseguir, \u00e9 necess\u00e1rio compreender a import\u00e2ncia de ter uma compreens\u00e3o da realidade o mais fi\u00e1vel poss\u00edvel. O pensamento cr\u00edtico come\u00e7a, portanto, com um m\u00e9todo funcional de aquisi\u00e7\u00e3o de conhecimentos. Atualmente, o m\u00e9todo cient\u00edfico parece ser o melhor: hip\u00f3tese \/ protocolo \/ experimenta\u00e7\u00e3o \/ meta-estudos. Podemos utilizar este princ\u00edpio nas nossas pr\u00f3prias an\u00e1lises.    <\/p>\t\t\t\t\t\t\t\t<\/div>\n\t\t\t\t<\/div>\n\t\t\t\t\t<\/div>\n\t\t<\/div>\n\t\t\t\t\t<\/div>\n\t\t<\/section>\n\t\t\t\t<section class=\"elementor-section elementor-top-section elementor-element elementor-element-fbe4ff3 elementor-section-boxed elementor-section-height-default elementor-section-height-default\" data-id=\"fbe4ff3\" data-element_type=\"section\">\n\t\t\t\t\t\t<div class=\"elementor-container elementor-column-gap-default\">\n\t\t\t\t\t<div class=\"elementor-column elementor-col-100 elementor-top-column elementor-element elementor-element-5ffc0c3\" data-id=\"5ffc0c3\" data-element_type=\"column\">\n\t\t\t<div class=\"elementor-widget-wrap elementor-element-populated\">\n\t\t\t\t\t\t<div class=\"elementor-element elementor-element-f93960b elementor-widget elementor-widget-heading\" data-id=\"f93960b\" data-element_type=\"widget\" data-widget_type=\"heading.default\">\n\t\t\t\t<div class=\"elementor-widget-container\">\n\t\t\t\t\t<h2 class=\"elementor-heading-title elementor-size-default\">A VERIFICA\u00c7\u00c3O DAS INFORMA\u00c7\u00d5ES PODE SER FEITA DA SEGUINTE FORMA:<\/h2>\t\t\t\t<\/div>\n\t\t\t\t<\/div>\n\t\t\t\t<div class=\"elementor-element elementor-element-c1e39cc elementor-widget elementor-widget-text-editor\" data-id=\"c1e39cc\" data-element_type=\"widget\" data-widget_type=\"text-editor.default\">\n\t\t\t\t<div class=\"elementor-widget-container\">\n\t\t\t\t\t\t\t\t\t<ul><li>[QUI]  Autor da informa\u00e7\u00e3o, protagonistas encenados. Por quem, para quem, contra quem? <\/li><li>[QUOI]  Natureza e carater\u00edsticas da informa\u00e7\u00e3o.<\/li><li>[O\u00d9]  Nacionalidade, origem, fonte de informa\u00e7\u00e3o.<\/li><li>[QUAND]  Cronologia da informa\u00e7\u00e3o, liga\u00e7\u00f5es causais. Detecta anacronismos. <\/li><li>[COMMENT]  Como \u00e9 que a informa\u00e7\u00e3o \u00e9 difundida. Meios utilizados (afirma\u00e7\u00f5es, argumentos, pol\u00e9micas, etc.), todos os m\u00e9todos utilizados para chegar ao p\u00fablico. As contradi\u00e7\u00f5es podem ser descobertas.  <\/li><li>[POURQUOI]  Motiva\u00e7\u00f5es do autor da informa\u00e7\u00e3o (altru\u00edsmo, humanismo, manipula\u00e7\u00e3o, propaganda ideol\u00f3gica, proselitismo, marketing ou publicidade lucrativa, necessidade de reconhecimento social, etc.).<\/li><\/ul>\t\t\t\t\t\t\t\t<\/div>\n\t\t\t\t<\/div>\n\t\t\t\t<div class=\"elementor-element elementor-element-9a317b4 elementor-widget elementor-widget-text-editor\" data-id=\"9a317b4\" data-element_type=\"widget\" data-widget_type=\"text-editor.default\">\n\t\t\t\t<div class=\"elementor-widget-container\">\n\t\t\t\t\t\t\t\t\t<p>A etapa seguinte consiste em estabelecer as premissas (as proposi\u00e7\u00f5es em que se baseiam as conclus\u00f5es), definir os termos, identificar as quest\u00f5es e definir o problema. A etapa seguinte consiste em verificar a l\u00f3gica das proposi\u00e7\u00f5es, identificando poss\u00edveis enviesamentos cognitivos (desvios do pensamento l\u00f3gico e racional em rela\u00e7\u00e3o \u00e0 realidade) e paralogismos (erros l\u00f3gicos) para garantir que a liga\u00e7\u00e3o entre as premissas e a conclus\u00e3o \u00e9 pertinente. <\/p><p>Se n\u00e3o h\u00e1 raz\u00e3o para pensar algo, \u00e9 melhor suspender o ju\u00edzo. Por outras palavras, duvida. Conhecer os vieses cognitivos de que todos somos v\u00edtimas, bem como os sofismas e paralogismos, e interessar-se pela l\u00f3gica formal s\u00e3o atitudes que te podem ajudar a desenvolver um esp\u00edrito cr\u00edtico, tanto para melhorar a qualidade do teu pr\u00f3prio pensamento como para medir a qualidade do pensamento dos outros.  <\/p><p>O esp\u00edrito cr\u00edtico funciona melhor em contextos onde as pessoas est\u00e3o abertas ao questionamento, s\u00e3o humildes e pedag\u00f3gicas. Por outras palavras: benevolentes. [&gt;&gt;&gt; Ver a FICHA DE INFORMA\u00c7\u00c3O <a href=\"https:\/\/veganoptioncanada.org\/la-bienveillance\/\">&#8220;Benevol\u00eancia<\/a>&#8221; ]<\/p>\t\t\t\t\t\t\t\t<\/div>\n\t\t\t\t<\/div>\n\t\t\t\t\t<\/div>\n\t\t<\/div>\n\t\t\t\t\t<\/div>\n\t\t<\/section>\n\t\t\t\t<section class=\"elementor-section elementor-top-section elementor-element elementor-element-7af923e8 elementor-section-boxed elementor-section-height-default elementor-section-height-default\" data-id=\"7af923e8\" data-element_type=\"section\">\n\t\t\t\t\t\t<div class=\"elementor-container elementor-column-gap-default\">\n\t\t\t\t\t<div class=\"elementor-column elementor-col-100 elementor-top-column elementor-element elementor-element-2b871378\" data-id=\"2b871378\" data-element_type=\"column\">\n\t\t\t<div class=\"elementor-widget-wrap elementor-element-populated\">\n\t\t\t\t\t\t<div class=\"elementor-element elementor-element-168598c0 elementor-widget-divider--view-line elementor-widget elementor-widget-divider\" data-id=\"168598c0\" data-element_type=\"widget\" data-widget_type=\"divider.default\">\n\t\t\t\t<div class=\"elementor-widget-container\">\n\t\t\t\t\t\t\t<div class=\"elementor-divider\">\n\t\t\t<span class=\"elementor-divider-separator\">\n\t\t\t\t\t\t<\/span>\n\t\t<\/div>\n\t\t\t\t\t\t<\/div>\n\t\t\t\t<\/div>\n\t\t\t\t<div class=\"elementor-element elementor-element-68294642 elementor-widget elementor-widget-author-box\" data-id=\"68294642\" data-element_type=\"widget\" data-widget_type=\"author-box.default\">\n\t\t\t\t<div class=\"elementor-widget-container\">\n\t\t\t\t\t\t\t<div class=\"elementor-author-box\">\n\t\t\t\t\t\t\t<a href=\"https:\/\/projet-meduses.com\/\" class=\"elementor-author-box__avatar\">\n\t\t\t\t\t<img decoding=\"async\" src=\"https:\/\/veganoptioncanada.ca\/wp-content\/uploads\/2020\/09\/cropped-logoweb-150x150-1.png\" alt=\"Picture of Cr\u00e9dito: PROJET M\u00c9DUSES\" loading=\"lazy\">\n\t\t\t\t<\/a>\n\t\t\t\n\t\t\t<div class=\"elementor-author-box__text\">\n\t\t\t\t\t\t\t\t\t<a href=\"https:\/\/projet-meduses.com\/\">\n\t\t\t\t\t\t<h4 class=\"elementor-author-box__name\">\n\t\t\t\t\t\t\tCr\u00e9dito: PROJET M\u00c9DUSES\t\t\t\t\t\t<\/h4>\n\t\t\t\t\t<\/a>\n\t\t\t\t\n\t\t\t\t\t\t\t\t\t<div class=\"elementor-author-box__bio\">\n\t\t\t\t\t\t<p>Este conte\u00fado foi originalmente criado pelos nossos parceiros do Projeto Meduse, reproduzido aqui com a sua autoriza\u00e7\u00e3o e adotado pelo coletivo Option V\u00e9gane Canada.<\/p>\n\t\t\t\t\t<\/div>\n\t\t\t\t\n\t\t\t\t\t\t\t<\/div>\n\t\t<\/div>\n\t\t\t\t\t\t<\/div>\n\t\t\t\t<\/div>\n\t\t\t\t\t<\/div>\n\t\t<\/div>\n\t\t\t\t\t<\/div>\n\t\t<\/section>\n\t\t\t\t<\/div>\n\t\t","protected":false},"excerpt":{"rendered":"<p>DEFINI\u00c7\u00c3O O pensamento cr\u00edtico \u00e9 um processo que consiste em questionar as opini\u00f5es, os valores e os seus argumentos, o vocabul\u00e1rio utilizado e a representa\u00e7\u00e3o da realidade (teoria, etc.). A ideia \u00e9 questionar a qualidade intr\u00ednseca de uma informa\u00e7\u00e3o (forma l\u00f3gica, ret\u00f3rica, riqueza documental, resist\u00eancia aos factos, etc.), a fonte (fiabilidade ou autoridade de quem [&hellip;]<\/p>\n","protected":false},"author":2,"featured_media":0,"parent":0,"menu_order":0,"comment_status":"closed","ping_status":"closed","template":"","meta":{"footnotes":""},"class_list":["post-4442","page","type-page","status-publish","hentry"],"yoast_head":"<!-- This site is optimized with the Yoast SEO plugin v26.9 - https:\/\/yoast.com\/product\/yoast-seo-wordpress\/ -->\n<title>PENSAMENTO CR\u00cdTICO - Op\u00e7\u00e3o Vegana Canad\u00e1<\/title>\n<meta name=\"robots\" content=\"index, follow, max-snippet:-1, max-image-preview:large, max-video-preview:-1\" \/>\n<link rel=\"canonical\" href=\"https:\/\/veganoptioncanada.ca\/pt-pt\/pensamento-critico\/\" \/>\n<meta property=\"og:locale\" content=\"pt_PT\" \/>\n<meta property=\"og:type\" content=\"article\" \/>\n<meta property=\"og:title\" content=\"PENSAMENTO CR\u00cdTICO - Op\u00e7\u00e3o Vegana Canad\u00e1\" \/>\n<meta property=\"og:description\" content=\"DEFINI\u00c7\u00c3O O pensamento cr\u00edtico \u00e9 um processo que consiste em questionar as opini\u00f5es, os valores e os seus argumentos, o vocabul\u00e1rio utilizado e a representa\u00e7\u00e3o da realidade (teoria, etc.). A ideia \u00e9 questionar a qualidade intr\u00ednseca de uma informa\u00e7\u00e3o (forma l\u00f3gica, ret\u00f3rica, riqueza documental, resist\u00eancia aos factos, etc.), a fonte (fiabilidade ou autoridade de quem [&hellip;]\" \/>\n<meta property=\"og:url\" content=\"https:\/\/veganoptioncanada.ca\/pt-pt\/pensamento-critico\/\" \/>\n<meta property=\"og:site_name\" content=\"Op\u00e7\u00e3o Vegana Canad\u00e1\" \/>\n<meta property=\"article:publisher\" content=\"https:\/\/www.facebook.com\/VOOVCanada\/\" \/>\n<meta property=\"article:modified_time\" content=\"2025-03-30T03:17:11+00:00\" \/>\n<meta property=\"og:image\" content=\"https:\/\/veganoptioncanada.ca\/wp-content\/uploads\/2020\/09\/door.png\" \/>\n<meta name=\"twitter:card\" content=\"summary_large_image\" \/>\n<meta name=\"twitter:site\" content=\"@CanadaVegan\" \/>\n<meta name=\"twitter:label1\" content=\"Tempo estimado de leitura\" \/>\n\t<meta name=\"twitter:data1\" content=\"3 minutos\" \/>\n<script type=\"application\/ld+json\" class=\"yoast-schema-graph\">{\"@context\":\"https:\/\/schema.org\",\"@graph\":[{\"@type\":\"WebPage\",\"@id\":\"https:\/\/veganoptioncanada.ca\/pt-pt\/pensamento-critico\/\",\"url\":\"https:\/\/veganoptioncanada.ca\/pt-pt\/pensamento-critico\/\",\"name\":\"PENSAMENTO CR\u00cdTICO - Op\u00e7\u00e3o Vegana Canad\u00e1\",\"isPartOf\":{\"@id\":\"http:\/\/veganoptioncanada.ca\/pt-pt\/#website\"},\"primaryImageOfPage\":{\"@id\":\"https:\/\/veganoptioncanada.ca\/pt-pt\/pensamento-critico\/#primaryimage\"},\"image\":{\"@id\":\"https:\/\/veganoptioncanada.ca\/pt-pt\/pensamento-critico\/#primaryimage\"},\"thumbnailUrl\":\"https:\/\/veganoptioncanada.ca\/wp-content\/uploads\/2020\/09\/door.png\",\"datePublished\":\"2020-09-28T17:59:46+00:00\",\"dateModified\":\"2025-03-30T03:17:11+00:00\",\"breadcrumb\":{\"@id\":\"https:\/\/veganoptioncanada.ca\/pt-pt\/pensamento-critico\/#breadcrumb\"},\"inLanguage\":\"pt-PT\",\"potentialAction\":[{\"@type\":\"ReadAction\",\"target\":[\"https:\/\/veganoptioncanada.ca\/pt-pt\/pensamento-critico\/\"]}]},{\"@type\":\"ImageObject\",\"inLanguage\":\"pt-PT\",\"@id\":\"https:\/\/veganoptioncanada.ca\/pt-pt\/pensamento-critico\/#primaryimage\",\"url\":\"https:\/\/veganoptioncanada.ca\/wp-content\/uploads\/2020\/09\/door.png\",\"contentUrl\":\"https:\/\/veganoptioncanada.ca\/wp-content\/uploads\/2020\/09\/door.png\"},{\"@type\":\"BreadcrumbList\",\"@id\":\"https:\/\/veganoptioncanada.ca\/pt-pt\/pensamento-critico\/#breadcrumb\",\"itemListElement\":[{\"@type\":\"ListItem\",\"position\":1,\"name\":\"Home\",\"item\":\"https:\/\/veganoptioncanada.ca\/pt-pt\/\"},{\"@type\":\"ListItem\",\"position\":2,\"name\":\"PENSAMENTO CR\u00cdTICO\"}]},{\"@type\":\"WebSite\",\"@id\":\"http:\/\/veganoptioncanada.ca\/pt-pt\/#website\",\"url\":\"http:\/\/veganoptioncanada.ca\/pt-pt\/\",\"name\":\"Vegan Option Canada - Option V\u00e9gane Canada\",\"description\":\"\",\"publisher\":{\"@id\":\"http:\/\/veganoptioncanada.ca\/pt-pt\/#organization\"},\"potentialAction\":[{\"@type\":\"SearchAction\",\"target\":{\"@type\":\"EntryPoint\",\"urlTemplate\":\"http:\/\/veganoptioncanada.ca\/pt-pt\/?s={search_term_string}\"},\"query-input\":{\"@type\":\"PropertyValueSpecification\",\"valueRequired\":true,\"valueName\":\"search_term_string\"}}],\"inLanguage\":\"pt-PT\"},{\"@type\":\"Organization\",\"@id\":\"http:\/\/veganoptioncanada.ca\/pt-pt\/#organization\",\"name\":\"Vegan Option Canada\",\"url\":\"http:\/\/veganoptioncanada.ca\/pt-pt\/\",\"logo\":{\"@type\":\"ImageObject\",\"inLanguage\":\"pt-PT\",\"@id\":\"http:\/\/veganoptioncanada.ca\/pt-pt\/#\/schema\/logo\/image\/\",\"url\":\"http:\/\/veganoptioncanada.ca\/wp-content\/uploads\/2021\/04\/Logo_OVC_transparent_web.png\",\"contentUrl\":\"http:\/\/veganoptioncanada.ca\/wp-content\/uploads\/2021\/04\/Logo_OVC_transparent_web.png\",\"width\":200,\"height\":200,\"caption\":\"Vegan Option Canada\"},\"image\":{\"@id\":\"http:\/\/veganoptioncanada.ca\/pt-pt\/#\/schema\/logo\/image\/\"},\"sameAs\":[\"https:\/\/www.facebook.com\/VOOVCanada\/\",\"https:\/\/x.com\/CanadaVegan\",\"https:\/\/instagram.com\/veganoptioncanada\/\",\"https:\/\/www.youtube.com\/channel\/UCDVCrc0eUMbWkdRwsUQi4Hw\"]}]}<\/script>\n<!-- \/ Yoast SEO plugin. -->","yoast_head_json":{"title":"PENSAMENTO CR\u00cdTICO - Op\u00e7\u00e3o Vegana Canad\u00e1","robots":{"index":"index","follow":"follow","max-snippet":"max-snippet:-1","max-image-preview":"max-image-preview:large","max-video-preview":"max-video-preview:-1"},"canonical":"https:\/\/veganoptioncanada.ca\/pt-pt\/pensamento-critico\/","og_locale":"pt_PT","og_type":"article","og_title":"PENSAMENTO CR\u00cdTICO - Op\u00e7\u00e3o Vegana Canad\u00e1","og_description":"DEFINI\u00c7\u00c3O O pensamento cr\u00edtico \u00e9 um processo que consiste em questionar as opini\u00f5es, os valores e os seus argumentos, o vocabul\u00e1rio utilizado e a representa\u00e7\u00e3o da realidade (teoria, etc.). A ideia \u00e9 questionar a qualidade intr\u00ednseca de uma informa\u00e7\u00e3o (forma l\u00f3gica, ret\u00f3rica, riqueza documental, resist\u00eancia aos factos, etc.), a fonte (fiabilidade ou autoridade de quem [&hellip;]","og_url":"https:\/\/veganoptioncanada.ca\/pt-pt\/pensamento-critico\/","og_site_name":"Op\u00e7\u00e3o Vegana Canad\u00e1","article_publisher":"https:\/\/www.facebook.com\/VOOVCanada\/","article_modified_time":"2025-03-30T03:17:11+00:00","og_image":[{"url":"https:\/\/veganoptioncanada.ca\/wp-content\/uploads\/2020\/09\/door.png","type":"","width":"","height":""}],"twitter_card":"summary_large_image","twitter_site":"@CanadaVegan","twitter_misc":{"Tempo estimado de leitura":"3 minutos"},"schema":{"@context":"https:\/\/schema.org","@graph":[{"@type":"WebPage","@id":"https:\/\/veganoptioncanada.ca\/pt-pt\/pensamento-critico\/","url":"https:\/\/veganoptioncanada.ca\/pt-pt\/pensamento-critico\/","name":"PENSAMENTO CR\u00cdTICO - Op\u00e7\u00e3o Vegana Canad\u00e1","isPartOf":{"@id":"http:\/\/veganoptioncanada.ca\/pt-pt\/#website"},"primaryImageOfPage":{"@id":"https:\/\/veganoptioncanada.ca\/pt-pt\/pensamento-critico\/#primaryimage"},"image":{"@id":"https:\/\/veganoptioncanada.ca\/pt-pt\/pensamento-critico\/#primaryimage"},"thumbnailUrl":"https:\/\/veganoptioncanada.ca\/wp-content\/uploads\/2020\/09\/door.png","datePublished":"2020-09-28T17:59:46+00:00","dateModified":"2025-03-30T03:17:11+00:00","breadcrumb":{"@id":"https:\/\/veganoptioncanada.ca\/pt-pt\/pensamento-critico\/#breadcrumb"},"inLanguage":"pt-PT","potentialAction":[{"@type":"ReadAction","target":["https:\/\/veganoptioncanada.ca\/pt-pt\/pensamento-critico\/"]}]},{"@type":"ImageObject","inLanguage":"pt-PT","@id":"https:\/\/veganoptioncanada.ca\/pt-pt\/pensamento-critico\/#primaryimage","url":"https:\/\/veganoptioncanada.ca\/wp-content\/uploads\/2020\/09\/door.png","contentUrl":"https:\/\/veganoptioncanada.ca\/wp-content\/uploads\/2020\/09\/door.png"},{"@type":"BreadcrumbList","@id":"https:\/\/veganoptioncanada.ca\/pt-pt\/pensamento-critico\/#breadcrumb","itemListElement":[{"@type":"ListItem","position":1,"name":"Home","item":"https:\/\/veganoptioncanada.ca\/pt-pt\/"},{"@type":"ListItem","position":2,"name":"PENSAMENTO CR\u00cdTICO"}]},{"@type":"WebSite","@id":"http:\/\/veganoptioncanada.ca\/pt-pt\/#website","url":"http:\/\/veganoptioncanada.ca\/pt-pt\/","name":"Vegan Option Canada - Option V\u00e9gane Canada","description":"","publisher":{"@id":"http:\/\/veganoptioncanada.ca\/pt-pt\/#organization"},"potentialAction":[{"@type":"SearchAction","target":{"@type":"EntryPoint","urlTemplate":"http:\/\/veganoptioncanada.ca\/pt-pt\/?s={search_term_string}"},"query-input":{"@type":"PropertyValueSpecification","valueRequired":true,"valueName":"search_term_string"}}],"inLanguage":"pt-PT"},{"@type":"Organization","@id":"http:\/\/veganoptioncanada.ca\/pt-pt\/#organization","name":"Vegan Option Canada","url":"http:\/\/veganoptioncanada.ca\/pt-pt\/","logo":{"@type":"ImageObject","inLanguage":"pt-PT","@id":"http:\/\/veganoptioncanada.ca\/pt-pt\/#\/schema\/logo\/image\/","url":"http:\/\/veganoptioncanada.ca\/wp-content\/uploads\/2021\/04\/Logo_OVC_transparent_web.png","contentUrl":"http:\/\/veganoptioncanada.ca\/wp-content\/uploads\/2021\/04\/Logo_OVC_transparent_web.png","width":200,"height":200,"caption":"Vegan Option Canada"},"image":{"@id":"http:\/\/veganoptioncanada.ca\/pt-pt\/#\/schema\/logo\/image\/"},"sameAs":["https:\/\/www.facebook.com\/VOOVCanada\/","https:\/\/x.com\/CanadaVegan","https:\/\/instagram.com\/veganoptioncanada\/","https:\/\/www.youtube.com\/channel\/UCDVCrc0eUMbWkdRwsUQi4Hw"]}]}},"_links":{"self":[{"href":"https:\/\/veganoptioncanada.ca\/pt-pt\/wp-json\/wp\/v2\/pages\/4442","targetHints":{"allow":["GET"]}}],"collection":[{"href":"https:\/\/veganoptioncanada.ca\/pt-pt\/wp-json\/wp\/v2\/pages"}],"about":[{"href":"https:\/\/veganoptioncanada.ca\/pt-pt\/wp-json\/wp\/v2\/types\/page"}],"author":[{"embeddable":true,"href":"https:\/\/veganoptioncanada.ca\/pt-pt\/wp-json\/wp\/v2\/users\/2"}],"replies":[{"embeddable":true,"href":"https:\/\/veganoptioncanada.ca\/pt-pt\/wp-json\/wp\/v2\/comments?post=4442"}],"version-history":[{"count":1,"href":"https:\/\/veganoptioncanada.ca\/pt-pt\/wp-json\/wp\/v2\/pages\/4442\/revisions"}],"predecessor-version":[{"id":4445,"href":"https:\/\/veganoptioncanada.ca\/pt-pt\/wp-json\/wp\/v2\/pages\/4442\/revisions\/4445"}],"wp:attachment":[{"href":"https:\/\/veganoptioncanada.ca\/pt-pt\/wp-json\/wp\/v2\/media?parent=4442"}],"curies":[{"name":"wp","href":"https:\/\/api.w.org\/{rel}","templated":true}]}}